{"id":4346,"date":"2024-05-23T11:02:01","date_gmt":"2024-05-23T11:02:01","guid":{"rendered":"https:\/\/lea-festival.com\/?page_id=4346"},"modified":"2025-04-28T11:48:29","modified_gmt":"2025-04-28T11:48:29","slug":"program-2024","status":"publish","type":"page","link":"https:\/\/lea-festival.com\/es\/program-2024\/","title":{"rendered":"Program 2024"},"content":{"rendered":"<div class=\"wpb-content-wrapper\"><div class=\"vc_row wpb_row vc_row-fluid\"><div class=\"wpb_column vc_column_container vc_col-sm-12\"><div class=\"vc_column-inner\"><div class=\"wpb_wrapper\"><div id=\"genesisexpo_button_69f0d8c05ff1d\" class=\"genesisexpo_module_button wgl_button wgl_button-xl wgl_button-inline wgl_button-icon_right acenter\">\n\t<a href=\"https:\/\/drive.google.com\/file\/d\/1ymTSU5M4GcTayIiYSR7V1PMRnGePj8Dq\/view\" target=\"_blank\" style=\"border-radius:50px; border-width:1px; font-family:Montserrat Alternates;font-weight:700;font-style:normal\" >Descarga el programa<i class=\"wgl_button-icon fas fa-cloud-download-alt\" ><\/i><\/a>\n<\/div>\n    \n<\/div><\/div><\/div><\/div><div class=\"vc_row wpb_row vc_row-fluid vc_custom_1539676182021\"><div class=\"wpb_column vc_column_container vc_col-sm-12\"><div class=\"vc_column-inner\"><div class=\"wpb_wrapper\"><div class=\"vc_separator wpb_content_element vc_separator_align_center vc_sep_width_100 vc_sep_pos_align_center vc_separator_no_text vc_sep_color_grey wpb_content_element  wpb_content_element\" ><span class=\"vc_sep_holder vc_sep_holder_l\"><span class=\"vc_sep_line\"><\/span><\/span><span class=\"vc_sep_holder vc_sep_holder_r\"><span class=\"vc_sep_line\"><\/span><\/span>\n<\/div><div class=\"wgl_timetabs\"><div class=\"timetabs_headings\"><div class=\"wgl_tab\" data-tab-id=\"tab-1684847303308-04ba2be4-a89b\"><div class=\"tab_title\">17.06<\/div><div class=\"tab_subtitle\">Lunes 17 de junio<\/div><\/div><div class=\"wgl_tab\" data-tab-id=\"tab-1684847904139-cc5e996b-29ae\"><div class=\"tab_title\">18.06<\/div><div class=\"tab_subtitle\">Martes 18 de junio<\/div><\/div><div class=\"wgl_tab\" data-tab-id=\"tab-1684918493551-495b5903-83d1\"><div class=\"tab_title\">19.06<\/div><div class=\"tab_subtitle\">Mi\u00e9rcoles 19 de junio<\/div><\/div><div class=\"wgl_tab\" data-tab-id=\"tab-1684919554035-cbfd05e0-ef5b\"><div class=\"tab_title\">20.06<\/div><div class=\"tab_subtitle\">Jueves 20 de junio<\/div><\/div><div class=\"wgl_tab\" data-tab-id=\"tab-1684920239524-fa518bb3-69b5\"><div class=\"tab_title\">21.06<\/div><div class=\"tab_subtitle\">Viernes 21 de junio<\/div><\/div><div class=\"wgl_tab\" data-tab-id=\"tab-1717007070848-c3b42508-f965\"><div class=\"tab_title\">22.06<\/div><div class=\"tab_subtitle\">S\u00e1bado 22 de junio<\/div><\/div><div class=\"wgl_tab\" data-tab-id=\"tab-1716461998993-e6e39ec8-3e73\"><div class=\"tab_title\">25.06<\/div><div class=\"tab_subtitle\">Martes 25 de junio<\/div><\/div><div class=\"wgl_tab\" data-tab-id=\"tab-1716462014683-4bbefe54-0747\"><div class=\"tab_title\">26.06<\/div><div class=\"tab_subtitle\">Mi\u00e9rcoles 26 de junio<\/div><\/div><div class=\"wgl_tab\" data-tab-id=\"tab-1716462034775-a6c71e2e-88e3\"><div class=\"tab_title\">27.06<\/div><div class=\"tab_subtitle\">Jueves 27 de junio<\/div><\/div><div class=\"wgl_tab\" data-tab-id=\"tab-1716462050578-319e08ee-171a\"><div class=\"tab_title\">28.06<\/div><div class=\"tab_subtitle\">Viernes 28 de junio<\/div><\/div><div class=\"wgl_tab\" data-tab-id=\"tab-1718038858374-196dfff1-3d2c\"><div class=\"tab_title\">29.06<\/div><div class=\"tab_subtitle\">\u03a3\u03ac\u03b2\u03b2\u03b1\u03c4\u03bf 29 \u0399\u03bf\u03c5\u03bd\u03af\u03bf\u03c5<\/div><\/div><\/div><div class=\"timetabs_data\"><div class=\"timetab_container\" data-tab-id=\"tab-1684847303308-04ba2be4-a89b\"><div class=\"timetabs_item\"><div class=\"item_time\">19:00<\/div><div class=\"item_img\"><img loading=\"lazy\" decoding=\"async\" src=\"https:\/\/lea-festival.com\/wp-content\/uploads\/2024\/05\/17.06_actoOficial-268x268.jpg\" alt=\"\" width=\"134\" height=\"134\"><\/div><div class=\"content-wrapper\"><div class=\"item_title\">ACTO OFICIAL | Inauguraci\u00f3n del I Sal\u00f3n de Humor LEA<\/div><div class=\"item_description\">Instituto Cervantes de Atenas, Sala de Exposiciones<br \/>\n* En espa\u00f1ol y griego<br \/>\n*Transmisi\u00f3n en vivo en YouTube.<\/div><\/div><div id=\"genesisexpo_button_69f0d8c0616f0\" class=\"genesisexpo_module_button wgl_button wgl_button-m aleft\">\n\t<a href=\"https:\/\/lea-festival.com\/es\/%ce%b5%cf%80%ce%b9%cf%83%ce%b7%ce%bc%ce%b7-%cf%84%ce%b5%ce%bb%ce%b5%cf%84%ce%b7-%ce%b5%ce%b3%ce%ba%ce%b1%ce%af%ce%bd%ce%b9%ce%b1-%cf%84%ce%b7%cf%82-1%ce%b7%cf%82-%ce%ad%ce%ba%ce%b8%ce%b5%cf%83%ce%b7\/\" title='ACTO OFICIAL | Inauguraci\u00f3n del I Sal\u00f3n de Humor LEA' target=\"_blank\" style=\"border-radius:50px; border-width:1px; \" >LEER MAS<\/a>\n<\/div>\n    \n<\/div><\/div><div class=\"timetab_container\" data-tab-id=\"tab-1684847904139-cc5e996b-29ae\"><div class=\"timetabs_item\"><div class=\"item_time\">11:00<\/div><div class=\"item_img\"><img loading=\"lazy\" decoding=\"async\" src=\"https:\/\/lea-festival.com\/wp-content\/uploads\/2024\/05\/18.06_nani_turcios-268x268.jpg\" alt=\"\" width=\"134\" height=\"134\"><\/div><div class=\"content-wrapper\"><div class=\"item_title\">TALLER DE HUMOR GRAFICO | Humor en Cuadros: Taller de Creaci\u00f3n de Humor Gr\u00e1fico<\/div><div class=\"item_description\">Polyglot Bookstore<br \/>\nParticipaci\u00f3n gratuita hasta completar aforo.<br \/>\nEs necesaria la inscripci\u00f3n previa, hasta el 14 de junio del 2024<\/div><\/div><div id=\"genesisexpo_button_69f0d8c061e36\" class=\"genesisexpo_module_button wgl_button wgl_button-m aleft\">\n\t<a href=\"https:\/\/lea-festival.com\/es\/%ce%b5%cf%81%ce%b3%ce%b1%cf%83%cf%84%ce%b7%cf%81%ce%b9-%ce%b3%ce%b5%ce%bb%ce%bf%ce%b9%ce%bf%ce%b3%cf%81%ce%b1%cf%86%ce%b9%ce%b1%cf%83-%cf%84%ce%bf-%cf%87%ce%b9%ce%bf%cf%8d%ce%bc%ce%bf%cf%81-%ce%bc\/\" title='TALLER DE HUMOR GRAFICO | Humor en Cuadros: Taller de Creaci\u00f3n de Humor Gr\u00e1fico' style=\"border-radius:50px; border-width:1px; \" >LEER MAS<\/a>\n<\/div>\n    \n<\/div><div class=\"timetabs_item\"><div class=\"item_time\">17:30<\/div><div class=\"item_img\"><img loading=\"lazy\" decoding=\"async\" src=\"https:\/\/lea-festival.com\/wp-content\/uploads\/2024\/05\/18.06_acto_1-268x268.jpg\" alt=\"\" width=\"134\" height=\"134\"><\/div><div class=\"content-wrapper\"><div class=\"item_title\">ACTO OFICIAL | Apertura del XVI Festival LEA<\/div><div class=\"item_description\">Museo de la Acr\u00f3polis -Anfiteatro Demetrios Pantermal\u00eds<br \/>\n* En espa\u00f1ol y griego<\/div><\/div><div id=\"genesisexpo_button_69f0d8c06243b\" class=\"genesisexpo_module_button wgl_button wgl_button-m aleft\">\n\t<a href=\"https:\/\/lea-festival.com\/es\/%ce%b5%cf%80%ce%b9%cf%83%ce%b7%ce%bc%ce%b7-%cf%84%ce%b5%ce%bb%ce%b5%cf%84%ce%b7-%ce%ad%ce%bd%ce%b1%cf%81%ce%be%ce%b7-%cf%84%ce%bf%cf%85-16%ce%bf%cf%85-%cf%86%ce%b5%cf%83%cf%84%ce%b9%ce%b2%ce%ac\/\" title='ACTO OFICIAL | Apertura del XVI Festival LEA' style=\"border-radius:50px; border-width:1px; \" >LEER MAS<\/a>\n<\/div>\n    \n<\/div><\/div><div class=\"timetab_container\" data-tab-id=\"tab-1684918493551-495b5903-83d1\"><div class=\"timetabs_item\"><div class=\"item_time\">11:00-13:00<\/div><div class=\"item_img\"><img loading=\"lazy\" decoding=\"async\" src=\"https:\/\/lea-festival.com\/wp-content\/uploads\/2024\/05\/19.06_espejo-268x268.jpg\" alt=\"\" width=\"134\" height=\"134\"><\/div><div class=\"content-wrapper\"><div class=\"item_title\">TALLER DE TRADUCCI\u00d3N | Encuentro con el poeta espa\u00f1ol Jos\u00e9 Daniel Espejo<\/div><div class=\"item_description\">Biblioteca Nacional de Grecia \/ Centro Cultural de la Fundaci\u00f3n Stavros \u039diarchos<br \/>\nSe requiere buen conocimiento del griego y el espa\u00f1ol y un m\u00ednimo de experiencia en traducci\u00f3n.<\/div><\/div><div id=\"genesisexpo_button_69f0d8c062bad\" class=\"genesisexpo_module_button wgl_button wgl_button-m aleft\">\n\t<a href=\"https:\/\/lea-festival.com\/es\/%ce%b5%cf%81%ce%b3%ce%b1%cf%83%cf%84%ce%b7%cf%81%ce%b9%ce%bf-%ce%bc%ce%b5%cf%84%ce%b1%cf%86%cf%81%ce%b1%cf%83%ce%b7%cf%83-%cf%83%cf%85%ce%bd%ce%ac%ce%bd%cf%84%ce%b7%cf%83%ce%b7-%ce%bc%ce%b5-%cf%84-4\/\" title='TALLER DE TRADUCCI\u00d3N | Encuentro con el poeta espa\u00f1ol Jos\u00e9 Daniel Espejo' style=\"border-radius:50px; border-width:1px; \" >LEER MAS<\/a>\n<\/div>\n    \n<\/div><div class=\"timetabs_item\"><div class=\"item_time\">17:00<\/div><div class=\"item_img\"><img loading=\"lazy\" decoding=\"async\" src=\"https:\/\/lea-festival.com\/wp-content\/uploads\/2024\/05\/19.06_saldivar-268x268.jpg\" alt=\"\" width=\"134\" height=\"134\"><\/div><div class=\"content-wrapper\"><div class=\"item_title\">CONFERENCIA ILUSTRADA | La vida y la obra de Garc\u00eda M\u00e1rquez, por Dasso Sald\u00edvar<\/div><div class=\"item_description\">Instituto Cervantes de Atenas - Sala de Conferencias<br \/>\n* En espa\u00f1ol y griego<\/div><\/div><div id=\"genesisexpo_button_69f0d8c06319d\" class=\"genesisexpo_module_button wgl_button wgl_button-m aleft\">\n\t<a href=\"https:\/\/lea-festival.com\/es\/%ce%b5%ce%b9%ce%ba%ce%bf%ce%bd%ce%bf%ce%b3%cf%81%ce%b1%cf%86%ce%b7%ce%bc%ce%b5%ce%bd%ce%b7-%ce%b4%ce%b9%ce%b1%ce%bb%ce%b5%ce%be%ce%b7-%ce%b7-%ce%b6%cf%89%ce%ae-%ce%ba%ce%b1%ce%b9-%cf%84%ce%bf-%ce%ad\/\" title='CONFERENCIA ILUSTRADA | La vida y la obra de Garc\u00eda M\u00e1rquez, por Dasso Sald\u00edvar' style=\"border-radius:50px; border-width:1px; \" >LEER MAS<\/a>\n<\/div>\n    \n<\/div><div class=\"timetabs_item\"><div class=\"item_time\">18:00<\/div><div class=\"item_img\"><img loading=\"lazy\" decoding=\"async\" src=\"https:\/\/lea-festival.com\/wp-content\/uploads\/2024\/05\/19.06_nani-1-268x268.jpg\" alt=\"\" width=\"134\" height=\"134\"><\/div><div class=\"content-wrapper\"><div class=\"item_title\">CHARLA | Caricatura e igualdad de g\u00e9nero, de Mafalda a Magola<\/div><div class=\"item_description\">Instituto Cervantes de Atenas - Terraza<br \/>\n* En espa\u00f1ol y griego<\/div><\/div><div id=\"genesisexpo_button_69f0d8c063788\" class=\"genesisexpo_module_button wgl_button wgl_button-m aleft\">\n\t<a href=\"https:\/\/lea-festival.com\/es\/%cf%83%cf%85%ce%b6%ce%b7%cf%84%ce%b7%cf%83%ce%b7-%ce%ba%cf%8c%ce%bc%ce%b9%ce%ba%cf%82-%ce%ba%ce%b1%ce%b9-%ce%b9%cf%83%cf%8c%cf%84%ce%b7%cf%84%ce%b1-%cf%84%cf%89%ce%bd-%cf%86%cf%8d%ce%bb%cf%89%ce%bd\/\" title='CHARLA | Caricatura e igualdad de g\u00e9nero, de Mafalda a Magola' style=\"border-radius:50px; border-width:1px; \" >LEER MAS<\/a>\n<\/div>\n    \n<\/div><div class=\"timetabs_item\"><div class=\"item_time\">19:00<\/div><div class=\"item_img\"><img loading=\"lazy\" decoding=\"async\" src=\"https:\/\/lea-festival.com\/wp-content\/uploads\/2024\/05\/19.06_montero-268x268.jpg\" alt=\"\" width=\"134\" height=\"134\"><\/div><div class=\"content-wrapper\"><div class=\"item_title\">CHARLA Y PRESENTACI\u00d3N DE LIBRO | \u201cLa muerte viene estilando\u201d de Andr\u00e9s Montero en traducci\u00f3n de Mar\u00eda Paleologu<\/div><div class=\"item_description\">Instituto Cervantes de Atenas - Terraza<br \/>\n* En espa\u00f1ol y griego<\/div><\/div><div id=\"genesisexpo_button_69f0d8c063d73\" class=\"genesisexpo_module_button wgl_button wgl_button-m aleft\">\n\t<a href=\"https:\/\/lea-festival.com\/es\/%cf%83%cf%85%ce%b6%ce%b7%cf%84%ce%b7%cf%83%ce%b7-%ce%ba%ce%b1%ce%b9-%cf%80%ce%b1%cf%81%ce%bf%cf%85%cf%83%ce%b9%ce%b1%cf%83%ce%b7-%ce%b2%ce%b9%ce%b2%ce%bb%ce%b9%ce%bf%cf%85-%ce%bf-%ce%b8%ce%ac%ce%bd\/\" title='CHARLA Y PRESENTACI\u00d3N DE LIBRO | \u201cLa muerte viene estilando\u201d de Andr\u00e9s Montero en traducci\u00f3n de Mar\u00eda Paleologu' style=\"border-radius:50px; border-width:1px; \" >LEER MAS<\/a>\n<\/div>\n    \n<\/div><div class=\"timetabs_item\"><div class=\"item_time\">20:00<\/div><div class=\"item_img\"><img loading=\"lazy\" decoding=\"async\" src=\"https:\/\/lea-festival.com\/wp-content\/uploads\/2024\/05\/19.06_villoro-268x268.jpg\" alt=\"\" width=\"134\" height=\"134\"><\/div><div class=\"content-wrapper\"><div class=\"item_title\">CHARLA Y PRESENTACI\u00d3N DE LIBRO | \u201cEl libro salvaje\u201d de Juan Villoro en traducci\u00f3n de Cristina Filimonos<\/div><div class=\"item_description\">Instituto Cervantes de Atenas - Terraza<br \/>\n* En espa\u00f1ol y griego<\/div><\/div><div id=\"genesisexpo_button_69f0d8c06435b\" class=\"genesisexpo_module_button wgl_button wgl_button-m aleft\">\n\t<a href=\"https:\/\/lea-festival.com\/es\/%cf%83%cf%85%ce%b6%ce%b7%cf%84%ce%b7%cf%83%ce%b7-%ce%ba%ce%b1%ce%b9-%cf%80%ce%b1%cf%81%ce%bf%cf%85%cf%83%ce%b9%ce%b1%cf%83%ce%b7-%ce%b2%ce%b9%ce%b2%ce%bb%ce%b9%ce%bf%cf%85-%cf%84%ce%bf-%ce%ac%ce%b3\/\" title='CHARLA Y PRESENTACI\u00d3N DE LIBRO | \u201cEl libro salvaje\u201d de Juan Villoro en traducci\u00f3n de Cristina Filimonos' style=\"border-radius:50px; border-width:1px; \" >LEER MAS<\/a>\n<\/div>\n    \n<\/div><div class=\"timetabs_item\"><div class=\"item_time\">21:00<\/div><div class=\"item_img\"><img loading=\"lazy\" decoding=\"async\" src=\"https:\/\/lea-festival.com\/wp-content\/uploads\/2024\/05\/19.06_gioconda-268x268.jpg\" alt=\"\" width=\"134\" height=\"134\"><\/div><div class=\"content-wrapper\"><div class=\"item_title\">CHARLA| La escritura como herramienta para la reflexi\u00f3n y la transformaci\u00f3n social con Gioconda Belli<\/div><div class=\"item_description\">Instituto Cervantes de Atenas - Terraza<br \/>\n* En espa\u00f1ol y griego<\/div><\/div><div id=\"genesisexpo_button_69f0d8c064941\" class=\"genesisexpo_module_button wgl_button wgl_button-m aleft\">\n\t<a href=\"https:\/\/lea-festival.com\/es\/%cf%83%cf%85%ce%b6%ce%b7%cf%84%ce%b7%cf%83%ce%b7-%ce%b7-%ce%b3%cf%81%ce%b1%cf%86%ce%ae-%cf%89%cf%82-%ce%b5%cf%81%ce%b3%ce%b1%ce%bb%ce%b5%ce%af%ce%bf-%cf%80%cf%81%ce%bf%ce%b2%ce%bb%ce%b7%ce%bc%ce%b1\/\" title='CHARLA| La escritura como herramienta para la reflexi\u00f3n y la transformaci\u00f3n social con Gioconda Belli' style=\"border-radius:50px; border-width:1px; \" >LEER MAS<\/a>\n<\/div>\n    \n<\/div><\/div><div class=\"timetab_container\" data-tab-id=\"tab-1684919554035-cbfd05e0-ef5b\"><div class=\"timetabs_item\"><div class=\"item_time\">11:00-14:00<\/div><div class=\"item_img\"><img loading=\"lazy\" decoding=\"async\" src=\"https:\/\/lea-festival.com\/wp-content\/uploads\/2024\/05\/20.06_gioconda-268x268.jpg\" alt=\"\" width=\"134\" height=\"134\"><\/div><div class=\"content-wrapper\"><div class=\"item_title\">TALLER DE TRADUCCI\u00d3N | Encuentro con la poeta nicarag\u00fcense Gioconda Belli<\/div><div class=\"item_description\">Biblioteca Nacional de Grecia \/ Centro Cultural de la Fundaci\u00f3n Stavros \u039diarchos<br \/>\nSe requiere buen conocimiento del griego y el espa\u00f1ol y un m\u00ednimo de experiencia en traducci\u00f3n.<\/div><\/div><div id=\"genesisexpo_button_69f0d8c065065\" class=\"genesisexpo_module_button wgl_button wgl_button-m aleft\">\n\t<a href=\"https:\/\/lea-festival.com\/es\/%ce%b5%cf%81%ce%b3%ce%b1%cf%83%cf%84%ce%b7%cf%81%ce%b9%ce%bf-%ce%bc%ce%b5%cf%84%ce%b1%cf%86%cf%81%ce%b1%cf%83%ce%b7%cf%83-%cf%83%cf%85%ce%bd%ce%ac%ce%bd%cf%84%ce%b7%cf%83%ce%b7-%ce%bc%ce%b5-%cf%84-5\/\" title='TALLER DE TRADUCCI\u00d3N | Encuentro con la poeta nicarag\u00fcense Gioconda Belli' style=\"border-radius:50px; border-width:1px; \" >LEER MAS<\/a>\n<\/div>\n    \n<\/div><div class=\"timetabs_item\"><div class=\"item_time\">17:00<\/div><div class=\"item_img\"><img loading=\"lazy\" decoding=\"async\" src=\"https:\/\/lea-festival.com\/wp-content\/uploads\/2024\/05\/20.06_solano_payas-268x268.jpg\" alt=\"\" width=\"134\" height=\"134\"><\/div><div class=\"content-wrapper\"><div class=\"item_title\">CAF\u00c9 ENTREVISTA | Encuentro con Dolores Pay\u00e1s y Mar\u00eda Jos\u00e9 Solano<\/div><div class=\"item_description\">Instituto Cervantes de Atenas - Terraza<br \/>\n* En espa\u00f1ol<\/div><\/div><div id=\"genesisexpo_button_69f0d8c06563c\" class=\"genesisexpo_module_button wgl_button wgl_button-m aleft\">\n\t<a href=\"https:\/\/lea-festival.com\/es\/%ce%ba%ce%b1%cf%86%ce%b5-%cf%83%cf%85%ce%bd%ce%b5%ce%bd%cf%84%ce%b5%cf%85%ce%be%ce%b7-%cf%83%cf%85%ce%bd%ce%ac%ce%bd%cf%84%ce%b7%cf%83%ce%b7-%ce%bc%ce%b5-%cf%84%ce%b7-%ce%bd%cf%84%ce%bf%ce%bb%cf%8c\/\" title='CAF\u00c9 ENTREVISTA | Encuentro con Dolores Pay\u00e1s y Mar\u00eda Jos\u00e9 Solano' style=\"border-radius:50px; border-width:1px; \" >LEER MAS<\/a>\n<\/div>\n    \n<\/div><div class=\"timetabs_item\"><div class=\"item_time\">18:00<\/div><div class=\"item_img\"><img loading=\"lazy\" decoding=\"async\" src=\"https:\/\/lea-festival.com\/wp-content\/uploads\/2024\/05\/20.06_Espejo-268x268.jpg\" alt=\"\" width=\"134\" height=\"134\"><\/div><div class=\"content-wrapper\"><div class=\"item_title\">CHARLA Y PRESENTACI\u00d3N DE LIBRO | \u201cLos lagos de Norteam\u00e9rica\u201d de Jos\u00e9 Daniel Espejo en traducci\u00f3n de Konstantinos Paleologos<\/div><div class=\"item_description\">Instituto Cervantes de Atenas - Terraza<br \/>\n* En espa\u00f1ol y griego<\/div><\/div><div id=\"genesisexpo_button_69f0d8c065c10\" class=\"genesisexpo_module_button wgl_button wgl_button-m aleft\">\n\t<a href=\"https:\/\/lea-festival.com\/es\/%cf%83%cf%85%ce%b6%ce%b7%cf%84%ce%b7%cf%83%ce%b7-%ce%ba%ce%b1%ce%b9-%cf%80%ce%b1%cf%81%ce%bf%cf%85%cf%83%ce%b9%ce%b1%cf%83%ce%b7-%ce%b2%ce%b9%ce%b2%ce%bb%ce%b9%ce%bf%cf%85-%ce%bf%ce%b9-%ce%bb%ce%af\/\" title='CHARLA Y PRESENTACI\u00d3N DE LIBRO | \u201cLos lagos de Norteam\u00e9rica\u201d de Jos\u00e9 Daniel Espejo en traducci\u00f3n de Konstantinos Paleologos' style=\"border-radius:50px; border-width:1px; \" >LEER MAS<\/a>\n<\/div>\n    \n<\/div><div class=\"timetabs_item\"><div class=\"item_time\">18:00<\/div><div class=\"item_img\"><img loading=\"lazy\" decoding=\"async\" src=\"https:\/\/lea-festival.com\/wp-content\/uploads\/2024\/06\/20.06_18.00_-actividad_-268x268.jpg\" alt=\"\" width=\"134\" height=\"134\"><\/div><div class=\"content-wrapper\"><div class=\"item_title\">ACTIVIDAD PARA NI\u00d1OS EN CALCIS | \u201cDescubriendo Espa\u00f1a y Am\u00e9rica Latina\u201d con Klepsidra<\/div><div class=\"item_description\">Parque del Faro de Calcis<br \/>\nLa participaci\u00f3n es gratuita para todos los ni\u00f1os y los cupos son limitados. Para participar, es indispensable registrarse en el centro de lenguas L.TWo<\/div><\/div><div id=\"genesisexpo_button_69f0d8c0661d6\" class=\"genesisexpo_module_button wgl_button wgl_button-m aleft\">\n\t<a href=\"https:\/\/lea-festival.com\/es\/%ce%b4%cf%81%ce%b1%cf%83%cf%84%ce%b7%cf%81%ce%b9%ce%bf%cf%84%ce%b7%cf%84%ce%b1-%ce%b3%ce%b9%ce%b1-%cf%80%ce%b1%ce%b9%ce%b4%ce%b9%ce%b1-%cf%83%cf%84%ce%b7-%cf%87%ce%b1%ce%bb%ce%ba%ce%b9%ce%b4%ce%b1\/\" title='ACTIVIDAD PARA NI\u00d1OS EN CALCIS | \u201cDescubriendo Espa\u00f1a y Am\u00e9rica Latina\u201d con Klepsidra' style=\"border-radius:50px; border-width:1px; \" >LEER MAS<\/a>\n<\/div>\n    \n<\/div><div class=\"timetabs_item\"><div class=\"item_time\">19:00<\/div><div class=\"item_img\"><img loading=\"lazy\" decoding=\"async\" src=\"https:\/\/lea-festival.com\/wp-content\/uploads\/2024\/05\/20.06_saldivar-268x268.jpg\" alt=\"\" width=\"134\" height=\"134\"><\/div><div class=\"content-wrapper\"><div class=\"item_title\">CHARLA Y PRESENTACI\u00d3N DE LIBRO | \u201cGabriel Garc\u00eda M\u00e1rquez: El viaje a la semilla\u201d por Dasso Sald\u00edvar en traducci\u00f3n de Despina Drakaki<\/div><div class=\"item_description\">Instituto Cervantes de Atenas - Terraza<br \/>\n* En espa\u00f1ol y griego<\/div><\/div><div id=\"genesisexpo_button_69f0d8c066777\" class=\"genesisexpo_module_button wgl_button wgl_button-m aleft\">\n\t<a href=\"https:\/\/lea-festival.com\/es\/%cf%83%cf%85%ce%b6%ce%b7%cf%84%ce%b7%cf%83%ce%b7-%ce%ba%ce%b1%ce%b9-%cf%80%ce%b1%cf%81%ce%bf%cf%85%cf%83%ce%b9%ce%b1%cf%83%ce%b7-%ce%b2%ce%b9%ce%b2%ce%bb%ce%b9%ce%bf%cf%85-%ce%b3%ce%ba%ce%b1%ce%bc\/\" title='CHARLA Y PRESENTACI\u00d3N DE LIBRO | \u201cGabriel Garc\u00eda M\u00e1rquez: El viaje a la semilla\u201d por Dasso Sald\u00edvar en traducci\u00f3n de Despina Drakaki' style=\"border-radius:50px; border-width:1px; \" >LEER MAS<\/a>\n<\/div>\n    \n<\/div><div class=\"timetabs_item\"><div class=\"item_time\">19:00<\/div><div class=\"item_img\"><img loading=\"lazy\" decoding=\"async\" src=\"https:\/\/lea-festival.com\/wp-content\/uploads\/2024\/06\/20.06_Montero_Lectura-268x268.jpg\" alt=\"\" width=\"134\" height=\"134\"><\/div><div class=\"content-wrapper\"><div class=\"item_title\">CLUB DE LECTURA In the same Book|  \u201cLa muerte viene estilando\u201d de Andr\u00e9s Montero en \ntraducci\u00f3n de Mar\u00eda Paleologu<\/div><div class=\"item_description\">Librer\u00eda de la Casa Editorial Dioptra Books &amp; Life<br \/>\n* En espa\u00f1ol y griego<\/div><\/div><div id=\"genesisexpo_button_69f0d8c066d9a\" class=\"genesisexpo_module_button wgl_button wgl_button-m aleft\">\n\t<a href=\"https:\/\/lea-festival.com\/es\/%ce%bb%ce%b5%cf%83%cf%87%ce%b7-%ce%b1%ce%bd%ce%b1%ce%b3%ce%bd%cf%89%cf%83%ce%b7%cf%83-%ce%bf-%ce%b8%ce%ac%ce%bd%ce%b1%cf%84%ce%bf%cf%82-%ce%ad%cf%81%cf%87%ce%b5%cf%84%ce%b1%ce%b9-%cf%83%cf%84\/\" title='CLUB DE LECTURA In the same Book|  \u201cLa muerte viene estilando\u201d de Andr\u00e9s Montero en traducci\u00f3n de Mar\u00eda Paleologu' style=\"border-radius:50px; border-width:1px; \" >LEER MAS<\/a>\n<\/div>\n    \n<\/div><\/div><div class=\"timetab_container\" data-tab-id=\"tab-1684920239524-fa518bb3-69b5\"><div class=\"timetabs_item\"><div class=\"item_time\">10:00-13:00<\/div><div class=\"item_img\"><img loading=\"lazy\" decoding=\"async\" src=\"https:\/\/lea-festival.com\/wp-content\/uploads\/2024\/05\/WhatsApp-Image-2024-06-05-at-5.18.23-PM-268x268.jpeg\" alt=\"\" width=\"134\" height=\"134\"><\/div><div class=\"content-wrapper\"><div class=\"item_title\">\u0395\u03a1\u0393\u0391\u03a3\u03a4\u0397\u03a1\u0399\u039f \u039c\u0395\u03a4\u0391\u03a6\u03a1\u0391\u03a3\u0397\u03a3 \u0391\u03a0\u038c \u03a4\u0391 \u0395\u039b\u039b\u0397\u039d\u0399\u039a\u0391 \u03a3\u03a4\u0391 \u0399\u03a3\u03a0\u0391\u039d\u0399\u039a\u0391| \u03a3\u03c5\u03bd\u03ac\u03bd\u03c4\u03b7\u03c3\u03b7 \u03bc\u03b5 \u03c4\u03b7\u03bd \u039a\u03ac\u03bb\u03bb\u03b9\u03b1 \u03a0\u03b1\u03c0\u03b1\u03b4\u03ac\u03ba\u03b7 \u03ba\u03b1\u03b9 \u03c4\u03bf\u03bd \u039d\u03af\u03ba\u03bf \u03a7\u03c1\u03c5\u03c3\u03cc<\/div><div class=\"item_description\">Polyglot Bookstore<br \/>\nSe requiere excelente conocimiento del griego y el espa\u00f1ol y un m\u00ednimo de experiencia en traducci\u00f3n.<\/div><\/div><div id=\"genesisexpo_button_69f0d8c0674f7\" class=\"genesisexpo_module_button wgl_button wgl_button-m aleft\">\n\t<a href=\"https:\/\/lea-festival.com\/es\/%ce%b5%cf%81%ce%b3%ce%b1%cf%83%cf%84%ce%b7%cf%81%ce%b9%ce%bf-%ce%bc%ce%b5%cf%84%ce%b1%cf%86%cf%81%ce%b1%cf%83%ce%b7%cf%83-%ce%b1%cf%80%cf%8c-%cf%84%ce%b1-%ce%b5%ce%bb%ce%bb%ce%b7%ce%bd%ce%b9%ce%ba\/\" title='TALLER DE TRADUCCI\u00d3N DEL GRIEGO AL ESPA\u00d1OL | Encuentro con Kallia Papadaki y Nikos Chrysos' style=\"border-radius:50px; border-width:1px; \" >LEER MAS<\/a>\n<\/div>\n    \n<\/div><div class=\"timetabs_item\"><div class=\"item_time\">18:00<\/div><div class=\"item_img\"><img loading=\"lazy\" decoding=\"async\" src=\"https:\/\/lea-festival.com\/wp-content\/uploads\/2024\/06\/21.06_18.00_CALCIS-268x268.jpg\" alt=\"\" width=\"134\" height=\"134\"><\/div><div class=\"content-wrapper\"><div class=\"item_title\">JORNADAS DE INFORMACI\u00d3N EN CALCIS | \u201cEstudios en el exterior\u201d<\/div><div class=\"item_description\">Centro de lenguas L.TWo  en Calcis\nAngelatos 17, 1er piso<br \/>\nLlama a L.two para reservar tu cita presencial o en l\u00ednea al Centro de lenguas L.TWo<\/div><\/div><div id=\"genesisexpo_button_69f0d8c067b37\" class=\"genesisexpo_module_button wgl_button wgl_button-m aleft\">\n\t<a href=\"https:\/\/lea-festival.com\/es\/%ce%b5%ce%bd%ce%b7%ce%bc%ce%b5%cf%81%cf%89%cf%84%ce%b9%ce%ba%ce%b7-%ce%b7%ce%bc%ce%b5%cf%81%ce%b9%ce%b4%ce%b1-%cf%83%cf%84%ce%b7-%cf%87%ce%b1%ce%bb%ce%ba%ce%b9%ce%b4%ce%b1-%cf%83%cf%80%ce%bf\/\" title='JORNADAS DE INFORMACI\u00d3N EN CALCIS | \u201cEstudios en el exterior\u201d' style=\"border-radius:50px; border-width:1px; \" >LEER MAS<\/a>\n<\/div>\n    \n<\/div><div class=\"timetabs_item\"><div class=\"item_time\">18:30<\/div><div class=\"item_img\"><img loading=\"lazy\" decoding=\"async\" src=\"https:\/\/lea-festival.com\/wp-content\/uploads\/2024\/06\/21.06_18.30_CALCIS-268x268.jpg\" alt=\"\" width=\"134\" height=\"134\"><\/div><div class=\"content-wrapper\"><div class=\"item_title\">ACTIVIDAD PARA NI\u00d1OS EN CALCIS | \u00a1Peque\u00f1os cient\u00edficos!<\/div><div class=\"item_description\">Centro de lenguas L.TWo  en Calcis\nAngelatos 17, 1er piso<br \/>\nLa participaci\u00f3n es gratuita para todos los ni\u00f1os.<br \/>\nPara participar, es necesario inscribirse en el Centro de lenguas L.TWo.<\/div><\/div><div id=\"genesisexpo_button_69f0d8c06819e\" class=\"genesisexpo_module_button wgl_button wgl_button-m aleft\">\n\t<a href=\"https:\/\/lea-festival.com\/es\/%ce%b4%cf%81%ce%b1%cf%83%cf%84%ce%b7%cf%81%ce%b9%ce%bf%cf%84%ce%b7%cf%84%ce%b1-%ce%b3%ce%b9%ce%b1-%cf%80%ce%b1%ce%b9%ce%b4%ce%b9%ce%b1-%cf%83%cf%84%ce%b7-%cf%87%ce%b1%ce%bb%ce%ba%ce%b9%ce%b4%ce%b1-2\/\" title='ACTIVIDAD PARA NI\u00d1OS EN CALCIS | \u00a1Peque\u00f1os cient\u00edficos!' style=\"border-radius:50px; border-width:1px; \" >LEER MAS<\/a>\n<\/div>\n    \n<\/div><div class=\"timetabs_item\"><div class=\"item_time\">18:30<\/div><div class=\"item_img\"><img loading=\"lazy\" decoding=\"async\" src=\"https:\/\/lea-festival.com\/wp-content\/uploads\/2024\/05\/21.06_VOCES-de-la-narrativa-268x268.jpg\" alt=\"\" width=\"134\" height=\"134\"><\/div><div class=\"content-wrapper\"><div class=\"item_title\">CHARLA | Voces de la narrativa latinoamericana contempor\u00e1nea<\/div><div class=\"item_description\">Museo Benaki de Pire\u00f3s 138<br \/>\n* En espa\u00f1ol y griego<\/div><\/div><div id=\"genesisexpo_button_69f0d8c068803\" class=\"genesisexpo_module_button wgl_button wgl_button-m aleft\">\n\t<a href=\"https:\/\/lea-festival.com\/es\/%cf%83%cf%85%ce%b6%ce%b7%cf%84%ce%b7%cf%83%ce%b7-%cf%86%cf%89%ce%bd%ce%ad%cf%82-%cf%84%ce%b7%cf%82-%cf%83%cf%8d%ce%b3%cf%87%cf%81%ce%bf%ce%bd%ce%b7%cf%82-%ce%bb%ce%b1%cf%84%ce%b9%ce%bd%ce%bf%ce%b1\/\" title='CHARLA | Voces de la narrativa latinoamericana contempor\u00e1nea' style=\"border-radius:50px; border-width:1px; \" >LEER MAS<\/a>\n<\/div>\n    \n<\/div><div class=\"timetabs_item\"><div class=\"item_time\">19:00<\/div><div class=\"item_img\"><img loading=\"lazy\" decoding=\"async\" src=\"https:\/\/lea-festival.com\/wp-content\/uploads\/2024\/05\/21.06_lefkada_saldivar-268x268.jpg\" alt=\"\" width=\"134\" height=\"134\"><\/div><div class=\"content-wrapper\"><div class=\"item_title\">CHARLA Y PRESENTACI\u00d3N DE LIBRO en Lefkada | \u201cGabriel Garc\u00eda M\u00e1rquez: El viaje a la semilla\u201d por Dasso Sald\u00edvar en traducci\u00f3n de Despina Drakaki<\/div><div class=\"item_description\">Jard\u00edn de la Biblioteca P\u00fablica de Lefkada<br \/>\n* En espa\u00f1ol y griego<\/div><\/div><div id=\"genesisexpo_button_69f0d8c068e4a\" class=\"genesisexpo_module_button wgl_button wgl_button-m aleft\">\n\t<a href=\"https:\/\/lea-festival.com\/es\/%ce%bf%ce%bc%ce%b9%ce%bb%ce%b9%ce%b1-%ce%ba%ce%b1%ce%b9-%cf%80%ce%b1%cf%81%ce%bf%cf%85%cf%83%ce%b9%ce%b1%cf%83%ce%b7-%ce%b2%ce%b9%ce%b2%ce%bb%ce%b9%ce%bf%cf%85-%ce%b3%ce%ba%ce%b1%ce%bc%cf%80\/\" title='CHARLA Y PRESENTACI\u00d3N DE LIBRO | \u201cGabriel Garc\u00eda M\u00e1rquez: El viaje a la semilla\u201d por Dasso Sald\u00edvar, en traducci\u00f3n de Despina Drakaki' style=\"border-radius:50px; border-width:1px; \" >LEER MAS<\/a>\n<\/div>\n    \n<\/div><div class=\"timetabs_item\"><div class=\"item_time\">19:30<\/div><div class=\"item_img\"><img loading=\"lazy\" decoding=\"async\" src=\"https:\/\/lea-festival.com\/wp-content\/uploads\/2024\/05\/21.06_payat_solano_olalla-268x268.jpg\" alt=\"\" width=\"134\" height=\"134\"><\/div><div class=\"content-wrapper\"><div class=\"item_title\">CHARLA | \u201cGrecia como fuente de inspiraci\u00f3n literaria\u201d, con Dolores Pay\u00e1s, Mar\u00eda Jos\u00e9 Solano y Pedro Olalla<\/div><div class=\"item_description\">Museo Benaki de Pire\u00f3s 138<br \/>\n* En espa\u00f1ol y griego<\/div><\/div><div id=\"genesisexpo_button_69f0d8c06948d\" class=\"genesisexpo_module_button wgl_button wgl_button-m aleft\">\n\t<a href=\"https:\/\/lea-festival.com\/es\/%cf%83%cf%85%ce%b6%ce%b7%cf%84%ce%b7%cf%83%ce%b7-%ce%b7-%ce%b5%ce%bb%ce%bb%ce%ac%ce%b4%ce%b1-%cf%89%cf%82-%cf%80%ce%b7%ce%b3%ce%ae-%ce%bb%ce%bf%ce%b3%ce%bf%cf%84%ce%b5%cf%87%ce%bd%ce%b9%ce%ba\/\" title='CHARLA | \u201cGrecia como fuente de inspiraci\u00f3n literaria\u201d, con Dolores Pay\u00e1s, Mar\u00eda Jos\u00e9 Solano y Pedro Olalla' style=\"border-radius:50px; border-width:1px; \" >LEER MAS<\/a>\n<\/div>\n    \n<\/div><div class=\"timetabs_item\"><div class=\"item_time\">20:00<\/div><div class=\"item_img\"><img loading=\"lazy\" decoding=\"async\" src=\"https:\/\/lea-festival.com\/wp-content\/uploads\/2024\/06\/21.05_lefkada_musica-1-268x268.jpg\" alt=\"\" width=\"134\" height=\"134\"><\/div><div class=\"content-wrapper\"><div class=\"item_title\">PRESENTACI\u00d3N MUSICAL en Lefkada<\/div><div class=\"item_description\">Jard\u00edn de la Biblioteca P\u00fablica de Lefkada<br \/>\nCoro Infantil del Grupo H\/M \u00abOrfeo\u00bb Lefkada\n y el guitarrista cl\u00e1sico Jaris Economou<\/div><\/div><div id=\"genesisexpo_button_69f0d8c069ad1\" class=\"genesisexpo_module_button wgl_button wgl_button-m aleft\">\n\t<a href=\"https:\/\/lea-festival.com\/es\/%ce%bc%ce%bf%cf%85%cf%83%ce%b9%ce%ba%ce%b7-%cf%80%ce%b1%cf%81%ce%bf%cf%85%cf%83%ce%b9%ce%b1%cf%83%ce%b7-%ce%bc%ce%bf%cf%85%cf%83%ce%b9%ce%ba%ce%ae-%cf%80%ce%b1%cf%81%ce%ac%cf%83%cf%84%ce%b1\/\" title='\u039c\u039f\u03a5\u03a3\u0399\u039a\u0397 \u03a0\u0391\u03a1\u039f\u03a5\u03a3\u0399\u0391\u03a3\u0397 | \u00ab\u039c\u03bf\u03c5\u03c3\u03b9\u03ba\u03ae \u03c0\u03b1\u03c1\u03ac\u03c3\u03c4\u03b1\u03c3\u03b7 \u03c7\u03bf\u03c1\u03c9\u03b4\u03af\u03b1\u03c2 \u03ba\u03b1\u03b9 \u03ba\u03b9\u03b8\u03ac\u03c1\u03b1\u03c2 \u00bb \u03bc\u03b5 \u03c4\u03bf\u03bd \u03a7\u03ac\u03c1\u03b7 \u039f\u03b9\u03ba\u03bf\u03bd\u03cc\u03bc\u03bf\u03c5 \u03ba\u03b1\u03b9 \u03c4\u03b7 \u03c7\u03bf\u03c1\u03c9\u03b4\u03af\u03b1 \u03c4\u03bf\u03c5 \u03a3\u03c5\u03bb\u03bb\u03cc\u03b3\u03bf\u03c5 \u201c\u039f\u03c1\u03c6\u03ad\u03b1\u03c2\u201d \u039b\u03b5\u03c5\u03ba\u03ac\u03b4\u03b1\u03c2' style=\"border-radius:50px; border-width:1px; \" >LEER MAS<\/a>\n<\/div>\n    \n<\/div><div class=\"timetabs_item\"><div class=\"item_time\">20:00<\/div><div class=\"item_img\"><img loading=\"lazy\" decoding=\"async\" src=\"https:\/\/lea-festival.com\/wp-content\/uploads\/2024\/06\/21.06_20.00_CALCIS-268x268.jpg\" alt=\"\" width=\"134\" height=\"134\"><\/div><div class=\"content-wrapper\"><div class=\"item_title\">CHARLA Y PRESENTACION DE LIBRO EN CALCIS | \u201cLa muerte viene estilando\u201d de Andr\u00e9s Montero en traducci\u00f3n de Mar\u00eda Paleologu<\/div><div class=\"item_description\">Conservatorio de Investigaci\u00f3n de Calcis - Sal\u00f3n de actos, Calle Angelatos, Calcis<br \/>\n* En espa\u00f1ol y griego<\/div><\/div><div id=\"genesisexpo_button_69f0d8c06a10d\" class=\"genesisexpo_module_button wgl_button wgl_button-m aleft\">\n\t<a href=\"https:\/\/lea-festival.com\/es\/%cf%83%cf%85%ce%b6%ce%b7%cf%84%ce%b7%cf%83%ce%b7-%ce%ba%ce%b1%ce%b9-%cf%80%ce%b1%cf%81%ce%bf%cf%85%cf%83%ce%b9%ce%b1%cf%83%ce%b7-%ce%b2%ce%b9%ce%b2%ce%bb%ce%b9%ce%bf%cf%85-%ce%bf-%ce%b8%ce%ac\/\" title='CHARLA Y PRESENTACION DE LIBRO EN CALCIS | \u201cLa muerte viene estilando\u201d de Andr\u00e9s Montero en traducci\u00f3n de Mar\u00eda Paleologu' style=\"border-radius:50px; border-width:1px; \" >LEER MAS<\/a>\n<\/div>\n    \n<\/div><div class=\"timetabs_item\"><div class=\"item_time\">20:30<\/div><div class=\"item_img\"><img loading=\"lazy\" decoding=\"async\" src=\"https:\/\/lea-festival.com\/wp-content\/uploads\/2024\/05\/21.06_velada-1-1-268x268.jpg\" alt=\"\" width=\"134\" height=\"134\"><\/div><div class=\"content-wrapper\"><div class=\"item_title\">VELADA DE POESIA | \u201cMemoria, vida y poes\u00eda\u201d<\/div><div class=\"item_description\">Museo Benaki de Pire\u00f3s 138<br \/>\n* En espa\u00f1ol y griego<\/div><\/div><div id=\"genesisexpo_button_69f0d8c06a760\" class=\"genesisexpo_module_button wgl_button wgl_button-m aleft\">\n\t<a href=\"https:\/\/lea-festival.com\/es\/%cf%80%ce%bf%ce%b9%ce%b7%cf%84%ce%b9%ce%ba%ce%b7-%ce%b2%cf%81%ce%b1%ce%b4%ce%b9%ce%b1-%ce%bc%ce%bd%ce%ae%ce%bc%ce%b7-%ce%b6%cf%89%ce%ae-%ce%ba%ce%b1%ce%b9-%cf%80%ce%bf%ce%af%ce%b7%cf%83%ce%b7\/\" title='VELADA DE POESIA | \u201cMemoria, vida y poes\u00eda\u201d' style=\"border-radius:50px; border-width:1px; \" >LEER MAS<\/a>\n<\/div>\n    \n<\/div><div class=\"timetabs_item\"><div class=\"item_time\">21:00<\/div><div class=\"item_img\"><img loading=\"lazy\" decoding=\"async\" src=\"https:\/\/lea-festival.com\/wp-content\/uploads\/2024\/06\/21.06_21.30_CALCIS-1-1-268x268.jpg\" alt=\"\" width=\"134\" height=\"134\"><\/div><div class=\"content-wrapper\"><div class=\"item_title\">PRESENTACI\u00d3N DE DANZAS | \u201cFlamenco\u201d  por la escuela de Irene Aindilis<\/div><div class=\"item_description\">Club Deportivo Irini, Peatonal de la Calle Angelatos, Calcis<\/div><\/div><div id=\"genesisexpo_button_69f0d8c06ade6\" class=\"genesisexpo_module_button wgl_button wgl_button-m aleft\">\n\t<a href=\"https:\/\/lea-festival.com\/es\/%ce%b5%cf%80%ce%b9%ce%b4%ce%b5%ce%b9%ce%be%ce%b7-%cf%87%ce%bf%cf%81%ce%bf%cf%85-%cf%83%cf%84%ce%b7-%cf%87%ce%b1%ce%bb%ce%ba%ce%af%ce%b4%ce%b1-%ce%b9-%cf%86%ce%bb%ce%b1%ce%bc%ce%ad%ce%bd%ce%ba\/\" title='PRESENTACI\u00d3N DE DANZAS | \u201cFlamenco\u201d  por la escuela de Irene Aindilis' style=\"border-radius:50px; border-width:1px; \" >LEER MAS<\/a>\n<\/div>\n    \n<\/div><\/div><div class=\"timetab_container\" data-tab-id=\"tab-1717007070848-c3b42508-f965\"><div class=\"timetabs_item\"><div class=\"item_time\">19:00<\/div><div class=\"item_img\"><img loading=\"lazy\" decoding=\"async\" src=\"https:\/\/lea-festival.com\/wp-content\/uploads\/2024\/05\/22.06_payasolano_lefkada-268x268.jpg\" alt=\"\" width=\"134\" height=\"134\"><\/div><div class=\"content-wrapper\"><div class=\"item_title\">CHARLA en Lefkada | \u201cGrecia como fuente de inspiraci\u00f3n literaria\u201d, con Dolores Pay\u00e1s y Mar\u00eda Jos\u00e9 Solano<\/div><div class=\"item_description\">Jard\u00edn de la Biblioteca P\u00fablica de Lefkada<br \/>\n* En espa\u00f1ol y griego<\/div><\/div><div id=\"genesisexpo_button_69f0d8c06b56d\" class=\"genesisexpo_module_button wgl_button wgl_button-m aleft\">\n\t<a href=\"https:\/\/lea-festival.com\/es\/%cf%83%cf%85%ce%b6%ce%b7%cf%84%ce%b7%cf%83%ce%b7-%ce%b7-%ce%b5%ce%bb%ce%bb%ce%ac%ce%b4%ce%b1-%cf%89%cf%82-%cf%80%ce%b7%ce%b3%ce%ae-%ce%bb%ce%bf%ce%b3%ce%bf%cf%84%ce%b5%cf%87%ce%bd%ce%b9%ce%ba-2\/\" title='\u03a3\u03a5\u0396\u0397\u03a4\u0397\u03a3\u0397 | \u00ab\u0397 \u0395\u03bb\u03bb\u03ac\u03b4\u03b1 \u03c9\u03c2 \u03c0\u03b7\u03b3\u03ae \u03bb\u03bf\u03b3\u03bf\u03c4\u03b5\u03c7\u03bd\u03b9\u03ba\u03ae\u03c2 \u03ad\u03bc\u03c0\u03bd\u03b5\u03c5\u03c3\u03b7\u03c2\u00bb, \u03bc\u03b5 \u03c4\u03b9\u03c2 \u039d\u03c4\u03bf\u03bb\u03cc\u03c1\u03b5\u03c2 \u03a0\u03b1\u03b3\u03b9\u03ac\u03c2 \u03ba\u03b1\u03b9  \u039c\u03b1\u03c1\u03af\u03b1 \u03a7\u03bf\u03c3\u03ad \u03a3\u03bf\u03bb\u03ac\u03bd\u03bf' style=\"border-radius:50px; border-width:1px; \" >LEER MAS<\/a>\n<\/div>\n    \n<\/div><div class=\"timetabs_item\"><div class=\"item_time\">20:00<\/div><div class=\"item_img\"><img loading=\"lazy\" decoding=\"async\" src=\"https:\/\/lea-festival.com\/wp-content\/uploads\/2024\/05\/22.06_lefkada_villoro-268x268.jpg\" alt=\"\" width=\"134\" height=\"134\"><\/div><div class=\"content-wrapper\"><div class=\"item_title\">CHARLA Y PRESENTACI\u00d3N DE LIBRO en Lefkada | \u201cEl libro salvaje\u201d de Juan Villoro en traducci\u00f3n de Cristina Filimonos.<\/div><div class=\"item_description\">Jard\u00edn de la Biblioteca P\u00fablica de Lefkada<br \/>\n* En espa\u00f1ol y griego<\/div><\/div><div id=\"genesisexpo_button_69f0d8c06bb8f\" class=\"genesisexpo_module_button wgl_button wgl_button-m aleft\">\n\t<a href=\"https:\/\/lea-festival.com\/es\/%cf%83%cf%85%ce%b6%ce%b7%cf%84%ce%b7%cf%83%ce%b7-%ce%ba%ce%b1%ce%b9-%cf%80%ce%b1%cf%81%ce%bf%cf%85%cf%83%ce%b9%ce%b1%cf%83%ce%b7-%ce%b2%ce%b9%ce%b2%ce%bb%ce%b9%ce%bf%cf%85-%cf%84%ce%bf-%ce%ac\/\" title='\u03a3\u03a5\u0396\u0397\u03a4\u0397\u03a3\u0397 \u039a\u0391\u0399 \u03a0\u0391\u03a1\u039f\u03a5\u03a3\u0399\u0391\u03a3\u0397 \u0392\u0399\u0392\u039b\u0399\u039f\u03a5 | \u00ab\u03a4\u03bf \u03ac\u03b3\u03c1\u03b9\u03bf \u03b2\u03b9\u03b2\u03bb\u03af\u03bf\u00bb \u03c4\u03bf\u03c5 \u03a7\u03bf\u03c5\u03ac\u03bd \u0392\u03b9\u03b3\u03b9\u03cc\u03c1\u03bf, \u03c3\u03b5 \u03bc\u03b5\u03c4\u03ac\u03c6\u03c1\u03b1\u03c3\u03b7 \u03a7\u03c1\u03b9\u03c3\u03c4\u03af\u03bd\u03b1\u03c2 \u03a6\u03b9\u03bb\u03ae\u03bc\u03bf\u03bd\u03bf\u03c2' style=\"border-radius:50px; border-width:1px; \" >LEER MAS<\/a>\n<\/div>\n    \n<\/div><div class=\"timetabs_item\"><div class=\"item_time\">21:00<\/div><div class=\"item_img\"><img loading=\"lazy\" decoding=\"async\" src=\"https:\/\/lea-festival.com\/wp-content\/uploads\/2024\/06\/22-06-lefkada-268x268.jpg\" alt=\"\" width=\"134\" height=\"134\"><\/div><div class=\"content-wrapper\"><div class=\"item_title\">\u03a7\u039f\u03a1\u039f\u03a3 \u03c3\u03c4\u03b7 \u039b\u03b5\u03c5\u03ba\u03ac\u03b4\u03b1 | \u0395\u03c0\u03af\u03b4\u03b5\u03b9\u03be\u03b7 \u03c7\u03bf\u03c1\u03ce\u03bd \u03bb\u03ac\u03c4\u03b9\u03bd \u03b1\u03c0\u03cc \u03c4\u03b7 \u03a3\u03c7\u03bf\u03bb\u03ae \u0391\u03b8\u03bb\u03b7\u03c4\u03b9\u03ba\u03bf\u03cd \u03ba\u03b1\u03b9 \u039a\u03bf\u03b9\u03bd\u03c9\u03bd\u03b9\u03ba\u03bf\u03cd \u03a7\u03bf\u03c1\u03bf\u03cd Ballroom King<\/div><div class=\"item_description\">Jard\u00edn de la Biblioteca P\u00fablica de Lefkada<\/div><\/div><div id=\"genesisexpo_button_69f0d8c06c1b7\" class=\"genesisexpo_module_button wgl_button wgl_button-m aleft\">\n\t<a href=\"https:\/\/lea-festival.com\/es\/%cf%87%ce%bf%cf%81%ce%bf%cf%83-%cf%83%cf%84%ce%b7-%ce%bb%ce%b5%cf%85%ce%ba%ce%ac%ce%b4%ce%b1-%ce%b5%cf%80%ce%af%ce%b4%ce%b5%ce%b9%ce%be%ce%b7-%cf%87%ce%bf%cf%81%cf%8e%ce%bd-%ce%bb%ce%ac%cf%84%ce%b9\/\" title='\u03a7\u039f\u03a1\u039f\u03a3 \u03c3\u03c4\u03b7 \u039b\u03b5\u03c5\u03ba\u03ac\u03b4\u03b1 | \u0395\u03c0\u03af\u03b4\u03b5\u03b9\u03be\u03b7 \u03c7\u03bf\u03c1\u03ce\u03bd \u03bb\u03ac\u03c4\u03b9\u03bd \u03b1\u03c0\u03cc \u03c4\u03b7 \u03a3\u03c7\u03bf\u03bb\u03ae \u0391\u03b8\u03bb\u03b7\u03c4\u03b9\u03ba\u03bf\u03cd \u03ba\u03b1\u03b9 \u039a\u03bf\u03b9\u03bd\u03c9\u03bd\u03b9\u03ba\u03bf\u03cd \u03a7\u03bf\u03c1\u03bf\u03cd Baiiroom King' style=\"border-radius:50px; border-width:1px; \" >LEER MAS<\/a>\n<\/div>\n    \n<\/div><\/div><div class=\"timetab_container\" data-tab-id=\"tab-1716461998993-e6e39ec8-3e73\"><div class=\"timetabs_item\"><div class=\"item_time\">18:00<\/div><div class=\"item_img\"><img loading=\"lazy\" decoding=\"async\" src=\"https:\/\/lea-festival.com\/wp-content\/uploads\/2024\/06\/25.06_enriquez-1-268x268.jpg\" alt=\"\" width=\"134\" height=\"134\"><\/div><div class=\"content-wrapper\"><div class=\"item_title\">CAF\u00c9 ENTREVISTA | Encuentro con Mariana Enr\u00edquez<\/div><div class=\"item_description\">Instituto Cervantes de Atenas - Terraza<br \/>\n* En espa\u00f1ol y griego<\/div><\/div><div id=\"genesisexpo_button_69f0d8c06c9c2\" class=\"genesisexpo_module_button wgl_button wgl_button-m aleft\">\n\t<a href=\"https:\/\/lea-festival.com\/es\/%ce%ba%ce%b1%cf%86%ce%b5-%cf%83%cf%85%ce%bd%ce%b5%ce%bd%cf%84%ce%b5%cf%85%ce%be%ce%b7-%cf%83%cf%85%ce%bd%ce%ac%ce%bd%cf%84%ce%b7%cf%83%ce%b7-%ce%bc%ce%b5-%cf%84%ce%b7-%ce%bc%ce%b1%cf%81%ce%b9%ce%ac\/\" title='CAF\u00c9 ENTREVISTA | Encuentro con Mariana Enr\u00edquez' style=\"border-radius:50px; border-width:1px; \" >LEER MAS<\/a>\n<\/div>\n    \n<\/div><div class=\"timetabs_item\"><div class=\"item_time\">19:00<\/div><div class=\"item_img\"><img loading=\"lazy\" decoding=\"async\" src=\"https:\/\/lea-festival.com\/wp-content\/uploads\/2024\/05\/25.06_sanz_Fonseca_burasopoulou-268x268.jpg\" alt=\"\" width=\"134\" height=\"134\"><\/div><div class=\"content-wrapper\"><div class=\"item_title\">CHARLA | \u201cNarrativa y memoria hist\u00f3rica\u201d, con Marta Sanz, Carlos Fonseca y Ioanna Burasopulu<\/div><div class=\"item_description\">Instituto Cervantes de Atenas - Terraza<br \/>\n* En espa\u00f1ol y griego<\/div><\/div><div id=\"genesisexpo_button_69f0d8c06d005\" class=\"genesisexpo_module_button wgl_button wgl_button-m aleft\">\n\t<a href=\"https:\/\/lea-festival.com\/es\/%cf%83%cf%85%ce%b6%ce%b7%cf%84%ce%b7%cf%83%ce%b7-%cf%80%ce%b5%ce%b6%ce%bf%ce%b3%cf%81%ce%b1%cf%86%ce%af%ce%b1-%ce%ba%ce%b1%ce%b9-%ce%b9%cf%83%cf%84%ce%bf%cf%81%ce%b9%ce%ba%ce%ae-%ce%bc%ce%bd\/\" title='CHARLA | \u201cNarrativa y memoria hist\u00f3rica\u201d, con Marta Sanz, Carlos Fonseca y Ioanna Burasopulu' style=\"border-radius:50px; border-width:1px; \" >LEER MAS<\/a>\n<\/div>\n    \n<\/div><div class=\"timetabs_item\"><div class=\"item_time\">20:00<\/div><div class=\"item_img\"><img loading=\"lazy\" decoding=\"async\" src=\"https:\/\/lea-festival.com\/wp-content\/uploads\/2024\/05\/25.06_markari_rongagiolo-268x268.jpg\" alt=\"\" width=\"134\" height=\"134\"><\/div><div class=\"content-wrapper\"><div class=\"item_title\">CHARLA | \u201cNovela negra, pasado, presente y futuro en Grecia y el mundo iberoamericano\u201d, con Petros Markaris y Santiago Roncagliolo<\/div><div class=\"item_description\">Librer\u00eda Enastron<br \/>\n* En espa\u00f1ol y griego<\/div><\/div><div id=\"genesisexpo_button_69f0d8c06d638\" class=\"genesisexpo_module_button wgl_button wgl_button-m aleft\">\n\t<a href=\"https:\/\/lea-festival.com\/es\/%cf%83%cf%85%ce%b6%ce%b7%cf%84%ce%b7%cf%83%ce%b7-%ce%b1%cf%83%cf%84%cf%85%ce%bd%ce%bf%ce%bc%ce%b9%ce%ba%cf%8c-%ce%bc%cf%85%ce%b8%ce%b9%cf%83%cf%84%cf%8c%cf%81%ce%b7%ce%bc%ce%b1-%cf%80\/\" title='CHARLA | \u201cNovela negra, pasado, presente y futuro en Grecia y el mundo iberoamericano\u201d, con Petros Markaris y Santiago Roncagliolo' style=\"border-radius:50px; border-width:1px; \" >LEER MAS<\/a>\n<\/div>\n    \n<\/div><div class=\"timetabs_item\"><div class=\"item_time\">20:30<\/div><div class=\"item_img\"><img loading=\"lazy\" decoding=\"async\" src=\"https:\/\/lea-festival.com\/wp-content\/uploads\/2024\/05\/25.06_mesa-268x268.jpg\" alt=\"\" width=\"134\" height=\"134\"><\/div><div class=\"content-wrapper\"><div class=\"item_title\">CHARLA - PRESENTACI\u00d3N DE LIBRO | Dramas familiares en la literatura y \u201cLa familia\u201d de Sara Mesa en traducci\u00f3n de Mar\u00eda Paleologou<\/div><div class=\"item_description\">Instituto Cervantes de Atenas - Terraza<br \/>\n* En espa\u00f1ol y griego<\/div><\/div><div id=\"genesisexpo_button_69f0d8c06dd98\" class=\"genesisexpo_module_button wgl_button wgl_button-m aleft\">\n\t<a href=\"https:\/\/lea-festival.com\/es\/%cf%83%cf%85%ce%b6%ce%b7%cf%84%ce%b7%cf%83%ce%b7-%cf%80%ce%b1%cf%81%ce%bf%cf%85%cf%83%ce%b9%ce%b1%cf%83%ce%b7-%ce%b2%ce%b9%ce%b2%ce%bb%ce%b9%ce%bf%cf%85-%ce%bf%ce%b9%ce%ba%ce%bf%ce%b3%ce%b5\/\" title='\u03a3\u03a5\u0396\u0397\u03a4\u0397\u03a3\u0397 \u2013 \u03a0\u0391\u03a1\u039f\u03a5\u03a3\u0399\u0391\u03a3\u0397 \u0392\u0399\u0392\u039b\u0399\u039f\u03a5 | \u00ab\u039f\u03b9\u03ba\u03bf\u03b3\u03b5\u03bd\u03b5\u03b9\u03b1\u03ba\u03ac \u03b4\u03c1\u03ac\u03bc\u03b1\u03c4\u03b1 \u03c3\u03c4\u03b7 \u03bb\u03bf\u03b3\u03bf\u03c4\u03b5\u03c7\u03bd\u03af\u03b1\u00bb. \u0397 \u03bf\u03b9\u03ba\u03bf\u03b3\u03ad\u03bd\u03b5\u03b9\u03b1 \u03c4\u03b7\u03c2 \u03a3\u03ac\u03c1\u03b1 \u039c\u03ad\u03c3\u03b1, \u03c3\u03b5 \u03bc\u03b5\u03c4\u03ac\u03c6\u03c1\u03b1\u03c3\u03b7 \u039c\u03b1\u03c1\u03af\u03b1\u03c2 \u03a0\u03b1\u03bb\u03b1\u03b9\u03bf\u03bb\u03cc\u03b3\u03bf' style=\"border-radius:50px; border-width:1px; \" >LEER MAS<\/a>\n<\/div>\n    \n<\/div><div class=\"timetabs_item\"><div class=\"item_time\">21:30<\/div><div class=\"item_img\"><img loading=\"lazy\" decoding=\"async\" src=\"https:\/\/lea-festival.com\/wp-content\/uploads\/2024\/05\/25.06_el-dirigible-268x268.jpg\" alt=\"\" width=\"134\" height=\"134\"><\/div><div class=\"content-wrapper\"><div class=\"item_title\">PROYECCI\u00d3N DE PEL\u00cdCULA| El Dirigible, de Pablo Dotta (1994)<\/div><div class=\"item_description\">Instituto Cervantes de Atenas - Terraza<br \/>\n* En espa\u00f1ol y subt\u00edtulos en griego<\/div><\/div><div id=\"genesisexpo_button_69f0d8c06e3e8\" class=\"genesisexpo_module_button wgl_button wgl_button-m aleft\">\n\t<a href=\"https:\/\/lea-festival.com\/es\/%cf%80%cf%81%ce%bf%ce%b2%ce%bf%ce%bb%ce%b7-%cf%84%ce%b1%ce%b9%ce%bd%ce%b9%ce%b1%cf%83-%cf%84%ce%bf-%ce%b6%ce%ad%cf%80%ce%b5%ce%bb%ce%b9%ce%bd-%cf%84%ce%bf%cf%85-%cf%80%ce%ac%ce%bc%cf%80%ce%bb%ce%bf\/\" title='PROYECCI\u00d3N DE PEL\u00cdCULA| El Dirigible, de Pablo Dotta (1994)' style=\"border-radius:50px; border-width:1px; \" >LEER MAS<\/a>\n<\/div>\n    \n<\/div><\/div><div class=\"timetab_container\" data-tab-id=\"tab-1716462014683-4bbefe54-0747\"><div class=\"timetabs_item\"><div class=\"item_time\">17:00<\/div><div class=\"item_img\"><img loading=\"lazy\" decoding=\"async\" src=\"https:\/\/lea-festival.com\/wp-content\/uploads\/2024\/05\/26.06_RioNovo-268x268.jpg\" alt=\"\" width=\"134\" height=\"134\"><\/div><div class=\"content-wrapper\"><div class=\"item_title\">HOMENAJE | \u201cCam\u00f5es: el hombre detr\u00e1s del mito\u201d, por Isabel Rio Novo<\/div><div class=\"item_description\">Embajada de Portugal<br \/>\n* En portugu\u00e9s y griego<\/div><\/div><div id=\"genesisexpo_button_69f0d8c06ebf6\" class=\"genesisexpo_module_button wgl_button wgl_button-m aleft\">\n\t<a href=\"https:\/\/lea-festival.com\/es\/%cf%83%cf%85%ce%b6%ce%b7%cf%84%ce%b7%cf%83%ce%b7-%ce%ba%ce%b1%ce%bc%cf%8c%ce%b5%cf%82-%ce%bf-%ce%ac%ce%bd%ce%b8%cf%81%cf%89%cf%80%ce%bf%cf%82-%cf%80%ce%af%cf%83%cf%89-%ce%b1%cf%80%cf%8c\/\" title='HOMENAJE | \u201cCam\u00f5es: el hombre detr\u00e1s del mito\u201d, por Isabel Rio Novo' style=\"border-radius:50px; border-width:1px; \" >LEER MAS<\/a>\n<\/div>\n    \n<\/div><div class=\"timetabs_item\"><div class=\"item_time\">18:00<\/div><div class=\"item_img\"><img loading=\"lazy\" decoding=\"async\" src=\"https:\/\/lea-festival.com\/wp-content\/uploads\/2024\/05\/26.06_Mesa_club-268x268.jpg\" alt=\"\" width=\"134\" height=\"134\"><\/div><div class=\"content-wrapper\"><div class=\"item_title\">CLUB DE LEACTURA | \u201cLa Familia\u201d de Sara Mesa, en traducci\u00f3n de Mar\u00eda Paleologou<\/div><div class=\"item_description\">Polyglot Bookstore<br \/>\n* En espa\u00f1ol y griego<\/div><\/div><div id=\"genesisexpo_button_69f0d8c06f224\" class=\"genesisexpo_module_button wgl_button wgl_button-m aleft\">\n\t<a href=\"https:\/\/lea-festival.com\/es\/%ce%bb%ce%b5%cf%83%cf%87%ce%b7-%ce%bb%ce%b5%ce%b1%ce%bd%ce%b1%ce%b3%ce%bd%cf%89%cf%83%ce%b7%cf%83-%ce%b7-%ce%bf%ce%b9%ce%ba%ce%bf%ce%b3%ce%ad%ce%bd%ce%b5%ce%b9%ce%b1-%cf%84%ce%b7%cf%82-%cf%83%ce%ac\/\" title='CLUB DE LEACTURA | \u201cLa Familia\u201d de Sara Mesa, en traducci\u00f3n de Mar\u00eda Paleologou' style=\"border-radius:50px; border-width:1px; \" >LEER MAS<\/a>\n<\/div>\n    \n<\/div><div class=\"timetabs_item\"><div class=\"item_time\">18:30<\/div><div class=\"item_img\"><img loading=\"lazy\" decoding=\"async\" src=\"https:\/\/lea-festival.com\/wp-content\/uploads\/2024\/05\/26.06_laVoragine-268x268.jpg\" alt=\"\" width=\"134\" height=\"134\"><\/div><div class=\"content-wrapper\"><div class=\"item_title\">CHARLA | \u201cLa Vor\u00e1gine, cien a\u00f1os despu\u00e9s\u201d, con Dimitra Papavasil\u00edu, Pilar Reyes y Costas Athanas\u00edou<\/div><div class=\"item_description\">Instituto Cervantes de Atenas - Terraza<br \/>\n* En espa\u00f1ol y griego<\/div><\/div><div id=\"genesisexpo_button_69f0d8c06f842\" class=\"genesisexpo_module_button wgl_button wgl_button-m aleft\">\n\t<a href=\"https:\/\/lea-festival.com\/es\/%cf%83%cf%85%ce%b6%ce%b7%cf%84%ce%b7%cf%83%ce%b7-%ce%b7-%cf%81%ce%bf%cf%85%cf%86%ce%ae%cf%87%cf%84%cf%81%ce%b1-%ce%b5%ce%ba%ce%b1%cf%84%cf%8c-%cf%87%cf%81%cf%8c%ce%bd%ce%b9%ce%b1-%ce%bc%ce%b5\/\" title='CHARLA | \u201cLa Vor\u00e1gine, cien a\u00f1os despu\u00e9s\u201d, con Dimitra Papavasil\u00edu, Pilar Reyes y Costas Athanas\u00edou' style=\"border-radius:50px; border-width:1px; \" >LEER MAS<\/a>\n<\/div>\n    \n<\/div><div class=\"timetabs_item\"><div class=\"item_time\">19:30<\/div><div class=\"item_img\"><img loading=\"lazy\" decoding=\"async\" src=\"https:\/\/lea-festival.com\/wp-content\/uploads\/2024\/05\/26.06_Sanz-268x268.jpg\" alt=\"\" width=\"134\" height=\"134\"><\/div><div class=\"content-wrapper\"><div class=\"item_title\">PRESENTACI\u00d3N DE LIBRO | \u201cPeque\u00f1as mujeres rojas\u201d de Marta Sanz, en traducci\u00f3n de Konstantinos Paleologos<\/div><div class=\"item_description\">Polyglot Bookstore<br \/>\n* En espa\u00f1ol y griego<\/div><\/div><div id=\"genesisexpo_button_69f0d8c06fe7a\" class=\"genesisexpo_module_button wgl_button wgl_button-m aleft\">\n\t<a href=\"https:\/\/lea-festival.com\/es\/%cf%80%ce%b1%cf%81%ce%bf%cf%85%cf%83%ce%b9%ce%b1%cf%83%ce%b7-%ce%b2%ce%b9%ce%b2%ce%bb%ce%b9%ce%bf%cf%85-%ce%bc%ce%b9%ce%ba%cf%81%ce%ad%cf%82-%ce%ba%cf%8c%ce%ba%ce%ba%ce%b9%ce%bd%ce%b5%cf%82-%ce%b3\/\" title='PRESENTACI\u00d3N DE LIBRO | \u201cPeque\u00f1as mujeres rojas\u201d de Marta Sanz, en traducci\u00f3n de Konstantinos Paleologos' style=\"border-radius:50px; border-width:1px; \" >LEER MAS<\/a>\n<\/div>\n    \n<\/div><div class=\"timetabs_item\"><div class=\"item_time\">19:30<\/div><div class=\"item_img\"><img loading=\"lazy\" decoding=\"async\" src=\"https:\/\/lea-festival.com\/wp-content\/uploads\/2024\/05\/26.06_enriquez-1-268x268.jpg\" alt=\"\" width=\"134\" height=\"134\"><\/div><div class=\"content-wrapper\"><div class=\"item_title\">PRESENTACI\u00d3N DE LIBRO | \u201cNuestra parte de noche\u201d de Mariana Enriquez, en traducci\u00f3n de Cristina Theodoropulu<\/div><div class=\"item_description\">Instituto Cervantes de Atenas - Terraza<br \/>\n* En espa\u00f1ol y griego<\/div><\/div><div id=\"genesisexpo_button_69f0d8c070497\" class=\"genesisexpo_module_button wgl_button wgl_button-m aleft\">\n\t<a href=\"https:\/\/lea-festival.com\/es\/%cf%80%ce%b1%cf%81%ce%bf%cf%85%cf%83%ce%b9%ce%b1%cf%83%ce%b7-%ce%b2%ce%b9%ce%b2%ce%bb%ce%b9%ce%bf%cf%85-%ce%b7-%ce%b4%ce%b9%ce%ba%ce%b7-%ce%bc%ce%b1%cf%82-%cf%80%ce%bb%ce%b5%cf%85%cf%81%ce%ac-%cf%84\/\" title='PRESENTACI\u00d3N DE LIBRO | \u201cNuestra parte de noche\u201d de Mariana Enriquez, en traducci\u00f3n de Cristina Theodoropulu' style=\"border-radius:50px; border-width:1px; \" >LEER MAS<\/a>\n<\/div>\n    \n<\/div><div class=\"timetabs_item\"><div class=\"item_time\">20:30<\/div><div class=\"item_img\"><img loading=\"lazy\" decoding=\"async\" src=\"https:\/\/lea-festival.com\/wp-content\/uploads\/2024\/06\/26.06_libro_guion-268x268.jpg\" alt=\"\" width=\"134\" height=\"134\"><\/div><div class=\"content-wrapper\"><div class=\"item_title\">CHARLA | \u201cDel libro al gui\u00f3n\u201d, con Santiago Roncagliolo y Christos Kythreotis<\/div><div class=\"item_description\">Instituto Cervantes de Atenas - Terraza<br \/>\n* En espa\u00f1ol y griego<\/div><\/div><div id=\"genesisexpo_button_69f0d8c070aba\" class=\"genesisexpo_module_button wgl_button wgl_button-m aleft\">\n\t<a href=\"https:\/\/lea-festival.com\/es\/%cf%83%cf%85%ce%b6%ce%b7%cf%84%ce%b7%cf%83%ce%b7-%ce%b1%cf%80%cf%8c-%cf%84%ce%bf-%ce%b2%ce%b9%ce%b2%ce%bb%ce%af%ce%bf-%cf%83%cf%84%ce%bf-%cf%83%ce%b5%ce%bd%ce%ac%cf%81%ce%b9%ce%bf\/\" title='CHARLA | \u201cDel libro al gui\u00f3n\u201d, con Santiago Roncagliolo y Christos Kythreotis' style=\"border-radius:50px; border-width:1px; \" >LEER MAS<\/a>\n<\/div>\n    \n<\/div><div class=\"timetabs_item\"><div class=\"item_time\">21:30<\/div><div class=\"item_img\"><img loading=\"lazy\" decoding=\"async\" src=\"https:\/\/lea-festival.com\/wp-content\/uploads\/2024\/05\/26.06_Pelicula_laPena-268x268.jpg\" alt=\"\" width=\"134\" height=\"134\"><\/div><div class=\"content-wrapper\"><div class=\"item_title\">PROYECCI\u00d3N DE LA PEL\u00cdCULA| La Pena M\u00e1xima, de Michel G\u00f3mez (2022)<\/div><div class=\"item_description\">Instituto Cervantes de Atenas - Terraza<br \/>\n* En espa\u00f1ol y subt\u00edtulos en griego<\/div><\/div><div id=\"genesisexpo_button_69f0d8c071181\" class=\"genesisexpo_module_button wgl_button wgl_button-m aleft\">\n\t<a href=\"https:\/\/lea-festival.com\/es\/%cf%80%cf%81%ce%bf%ce%b2%ce%bf%ce%bb%ce%b7-%cf%84%ce%b1%ce%b9%ce%bd%ce%b9%ce%b1%cf%83-%ce%b7-%ce%b5%cf%83%cf%87%ce%ac%cf%84%ce%b7-%cf%84%cf%89%ce%bd-%cf%80%ce%bf%ce%b9%ce%bd%cf%8e%ce%bd\/\" title='PROYECCI\u00d3N DE LA PEL\u00cdCULA| La Pena M\u00e1xima, de Michel G\u00f3mez (2022)' style=\"border-radius:50px; border-width:1px; \" >LEER MAS<\/a>\n<\/div>\n    \n<\/div><\/div><div class=\"timetab_container\" data-tab-id=\"tab-1716462034775-a6c71e2e-88e3\"><div class=\"timetabs_item\"><div class=\"item_time\">17:00<\/div><div class=\"item_img\"><img loading=\"lazy\" decoding=\"async\" src=\"https:\/\/lea-festival.com\/wp-content\/uploads\/2024\/05\/27.06_mesa_fonseca-268x268.jpg\" alt=\"\" width=\"134\" height=\"134\"><\/div><div class=\"content-wrapper\"><div class=\"item_title\">CAF\u00c9 ENTREVISTA | Encuentro con  Sara Mesa, y Carlos Fonseca<\/div><div class=\"item_description\">Instituto Cervantes de Atenas - Terraza<br \/>\n* En espa\u00f1ol y griego<\/div><\/div><div id=\"genesisexpo_button_69f0d8c071900\" class=\"genesisexpo_module_button wgl_button wgl_button-m aleft\">\n\t<a href=\"https:\/\/lea-festival.com\/es\/%ce%ba%ce%b1%cf%86%ce%b5-%cf%83%cf%85%ce%bd%ce%b5%ce%bd%cf%84%ce%b5%cf%85%ce%be%ce%b7-%cf%83%cf%85%ce%bd%ce%ac%ce%bd%cf%84%ce%b7%cf%83%ce%b7-%ce%bc%ce%b5-%cf%84%ce%b7-%ce%bc%ce%ac%cf%81%cf%84%ce%b1\/\" title='CAF\u00c9 ENTREVISTA | Encuentro con  Sara Mesa, Marta Sanz y Carlos Fonseca' style=\"border-radius:50px; border-width:1px; \" >LEER MAS<\/a>\n<\/div>\n    \n<\/div><div class=\"timetabs_item\"><div class=\"item_time\">18:30<\/div><div class=\"item_img\"><img loading=\"lazy\" decoding=\"async\" src=\"https:\/\/lea-festival.com\/wp-content\/uploads\/2024\/06\/27.06_onetti-268x268.jpg\" alt=\"\" width=\"134\" height=\"134\"><\/div><div class=\"content-wrapper\"><div class=\"item_title\">HOMENAJE | \u201cJuan Carlos Onetti, Premio Cervantes 1980\u201d, con Hortensia Campanella y Juan Cruz Ruiz<\/div><div class=\"item_description\">Instituto Cervantes de Atenas - Terraza<br \/>\n* En espa\u00f1ol y griego<\/div><\/div><div id=\"genesisexpo_button_69f0d8c071f0b\" class=\"genesisexpo_module_button wgl_button wgl_button-m aleft\">\n\t<a href=\"https:\/\/lea-festival.com\/es\/%ce%b1%cf%86%ce%b9%ce%b5%cf%81%cf%89%ce%bc%ce%b1-%cf%87%ce%bf%cf%85%ce%ac%ce%bd-%ce%ba%ce%ac%cf%81%ce%bb%ce%bf%cf%82-%ce%bf%ce%bd%ce%ad%cf%84%ce%b9-%ce%b2%cf%81%ce%b1%ce%b2%ce%b5%ce%af%ce%bf-%ce%b8\/\" title='HOMENAJE | \u201cJuan Carlos Onetti, Premio Cervantes 1980\u201d, con Hortensia Campanella y Juan Cruz Ruiz' style=\"border-radius:50px; border-width:1px; \" >LEER MAS<\/a>\n<\/div>\n    \n<\/div><div class=\"timetabs_item\"><div class=\"item_time\">19:00<\/div><div class=\"item_img\"><img loading=\"lazy\" decoding=\"async\" src=\"https:\/\/lea-festival.com\/wp-content\/uploads\/2024\/05\/27.06_Novo-268x268.jpg\" alt=\"\" width=\"134\" height=\"134\"><\/div><div class=\"content-wrapper\"><div class=\"item_title\">PRESENTACI\u00d3N DE LIBRO | \u201cRua de Paris em Dia de Chuva\u201d de Isabel R\u00edo Novo en traducci\u00f3n de Zoi Karambekiou<\/div><div class=\"item_description\">Polyglot Bookstore<br \/>\n* \u0395n portugu\u00e9s y griego<\/div><\/div><div id=\"genesisexpo_button_69f0d8c0724f8\" class=\"genesisexpo_module_button wgl_button wgl_button-m aleft\">\n\t<a href=\"https:\/\/lea-festival.com\/es\/%cf%80%ce%b1%cf%81%ce%bf%cf%85%cf%83%ce%b9%ce%b1%cf%83%ce%b7-%ce%b2%ce%b9%ce%b2%ce%bb%ce%b9%ce%bf%cf%85-%cf%80%ce%b1%cf%81%ce%b9%ce%b6%ce%b9%ce%ac%ce%bd%ce%b9%ce%ba%ce%bf%cf%82-%ce%b4%cf%81%cf%8c\/\" title='PRESENTACI\u00d3N DE LIBRO | \u201cRua de Paris em Dia de Chuva\u201d de Isabel R\u00edo Novo en traducci\u00f3n de Zoi Karambekiou' style=\"border-radius:50px; border-width:1px; \" >LEER MAS<\/a>\n<\/div>\n    \n<\/div><div class=\"timetabs_item\"><div class=\"item_time\">19:30<\/div><div class=\"item_img\"><img loading=\"lazy\" decoding=\"async\" src=\"https:\/\/lea-festival.com\/wp-content\/uploads\/2024\/06\/27.06_fonseca_roncagiolo-268x268.jpg\" alt=\"\" width=\"134\" height=\"134\"><\/div><div class=\"content-wrapper\"><div class=\"item_title\">CHARLA - PRESENTACI\u00d3N DE LIBROS | \u201cMuseo Animal\u201d de Carlos Fonseca en traducci\u00f3n de Angelik\u00ed Vasil\u00e1kou y \u201cEl a\u00f1o en que naci\u00f3 el demonio\u201d de Santiago Roncagliolo en traducci\u00f3n de Costas Athanas\u00edou<\/div><div class=\"item_description\">Instituto Cervantes de Atenas - Terraza<br \/>\n* En espa\u00f1ol y griego<\/div><\/div><div id=\"genesisexpo_button_69f0d8c072ad6\" class=\"genesisexpo_module_button wgl_button wgl_button-m aleft\">\n\t<a href=\"https:\/\/lea-festival.com\/es\/%cf%83%cf%85%ce%b6%ce%b7%cf%84%ce%b7%cf%83%ce%b7-%cf%80%ce%b1%cf%81%ce%bf%cf%85%cf%83%ce%b9%ce%b1%cf%83%ce%b7-%ce%b2%ce%b9%ce%b2%ce%bb%ce%b9%cf%89%ce%bd-%ce%bc%ce%bf%cf%85%cf%83%ce%b5%ce%af\/\" title='\u03a3\u03a5\u0396\u0397\u03a4\u0397\u03a3\u0397 \u2013 \u03a0\u0391\u03a1\u039f\u03a5\u03a3\u0399\u0391\u03a3\u0397 \u0392\u0399\u0392\u039b\u0399\u03a9\u039d | \u00ab\u039c\u03bf\u03c5\u03c3\u03b5\u03af\u03bf \u03c6\u03c5\u03c3\u03b9\u03ba\u03ae\u03c2 \u03b9\u03c3\u03c4\u03bf\u03c1\u03af\u03b1\u03c2\u00bb \u03c4\u03bf\u03c5 \u039a\u03ac\u03c1\u03bb\u03bf\u03c2 \u03a6\u03bf\u03bd\u03c3\u03ad\u03ba\u03b1 \u03c3\u03b5 \u03bc\u03b5\u03c4\u03ac\u03c6\u03c1\u03b1\u03c3\u03b7 \u0391\u03b3\u03b3\u03b5\u03bb\u03b9\u03ba\u03ae\u03c2 \u0392\u03b1\u03c3\u03b9\u03bb\u03ac\u03ba\u03bf\u03c5 \u03ba\u03b1\u03b9  \u00ab\u0397 \u03c7\u03c1\u03bf\u03bd\u03b9\u03ac \u03c0\u03bf\u03c5 \u03b3\u03b5\u03bd\u03bd\u03ae\u03b8\u03b7\u03ba\u03b5 \u03bf \u03b4\u03b1\u03af\u03bc\u03bf\u03bd\u03b1\u03c2\u00bb \u03c4\u03bf\u03c5 \u03a3\u03b1\u03bd\u03c4\u03b9\u03ac\u03b3\u03bf \u03a1\u03bf\u03bd\u03ba\u03b1\u03bb\u03b9\u03cc\u03bb\u03bf \u03c3\u03b5 \u03bc\u03b5\u03c4\u03ac\u03c6\u03c1\u03b1\u03c3\u03b7 \u039a\u03ce\u03c3\u03c4\u03b1 \u0391\u03b8\u03b1\u03bd\u03b1\u03c3\u03af\u03bf\u03c5' style=\"border-radius:50px; border-width:1px; \" >LEER MAS<\/a>\n<\/div>\n    \n<\/div><div class=\"timetabs_item\"><div class=\"item_time\">20:30<\/div><div class=\"item_img\"><img loading=\"lazy\" decoding=\"async\" src=\"https:\/\/lea-festival.com\/wp-content\/uploads\/2024\/05\/27.06_reyes_neira_patakis-268x268.jpg\" alt=\"\" width=\"134\" height=\"134\"><\/div><div class=\"content-wrapper\"><div class=\"item_title\">CHARLA | \u201cEl rol de la mujer en la industria del libro\u201d, con Pilar Reyes, Claudia Neira y Anna Patakis<\/div><div class=\"item_description\">Instituto Cervantes de Atenas - Terraza<br \/>\n* En espa\u00f1ol y griego<\/div><\/div><div id=\"genesisexpo_button_69f0d8c07309e\" class=\"genesisexpo_module_button wgl_button wgl_button-m aleft\">\n\t<a href=\"https:\/\/lea-festival.com\/es\/%cf%83%cf%85%ce%b6%ce%b7%cf%84%ce%b7%cf%83%ce%b7-%ce%bf-%cf%81%cf%8c%ce%bb%ce%bf%cf%82-%cf%84%ce%b7%cf%82-%ce%b3%cf%85%ce%bd%ce%b1%ce%af%ce%ba%ce%b1%cf%82-%cf%83%cf%84%ce%b7-%ce%b2%ce%b9%ce%bf\/\" title='CHARLA | \u201cEl rol de la mujer en la industria del libro\u201d, con Pilar Reyes, Claudia Neira y Anna Patakis' style=\"border-radius:50px; border-width:1px; \" >LEER MAS<\/a>\n<\/div>\n    \n<\/div><div class=\"timetabs_item\"><div class=\"item_time\">21:30<\/div><div class=\"item_img\"><img loading=\"lazy\" decoding=\"async\" src=\"https:\/\/lea-festival.com\/wp-content\/uploads\/2024\/05\/27.06_netel-268x268.jpg\" alt=\"\" width=\"134\" height=\"134\"><\/div><div class=\"content-wrapper\"><div class=\"item_title\">CHARLA - PRESENTACI\u00d3N DE LIBRO | \u201cLa hija \u00fanica\u201d de Guadalupe Nettel, en traducci\u00f3n de Nanna Papanicol\u00e1u<\/div><div class=\"item_description\">Instituto Cervantes de Atenas - Terraza<br \/>\n* En espa\u00f1ol y griego<\/div><\/div><div id=\"genesisexpo_button_69f0d8c0736ca\" class=\"genesisexpo_module_button wgl_button wgl_button-m aleft\">\n\t<a href=\"https:\/\/lea-festival.com\/es\/%cf%83%cf%85%ce%b6%ce%b7%cf%84%ce%b7%cf%83%ce%b7-%cf%80%ce%b1%cf%81%ce%bf%cf%85%cf%83%ce%b9%ce%b1%cf%83%ce%b7-%ce%b2%ce%b9%ce%b2%ce%bb%ce%b9%ce%bf%cf%85-%ce%b7-%ce%bc%ce%bf%ce%bd%ce%b1%cf%87%ce%bf\/\" title='\u03a3\u03a5\u0396\u0397\u03a4\u0397\u03a3\u0397 \u2013 \u03a0\u0391\u03a1\u039f\u03a5\u03a3\u0399\u0391\u03a3\u0397 \u0392\u0399\u0392\u039b\u0399\u039f\u03a5 | \u0397 \u03bc\u03bf\u03bd\u03b1\u03c7\u03bf\u03ba\u03cc\u03c1\u03b7, \u03c4\u03b7\u03c2 \u0393\u03bf\u03c5\u03b1\u03b4\u03b1\u03bb\u03bf\u03cd\u03c0\u03b5 \u039d\u03b5\u03c4\u03ad\u03bb, \u03c3\u03b5 \u03bc\u03b5\u03c4\u03ac\u03c6\u03c1\u03b1\u03c3\u03b7 \u039d\u03ac\u03bd\u03bd\u03b1\u03c2 \u03a0\u03b1\u03c0\u03b1\u03bd\u03b9\u03ba\u03bf\u03bb\u03ac\u03bf\u03c5' style=\"border-radius:50px; border-width:1px; \" >LEER MAS<\/a>\n<\/div>\n    \n<\/div><\/div><div class=\"timetab_container\" data-tab-id=\"tab-1716462050578-319e08ee-171a\"><div class=\"timetabs_item\"><div class=\"item_time\">11:00<\/div><div class=\"item_img\"><img loading=\"lazy\" decoding=\"async\" src=\"https:\/\/lea-festival.com\/wp-content\/uploads\/2024\/06\/28.06_RioNovo-1-268x268.jpg\" alt=\"\" width=\"134\" height=\"134\"><\/div><div class=\"content-wrapper\"><div class=\"item_title\">CAFE ENTREVISTA | Encuentro con Isabel R\u00edo Novo<\/div><div class=\"item_description\">\u039c\u03cc\u03bd\u03bf Online \u03a0\u03b1\u03c1\u03b1\u03ba\u03bf\u03bb\u03bf\u03cd\u03b8\u03b7\u03c3\u03b7 \u03b1\u03c0\u03cc \u03c4\u03b7\u03bd \u03a0\u03c1\u03b5\u03c3\u03b2\u03b5\u03af\u03b1 \u03c4\u03b7\u03c2 \u03a0\u03bf\u03c1\u03c4\u03bf\u03b3\u03b1\u03bb\u03af\u03b1\u03c2<br \/>\n* En portugu\u00e9s y espa\u00f1ol<\/div><\/div><div id=\"genesisexpo_button_69f0d8c073e2d\" class=\"genesisexpo_module_button wgl_button wgl_button-m aleft\">\n\t<a href=\"https:\/\/lea-festival.com\/es\/%ce%ba%ce%b1%cf%86%ce%b5-%cf%83%cf%85%ce%bd%ce%b5%ce%bd%cf%84%ce%b5%cf%85%ce%be%ce%b7-%cf%83%cf%85%ce%bd%ce%ac%ce%bd%cf%84%ce%b7%cf%83%ce%b7-%ce%bc%ce%b5-%cf%84%ce%b7%ce%bd-%ce%b9%ce%b6%ce%b1%ce%bc\/\" title='CAFE ENTREVISTA | Encuentro con Isabel R\u00edo Novo' style=\"border-radius:50px; border-width:1px; \" >LEER MAS<\/a>\n<\/div>\n    \n<\/div><div class=\"timetabs_item\"><div class=\"item_time\">12:30<\/div><div class=\"item_img\"><img loading=\"lazy\" decoding=\"async\" src=\"https:\/\/lea-festival.com\/wp-content\/uploads\/2024\/06\/28.06_Volpi_LEActura-268x268.jpg\" alt=\"\" width=\"134\" height=\"134\"><\/div><div class=\"content-wrapper\"><div class=\"item_title\">CLUB DE LECTURA | \u201cExamen de mi padre\u201d, de Jorge Volpi<\/div><div class=\"item_description\">Instituto Cervantes de Atenas - Biblioteca Juan Carlos Onetti<br \/>\n* En espa\u00f1ol<\/div><\/div><div id=\"genesisexpo_button_69f0d8c074424\" class=\"genesisexpo_module_button wgl_button wgl_button-m aleft\">\n\t<a href=\"https:\/\/lea-festival.com\/es\/%ce%bb%ce%b5%cf%83%cf%87%ce%b7-%ce%b1%ce%bd%ce%b1%ce%b3%ce%bd%cf%89%cf%83%ce%b7%cf%83-examen-de-mi-padre-%cf%84%ce%bf%cf%85-%cf%87%cf%8c%cf%81%cf%87%ce%b5-%ce%b2%cf%8c%ce%bb%cf%80%ce%b9\/\" title='CLUB DE LECTURA | \u201cExamen de mi padre\u201d, de Jorge Volpi' style=\"border-radius:50px; border-width:1px; \" >LEER MAS<\/a>\n<\/div>\n    \n<\/div><div class=\"timetabs_item\"><div class=\"item_time\">19:00<\/div><div class=\"item_img\"><img loading=\"lazy\" decoding=\"async\" src=\"https:\/\/lea-festival.com\/wp-content\/uploads\/2024\/05\/28.06_volpi_nettel-1-268x268.jpg\" alt=\"\" width=\"134\" height=\"134\"><\/div><div class=\"content-wrapper\"><div class=\"item_title\">HOMENAJE | \u201cDiplom\u00e1ticos mexicanos, embajadores de las letras griegas a la literatura hispanoamericana\u201d, con Jorge Volpi y Guadalupe Nettel<\/div><div class=\"item_description\">Fundaci\u00f3n Mar\u00eda Tsakos<br \/>\n* En espa\u00f1ol y griego<\/div><\/div><div id=\"genesisexpo_button_69f0d8c074ad1\" class=\"genesisexpo_module_button wgl_button wgl_button-m aleft\">\n\t<a href=\"https:\/\/lea-festival.com\/es\/%ce%b1%cf%86%ce%b9%ce%b5%cf%81%cf%89%ce%bc%ce%b1-%ce%bc%ce%b5%ce%be%ce%b9%ce%ba%ce%b1%ce%bd%ce%bf%ce%af-%ce%b4%ce%b9%cf%80%ce%bb%cf%89%ce%bc%ce%ac%cf%84%ce%b5%cf%82-%cf%80%cf%81%ce%b5%cf%83\/\" title='HOMENAJE | \u201cDiplom\u00e1ticos mexicanos, embajadores de las letras griegas a la literatura hispanoamericana\u201d, con Jorge Volpi y Guadalupe Nettel' style=\"border-radius:50px; border-width:1px; \" >LEER MAS<\/a>\n<\/div>\n    \n<\/div><div class=\"timetabs_item\"><div class=\"item_time\">20:00<\/div><div class=\"item_img\"><img loading=\"lazy\" decoding=\"async\" src=\"https:\/\/lea-festival.com\/wp-content\/uploads\/2024\/05\/28.06_homenaje-2-268x268.jpg\" alt=\"\" width=\"134\" height=\"134\"><\/div><div class=\"content-wrapper\"><div class=\"item_title\">HOMENAJE - PRESENTACI\u00d3N DE LIBRO | \u201cDesastres \u00edntimos\u201d, de Cristina Peri Rossi, en traducci\u00f3n de Anna Verriopulu, por Hortensia Campanella, Yulia Ganasu y Dimitris Filipp\u00eds<\/div><div class=\"item_description\">Fundaci\u00f3n Mar\u00eda Tsakos<br \/>\n* En espa\u00f1ol y griego<\/div><\/div><div id=\"genesisexpo_button_69f0d8c0750f7\" class=\"genesisexpo_module_button wgl_button wgl_button-m aleft\">\n\t<a href=\"https:\/\/lea-festival.com\/es\/%ce%b1%cf%86%ce%b9%ce%b5%cf%81%cf%89%ce%bc%ce%b1-%cf%80%ce%b1%cf%81%ce%bf%cf%85%cf%83%ce%b9%ce%b1%cf%83%ce%b7-%ce%b2%ce%b9%ce%b2%ce%bb%ce%b9%ce%bf%cf%85-%ce%bc%cf%8d%cf%87%ce%b9%ce%b5%cf%82-%ce%ba\/\" title='\u0391\u03a6\u0399\u0395\u03a1\u03a9\u039c\u0391 \u2013 \u03a0\u0391\u03a1\u039f\u03a5\u03a3\u0399\u0391\u03a3\u0397 \u0392\u0399\u0392\u039b\u0399\u039f\u03a5 | \u039c\u03cd\u03c7\u03b9\u03b5\u03c2 \u03ba\u03b1\u03c4\u03b1\u03c3\u03c4\u03c1\u03bf\u03c6\u03ad\u03c2 \u03c4\u03b7\u03c2 \u039a\u03c1\u03b9\u03c3\u03c4\u03af\u03bd\u03b1 \u03a0\u03ad\u03c1\u03b9 \u03a1\u03cc\u03c3\u03b9, \u03c3\u03b5 \u03bc\u03b5\u03c4\u03ac\u03c6\u03c1\u03b1\u03c3\u03b7 \u0386\u03bd\u03bd\u03b1\u03c2 \u0392\u03b5\u03c1\u03c1\u03bf\u03b9\u03bf\u03c0\u03bf\u03cd\u03bb\u03bf\u03c5, \u03bc\u03b5 \u03c4\u03b7\u03bd \u039f\u03c1\u03c4\u03ad\u03bd\u03c3\u03b9\u03b1 \u039a\u03b1\u03bc\u03c0\u03b1\u03bd\u03ad\u03b3\u03b9\u03b1, \u03c4\u03b7 \u03a4\u03b6\u03bf\u03cd\u03bb\u03b9\u03b1 \u0393\u03ba\u03b1\u03bd\u03ac\u03c3\u03bf\u03c5 \u03ba\u03b1\u03b9 \u03c4\u03bf\u03bd \u0394\u03b7\u03bc\u03ae\u03c4\u03c1\u03b7 \u03a6\u03b9\u03bb\u03b9\u03c0\u03c0\u03ae' style=\"border-radius:50px; border-width:1px; \" >LEER MAS<\/a>\n<\/div>\n    \n<\/div><div class=\"timetabs_item\"><div class=\"item_time\">21:00<\/div><div class=\"item_img\"><img loading=\"lazy\" decoding=\"async\" src=\"https:\/\/lea-festival.com\/wp-content\/uploads\/2024\/05\/28.06_gerokosta-1-268x268.jpg\" alt=\"\" width=\"134\" height=\"134\"><\/div><div class=\"content-wrapper\"><div class=\"item_title\">LECTURA DRAMATIZADA | \u00abNavigatio\u00bb, con Evi Gerokosta y Mata Kourti<\/div><div class=\"item_description\">Fundaci\u00f3n Mar\u00eda Tsakos<br \/>\n* En griego<br \/>\nA continuaci\u00f3n, se ofrecer\u00e1 un c\u00f3ctel de honor de clausura del XVI Festival LEA.<\/div><\/div><div id=\"genesisexpo_button_69f0d8c0756d3\" class=\"genesisexpo_module_button wgl_button wgl_button-m aleft\">\n\t<a href=\"https:\/\/lea-festival.com\/es\/%ce%b4%cf%81%ce%b1%ce%bc%ce%b1%cf%84%ce%bf%cf%80%ce%bf%ce%b9%ce%b7%ce%bc%ce%b5%ce%bd%ce%b7-%ce%b1%ce%bd%ce%b1%ce%b3%ce%bd%cf%89%cf%83%ce%b7-%cf%80%ce%bb%ce%bf%ce%ae%ce%b3%ce%b7%cf%83%ce%b7\/\" title='LECTURA DRAMATIZADA | \u00abNavigatio\u00bb, con Evi Gerokosta y Mata Kourti' style=\"border-radius:50px; border-width:1px; \" >LEER MAS<\/a>\n<\/div>\n    \n<\/div><div class=\"timetabs_item\"><div class=\"item_time\">21:00<\/div><div class=\"item_img\"><img loading=\"lazy\" decoding=\"async\" src=\"https:\/\/lea-festival.com\/wp-content\/uploads\/2024\/06\/28.06_Enriquez_Canea-1-268x268.jpg\" alt=\"\" width=\"134\" height=\"134\"><\/div><div class=\"content-wrapper\"><div class=\"item_title\">PRESENTACI\u00d3N DE LIBRO en Canea | \u201cNuestra parte de noche\u201d de Mariana Enriquez, en traducci\u00f3n de Cristina Theodoropulu<\/div><div class=\"item_description\">Espacio para eventos \"Mikis Theodorakis\" - Sala de teatro<br \/>\nEn espa\u00f1ol y griego<\/div><\/div><div id=\"genesisexpo_button_69f0d8c075d03\" class=\"genesisexpo_module_button wgl_button wgl_button-m aleft\">\n\t<a href=\"https:\/\/lea-festival.com\/es\/%cf%80%ce%b1%cf%81%ce%bf%cf%85%cf%83%ce%b9%ce%b1%cf%83%ce%b7-%ce%b2%ce%b9%ce%b2%ce%bb%ce%b9%ce%bf%cf%85-%ce%b7-%ce%b4%ce%b9%ce%ba%ce%b7-%ce%bc%ce%b1%cf%82-%cf%80%ce%bb%ce%b5%cf%85%cf%81%ce%ac-%cf%84-2\/\" title='PRESENTACI\u00d3N DE LIBRO | \u201cNuestra parte de noche\u201d de Mariana Enriquez, en traducci\u00f3n de Cristina Theodoropulu' style=\"border-radius:50px; border-width:1px; \" >LEER MAS<\/a>\n<\/div>\n    \n<\/div><\/div><div class=\"timetab_container\" data-tab-id=\"tab-1718038858374-196dfff1-3d2c\"><div class=\"timetabs_item\"><div class=\"item_time\">18:00<\/div><div class=\"item_img\"><img loading=\"lazy\" decoding=\"async\" src=\"https:\/\/lea-festival.com\/wp-content\/uploads\/2024\/06\/29.06_Mesa_Netel_Tena-268x268.jpg\" alt=\"\" width=\"134\" height=\"134\"><\/div><div class=\"content-wrapper\"><div class=\"item_title\">CHARLA en el Festival del Libro de La Canea | \u201cLa din\u00e1mica y el drama de las familias modernas \u201d con Sara Mesa, Guadalupe Nettel y Pilar Tena<\/div><div class=\"item_description\">Espacio para eventos \"Mikis Theodorakis\" - Sala de teatro<br \/>\n* En espa\u00f1ol y griego<\/div><\/div><div id=\"genesisexpo_button_69f0d8c0764a3\" class=\"genesisexpo_module_button wgl_button wgl_button-m aleft\">\n\t<a href=\"https:\/\/lea-festival.com\/es\/%cf%83%cf%85%ce%b6%ce%b7%cf%84%ce%b7%cf%83%ce%b7-%ce%b7-%ce%b4%cf%85%ce%bd%ce%b1%ce%bc%ce%b9%ce%ba%ce%ae-%ce%ba%ce%b1%ce%b9-%cf%84%ce%bf-%ce%b4%cf%81%ce%ac%ce%bc%ce%b1-%cf%84%ce%b7%cf%82\/\" title='\u03a3\u03a5\u0396\u0397\u03a4\u0397\u03a3\u0397 | \u00ab\u0397 \u03b4\u03c5\u03bd\u03b1\u03bc\u03b9\u03ba\u03ae \u03ba\u03b1\u03b9 \u03c4\u03bf \u03b4\u03c1\u03ac\u03bc\u03b1 \u03c4\u03b7\u03c2 \u03c3\u03cd\u03b3\u03c7\u03c1\u03bf\u03bd\u03b7\u03c2 \u03bf\u03b9\u03ba\u03bf\u03b3\u03ad\u03bd\u03b5\u03b9\u03b1\u03c2\u00bb \u03bc\u03b5 \u03c4\u03b9\u03c2 \u03a3\u03ac\u03c1\u03b1 \u039c\u03ad\u03c3\u03b1, \u0393\u03bf\u03c5\u03b1\u03b4\u03b1\u03bb\u03bf\u03cd\u03c0\u03b5 \u039d\u03b5\u03c4\u03ad\u03bb \u03ba\u03b1\u03b9 \u03a0\u03b9\u03bb\u03ac\u03c1 \u03a4\u03ad\u03bd\u03b1' style=\"border-radius:50px; border-width:1px; \" >LEER MAS<\/a>\n<\/div>\n    \n<\/div><div class=\"timetabs_item\"><div class=\"item_time\">19:00<\/div><div class=\"item_img\"><img loading=\"lazy\" decoding=\"async\" src=\"https:\/\/lea-festival.com\/wp-content\/uploads\/2024\/06\/29.06_Roncagliolo_Athanasiou-268x268.jpg\" alt=\"\" width=\"134\" height=\"134\"><\/div><div class=\"content-wrapper\"><div class=\"item_title\">CHARLA - PRESENTACI\u00d3N DE LIBROS en el Festival del Libro de La Canea | \u201cMuseo Animal\u201d de Carlos Fonseca en traducci\u00f3n de Angelik\u00ed Vasil\u00e1kou y \u201cEl a\u00f1o que naci\u00f3 el demonio\u201d de Santiago Roncagliolo en traducci\u00f3n de Costas Athanas\u00edou<\/div><div class=\"item_description\">Espacio para eventos \"Mikis Theodorakis\" - Sala de teatro<br \/>\n* En espa\u00f1ol y griego<\/div><\/div><div id=\"genesisexpo_button_69f0d8c076aaa\" class=\"genesisexpo_module_button wgl_button wgl_button-m aleft\">\n\t<a href=\"https:\/\/lea-festival.com\/es\/%cf%83%cf%85%ce%b6%ce%b7%cf%84%ce%b7%cf%83%ce%b7-%cf%80%ce%b1%cf%81%ce%bf%cf%85%cf%83%ce%b9%ce%b1%cf%83%ce%b7-%ce%b2%ce%b9%ce%b2%ce%bb%ce%b9%cf%89%ce%bd-%ce%bc%ce%bf%cf%85%cf%83\/\" title='\u03a3\u03a5\u0396\u0397\u03a4\u0397\u03a3\u0397 \u2013 \u03a0\u0391\u03a1\u039f\u03a5\u03a3\u0399\u0391\u03a3\u0397 \u0392\u0399\u0392\u039b\u0399\u03a9\u039d | \u00ab\u039c\u03bf\u03c5\u03c3\u03b5\u03af\u03bf \u03c6\u03c5\u03c3\u03b9\u03ba\u03ae\u03c2 \u03b9\u03c3\u03c4\u03bf\u03c1\u03af\u03b1\u03c2\u00bb \u03c4\u03bf\u03c5 \u039a\u03ac\u03c1\u03bb\u03bf\u03c2 \u03a6\u03bf\u03bd\u03c3\u03ad\u03ba\u03b1 \u03c3\u03b5 \u03bc\u03b5\u03c4\u03ac\u03c6\u03c1\u03b1\u03c3\u03b7 \u0391\u03b3\u03b3\u03b5\u03bb\u03b9\u03ba\u03ae\u03c2 \u0392\u03b1\u03c3\u03b9\u03bb\u03ac\u03ba\u03bf\u03c5 \u03ba\u03b1\u03b9 \u00ab\u0397 \u03c7\u03c1\u03bf\u03bd\u03b9\u03ac \u03c0\u03bf\u03c5 \u03b3\u03b5\u03bd\u03bd\u03ae\u03b8\u03b7\u03ba\u03b5 \u03bf \u03b4\u03b1\u03af\u03bc\u03bf\u03bd\u03b1\u03c2\u00bb \u03c4\u03bf\u03c5 \u03a3\u03b1\u03bd\u03c4\u03b9\u03ac\u03b3\u03bf \u03a1\u03bf\u03bd\u03ba\u03b1\u03bb\u03b9\u03cc\u03bb\u03bf \u03c3\u03b5 \u03bc\u03b5\u03c4\u03ac\u03c6\u03c1\u03b1\u03c3\u03b7 \u039a\u03ce\u03c3\u03c4\u03b1 \u0391\u03b8\u03b1\u03bd\u03b1\u03c3\u03af\u03bf\u03c5' style=\"border-radius:50px; border-width:1px; \" >LEER MAS<\/a>\n<\/div>\n    \n<\/div><div class=\"timetabs_item\"><div class=\"item_time\">22:00<\/div><div class=\"item_img\"><img loading=\"lazy\" decoding=\"async\" src=\"https:\/\/lea-festival.com\/wp-content\/uploads\/2024\/06\/29.06_Desafios-268x268.jpg\" alt=\"\" width=\"134\" height=\"134\"><\/div><div class=\"content-wrapper\"><div class=\"item_title\">CHARLA en el Festival del Libro de La Canea | \u201cDesaf\u00edos y huellas de los festivales internacionales del libro\u201d con Juan Cruz Ru\u00edz,  Adriana Mart\u00ednez, Claudia Neira, Manolis Piblis, Pilar Reyes y Jorge Volpi<\/div><div class=\"item_description\">Espacio para eventos \"Mikis Theodorakis\" - Sala de teatro<br \/>\n* En espa\u00f1ol y griego<\/div><\/div><div id=\"genesisexpo_button_69f0d8c0770d7\" class=\"genesisexpo_module_button wgl_button wgl_button-m aleft\">\n\t<a href=\"https:\/\/lea-festival.com\/es\/%cf%83%cf%85%ce%b6%ce%b7%cf%84%ce%b7%cf%83%ce%b7-%ce%bf%ce%b9-%cf%80%cf%81%ce%bf%ce%ba%ce%bb%ce%ae%cf%83%ce%b5%ce%b9%cf%82-%ce%ba%ce%b1%ce%b9-%cf%84%ce%bf-%ce%b1%cf%80%ce%bf%cf%84%cf%8d%cf%80\/\" title='\u03a3\u03a5\u0396\u0397\u03a4\u0397\u03a3\u0397 | \u00ab\u039f\u03b9 \u03c0\u03c1\u03bf\u03ba\u03bb\u03ae\u03c3\u03b5\u03b9\u03c2 \u03ba\u03b1\u03b9 \u03c4\u03bf \u03b1\u03c0\u03bf\u03c4\u03cd\u03c0\u03c9\u03bc\u03b1 \u03c4\u03c9\u03bd \u03b4\u03b9\u03b5\u03b8\u03bd\u03ce\u03bd \u03c6\u03b5\u03c3\u03c4\u03b9\u03b2\u03ac\u03bb \u03b2\u03b9\u03b2\u03bb\u03af\u03bf\u03c5\u00bb \u03bc\u03b5 \u03c4\u03bf\u03c5\u03c2 \u03a7\u03bf\u03c5\u03ac\u03bd \u039a\u03c1\u03bf\u03c5\u03b8 \u03a1\u03bf\u03c5\u03af\u03b8, \u0391\u03b4\u03c1\u03b9\u03b1\u03bd\u03b1 \u039c\u03b1\u03c1\u03c4\u03af\u03bd\u03b5\u03c2, \u039a\u03bb\u03b1\u03bf\u03cd\u03bd\u03c4\u03b9\u03b1 \u039d\u03ad\u03b9\u03c1\u03b1, \u039c\u03b1\u03bd\u03ce\u03bb\u03b7 \u03a0\u03b9\u03bc\u03c0\u03bb\u03ae, \u03a0\u03b9\u03bb\u03ac\u03c1 \u03a1\u03ad\u03b3\u03b9\u03b5\u03c2 \u03ba\u03b1\u03b9 \u03a7\u03cc\u03c1\u03c7\u03b5 \u0392\u03cc\u03bb\u03c0\u03b9' style=\"border-radius:50px; border-width:1px; \" >LEER MAS<\/a>\n<\/div>\n    \n<\/div><\/div><\/div><\/div><\/div><\/div><\/div><\/div><div class=\"vc_row wpb_row vc_row-fluid\"><div class=\"wpb_column vc_column_container vc_col-sm-12\"><div class=\"vc_column-inner\"><div class=\"wpb_wrapper\"><div id=\"genesisexpo_button_69f0d8c077906\" class=\"genesisexpo_module_button wgl_button wgl_button-xl wgl_button-full wgl_button-inline wgl_button-icon_right acenter\">\n\t<a href=\"https:\/\/livevoice.io\/listen\/072769\" target=\"_blank\" style=\"border-radius:50px; border-width:1px; font-family:Montserrat Alternates;font-weight:700;font-style:normal\" >unirse al evento en vivo<i class=\"wgl_button-icon fas fa-assistive-listening-systems\" ><\/i><\/a>\n<\/div>\n    \n<div  class=\"genesisexpo_module_message_box type_info closable\"><div class=\"message_icon_wrap\"><i class=\"message_icon\"><\/i><\/div><div class=\"message_content\"><h4 class=\"message_title\" >Traducci\u00f3n simult\u00e1nea<\/h4><div class=\"message_text\" >Para seguir la traducci\u00f3n simult\u00e1nea, debe tener\ninstalada la aplicaci\u00f3n LiveVoice en su tel\u00e9fono\nm\u00f3vil y disponer de auriculares. Si tiene un tel\u00e9fono Android, puede encontrar la aplicaci\u00f3n en\nPlay Store. Si tiene iPhone, puede encontrar la aplicaci\u00f3n en Apple Store. Desc\u00e1rguela e inst\u00e1lela. A continuaci\u00f3n, p\u00f3ngase los auriculares e introduzca a la aplicaci\u00f3n el c\u00f3digo que le pide para conectarse con la actividad en concreto. Los c\u00f3digos de cada actividad est\u00e1n colgados en la entrada.<\/div><\/div><span class=\"message_close_button\"><\/span><\/div>  \n<\/div><\/div><\/div><\/div>\n<\/div>","protected":false},"excerpt":{"rendered":"\u039a\u03b1\u03c4\u03b5\u03b2\u03ac\u03c3\u03c4\u03b5 \u03c4\u03bf \u03c0\u03c1\u03cc\u03b3\u03c1\u03b1\u03bc\u03bc\u03b1 \u03c3\u03b5 pdf 17.06\u0394\u03b5\u03c5\u03c4\u03ad\u03c1\u03b1 17 \u0399\u03bf\u03c5\u03bd\u03af\u03bf\u03c518.06\u03a4\u03c1\u03af\u03c4\u03b7 18 \u0399\u03bf\u03c5\u03bd\u03af\u03bf\u03c519.06\u03a4\u03b5\u03c4\u03ac\u03c1\u03c4\u03b7 19 \u0399\u03bf\u03c5\u03bd\u03af\u03bf\u03c520.06\u03a0\u03ad\u03bc\u03c0\u03c4\u03b7 20 \u0399\u03bf\u03c5\u03bd\u03af\u03bf\u03c521.06\u03a0\u03b1\u03c1\u03b1\u03c3\u03ba\u03b5\u03c5\u03ae 21 \u0399\u03bf\u03c5\u03bd\u03af\u03bf\u03c522.06\u03a3\u03ac\u03b2\u03b2\u03b1\u03c4\u03bf 22 \u0399\u03bf\u03c5\u03bd\u03af\u03bf\u03c525.06\u03a4\u03c1\u03af\u03c4\u03b7 25 \u0399\u03bf\u03c5\u03bd\u03af\u03bf\u03c526.06\u03a4\u03b5\u03c4\u03ac\u03c1\u03c4\u03b7 26 \u0399\u03bf\u03c5\u03bd\u03af\u03bf\u03c527.06\u03a0\u03ad\u03bc\u03c0\u03c4\u03b7 27 \u0399\u03bf\u03c5\u03bd\u03af\u03bf\u03c528.06\u03a0\u03b1\u03c1\u03b1\u03c3\u03ba\u03b5\u03c5\u03ae 28 \u0399\u03bf\u03c5\u03bd\u03af\u03bf\u03c529.06\u03a3\u03ac\u03b2\u03b2\u03b1\u03c4\u03bf 29 \u0399\u03bf\u03c5\u03bd\u03af\u03bf\u03c519:00\u0395\u03a0\u0399\u03a3\u0397\u039c\u0397 \u03a4\u0395\u039b\u0395\u03a4\u0397 | \u0395\u03b3\u03ba\u03b1\u03af\u03bd\u03b9\u03b1 \u03c4\u03b7\u03c2 1\u03b7\u03c2 \u0388\u03ba\u03b8\u03b5\u03c3\u03b7\u03c2 \u0393\u03b5\u03bb\u03bf\u03b9\u03bf\u03b3\u03c1\u03b1\u03c6\u03af\u03b1\u03c2 \u039b\u0395\u0391\u0399\u03bd\u03c3\u03c4\u03b9\u03c4\u03bf\u03cd\u03c4\u03bf \u0398\u03b5\u03c1\u03b2\u03ac\u03bd\u03c4\u03b5\u03c2 \u03c4\u03b7\u03c2 \u0391\u03b8\u03ae\u03bd\u03b1\u03c2 \u2013 \u0391\u03af\u03b8\u03bf\u03c5\u03c3\u03b1 \u03b5\u03ba\u03b8\u03ad\u03c3\u03b5\u03c9\u03bd * \u03a3\u03c4\u03b1 \u03b9\u03c3\u03c0\u03b1\u03bd\u03b9\u03ba\u03ac \u03ba\u03b1\u03b9 \u03c3\u03c4\u03b1 \u03b5\u03bb\u03bb\u03b7\u03bd\u03b9\u03ba\u03ac * \u0396\u03c9\u03bd\u03c4\u03b1\u03bd\u03ae \u03bc\u03b5\u03c4\u03ac\u03b4\u03bf\u03c3\u03b7 \u03c3\u03c4\u03bf YouTube. \u039c\u03ac\u03b8\u03b5\u03c4\u03b5 \u03a0\u03b5\u03c1\u03b9\u03c3\u03c3\u03cc\u03c4\u03b5\u03c1\u03b1 [...]","protected":false},"author":9,"featured_media":0,"parent":0,"menu_order":0,"comment_status":"closed","ping_status":"closed","template":"","meta":{"footnotes":""},"class_list":["post-4346","page","type-page","status-publish","hentry"],"_links":{"self":[{"href":"https:\/\/lea-festival.com\/es\/wp-json\/wp\/v2\/pages\/4346","targetHints":{"allow":["GET"]}}],"collection":[{"href":"https:\/\/lea-festival.com\/es\/wp-json\/wp\/v2\/pages"}],"about":[{"href":"https:\/\/lea-festival.com\/es\/wp-json\/wp\/v2\/types\/page"}],"author":[{"embeddable":true,"href":"https:\/\/lea-festival.com\/es\/wp-json\/wp\/v2\/users\/9"}],"replies":[{"embeddable":true,"href":"https:\/\/lea-festival.com\/es\/wp-json\/wp\/v2\/comments?post=4346"}],"version-history":[{"count":76,"href":"https:\/\/lea-festival.com\/es\/wp-json\/wp\/v2\/pages\/4346\/revisions"}],"predecessor-version":[{"id":4994,"href":"https:\/\/lea-festival.com\/es\/wp-json\/wp\/v2\/pages\/4346\/revisions\/4994"}],"wp:attachment":[{"href":"https:\/\/lea-festival.com\/es\/wp-json\/wp\/v2\/media?parent=4346"}],"curies":[{"name":"wp","href":"https:\/\/api.w.org\/{rel}","templated":true}]}}