{"id":5401,"date":"2025-05-26T14:45:45","date_gmt":"2025-05-26T14:45:45","guid":{"rendered":"https:\/\/lea-festival.com\/?page_id=5401"},"modified":"2025-06-21T10:33:01","modified_gmt":"2025-06-21T10:33:01","slug":"program-2025","status":"publish","type":"page","link":"https:\/\/lea-festival.com\/es\/program-2025\/","title":{"rendered":"Program 2025"},"content":{"rendered":"<div class=\"wpb-content-wrapper\"><div class=\"vc_row wpb_row vc_row-fluid\"><div class=\"wpb_column vc_column_container vc_col-sm-12\"><div class=\"vc_column-inner\"><div class=\"wpb_wrapper\"><div id=\"genesisexpo_button_69f0c6842b9ef\" class=\"genesisexpo_module_button wgl_button wgl_button-xl wgl_button-inline wgl_button-icon_right acenter\">\n\t<a href=\"https:\/\/drive.google.com\/file\/d\/19Pq5UMM5T5I4eTOVvMklqaCiD0XUdNbn\/view?usp=sharing\" target=\"_blank\" style=\"border-radius:50px; border-width:1px; font-family:Montserrat Alternates;font-weight:700;font-style:normal\" >\u039a\u03b1\u03c4\u03b5\u03b2\u03ac\u03c3\u03c4\u03b5 \u03c4\u03bf \u03c0\u03c1\u03cc\u03b3\u03c1\u03b1\u03bc\u03bc\u03b1 \u03c3\u03c4\u03b1 \u03b5\u03bb\u03bb\u03b7\u03bd\u03b9\u03ba\u03ac \u03c3\u03b5 pdf<i class=\"wgl_button-icon fas fa-cloud-download-alt\" ><\/i><\/a>\n<\/div>\n    \n<div id=\"genesisexpo_button_69f0c6842bbf7\" class=\"genesisexpo_module_button wgl_button wgl_button-xl wgl_button-inline wgl_button-icon_right acenter\">\n\t<a href=\"https:\/\/drive.google.com\/file\/d\/1tmVAL2mXc3gIMdJGkuouw8QkwD8BySAn\/view?usp=sharing\" target=\"_blank\" style=\"border-radius:50px; border-width:1px; font-family:Montserrat Alternates;font-weight:700;font-style:normal\" >\u039a\u03b1\u03c4\u03b5\u03b2\u03ac\u03c3\u03c4\u03b5 \u03c4\u03bf \u03c0\u03c1\u03cc\u03b3\u03c1\u03b1\u03bc\u03bc\u03b1 \u03c3\u03c4\u03b1 \u03b9\u03c3\u03c0\u03b1\u03bd\u03b9\u03ba\u03ac \u03c3\u03b5 pdf<i class=\"wgl_button-icon fas fa-cloud-download-alt\" ><\/i><\/a>\n<\/div>\n    \n<\/div><\/div><\/div><\/div><div class=\"vc_row wpb_row vc_row-fluid vc_custom_1539676182021\"><div class=\"wpb_column vc_column_container vc_col-sm-12\"><div class=\"vc_column-inner\"><div class=\"wpb_wrapper\"><div class=\"vc_separator wpb_content_element vc_separator_align_center vc_sep_width_100 vc_sep_pos_align_center vc_separator_no_text vc_sep_color_grey wpb_content_element  wpb_content_element\" ><span class=\"vc_sep_holder vc_sep_holder_l\"><span class=\"vc_sep_line\"><\/span><\/span><span class=\"vc_sep_holder vc_sep_holder_r\"><span class=\"vc_sep_line\"><\/span><\/span>\n<\/div><div class=\"wgl_timetabs\" id=\"timetabs_69f0c6842cbe4\"><div class=\"timetabs_headings\"><div class=\"wgl_tab\" data-tab-id=\"tab-1684847303308-04ba2be4-a89b\"><div class=\"tab_title\">10.06<\/div><div class=\"tab_subtitle\">Martes 10 de junio<\/div><\/div><div class=\"wgl_tab\" data-tab-id=\"tab-1684847904139-cc5e996b-29ae\"><div class=\"tab_title\">11.06<\/div><div class=\"tab_subtitle\">Mi\u00e9rcoles 11 de junio<\/div><\/div><div class=\"wgl_tab\" data-tab-id=\"tab-1684918493551-495b5903-83d1\"><div class=\"tab_title\">12.06<\/div><div class=\"tab_subtitle\">Jueves 12 de junio<\/div><\/div><div class=\"wgl_tab\" data-tab-id=\"tab-1684919554035-cbfd05e0-ef5b\"><div class=\"tab_title\">13.06<\/div><div class=\"tab_subtitle\">Viernes 13 de junio<\/div><\/div><div class=\"wgl_tab\" data-tab-id=\"tab-1748262651305-e78c32a7-cb24\"><div class=\"tab_title\">14.06<\/div><div class=\"tab_subtitle\">S\u00e1bado 14 de junio<\/div><\/div><div class=\"wgl_tab\" data-tab-id=\"tab-1748264584822-3b01b57c-b404\"><div class=\"tab_title\">16.06<\/div><div class=\"tab_subtitle\">Lunes 16 de junio<\/div><\/div><div class=\"wgl_tab\" data-tab-id=\"tab-1748265358950-ef00c480-e28a\"><div class=\"tab_title\">17.06<\/div><div class=\"tab_subtitle\">Martes 17 de junio<\/div><\/div><div class=\"wgl_tab\" data-tab-id=\"tab-1748266830974-480266b4-7e11\"><div class=\"tab_title\">18.06<\/div><div class=\"tab_subtitle\">Mi\u00e9rcoles 18 de junio<\/div><\/div><div class=\"wgl_tab\" data-tab-id=\"tab-1748268042424-bdda7930-d694\"><div class=\"tab_title\">19.06<\/div><div class=\"tab_subtitle\">Jueves  19 de junio<\/div><\/div><div class=\"wgl_tab\" data-tab-id=\"tab-1748268429981-b3f8a31c-5684\"><div class=\"tab_title\">20.06<\/div><div class=\"tab_subtitle\">Viernes  20 de junio<\/div><\/div><div class=\"wgl_tab\" data-tab-id=\"tab-1748270420138-eb48cd96-5843\"><div class=\"tab_title\">21.06<\/div><div class=\"tab_subtitle\">S\u00e1bado  21 de junio<\/div><\/div><div class=\"wgl_tab\" data-tab-id=\"tab-1748879874190-d90786af-0d2f\"><div class=\"tab_title\">22.06<\/div><div class=\"tab_subtitle\">Domingo  22 de junio<\/div><\/div><\/div><div class=\"timetabs_data\"><div class=\"timetab_container\" data-tab-id=\"tab-1684847303308-04ba2be4-a89b\"><div class=\"timetabs_item\" id=\"timetabs_item_69f0c6842d29b\"><div class=\"item_time\">18:00<\/div><div class=\"item_img\"><img loading=\"lazy\" decoding=\"async\" src=\"https:\/\/lea-festival.com\/wp-content\/uploads\/2025\/06\/18.00_gr-2-1-268x268.jpg\" alt=\"\" width=\"134\" height=\"134\"><\/div><div class=\"content-wrapper\"><div class=\"item_title\">FUNCI\u00d3N FAMILIAR  | \"Cuentos entre mar y cordillera\u201d, por la compa\u00f1\u00eda La Matrioska<\/div><div class=\"item_description\">Instituto Cervantes de Atenas - Terraza<br \/>\n* En espa\u00f1ol y griego<\/div><\/div><div id=\"genesisexpo_button_69f0c6842d8fc\" class=\"genesisexpo_module_button wgl_button wgl_button-m aleft\">\n\t<a href=\"https:\/\/lea-festival.com\/es\/%cf%80%ce%b1%cf%81%ce%b1%cf%83%cf%84%ce%b1%cf%83%ce%b7-%ce%b3%ce%b9%ce%b1-%ce%bf%ce%bb%ce%b7-%cf%84%ce%b7%ce%bd-%ce%bf%ce%b9%ce%ba%ce%bf%ce%b3%ce%b5%ce%bd%ce%b5%ce%b9%ce%b1-%ce%b9%cf%83%cf%84-2\/\" title='FUNCI\u00d3N FAMILIAR  | &quot;Cuentos entre mar y cordillera\u201d, por la compa\u00f1\u00eda La Matrioska' target=\"_blank\" style=\"border-radius:50px; border-width:1px; \" >LEER MAS<\/a>\n<\/div>\n    \n<\/div><div class=\"timetabs_item\" id=\"timetabs_item_69f0c6842da7f\"><div class=\"item_time\">19:00<\/div><div class=\"item_img\"><img loading=\"lazy\" decoding=\"async\" src=\"https:\/\/lea-festival.com\/wp-content\/uploads\/2025\/05\/19.00_GR-268x268.jpg\" alt=\"\" width=\"134\" height=\"134\"><\/div><div class=\"content-wrapper\"><div class=\"item_title\">MESA REDONDA | 30 a\u00f1os de Magola, el poder de la caricatura en los tiempos que vivimos<\/div><div class=\"item_description\">Instituto Cervantes de Atenas - Terraza<br \/>\n* En espa\u00f1ol y griego<\/div><\/div><div id=\"genesisexpo_button_69f0c6842e00a\" class=\"genesisexpo_module_button wgl_button wgl_button-m aleft\">\n\t<a href=\"https:\/\/lea-festival.com\/es\/%cf%83%cf%84%cf%81%ce%bf%ce%b3%ce%b3%cf%85%ce%bb%ce%bf-%cf%84%cf%81%ce%b1%cf%80%ce%b5%ce%b6%ce%b9-30-%cf%87%cf%81%cf%8c%ce%bd%ce%b9%ce%b1-%ce%bc%ce%b1%ce%b3%cf%8c%ce%bb%ce%b1-%ce%b7-%ce%b4\/\" title='MESA REDONDA | 30 a\u00f1os de Magola, el poder de la caricatura en los tiempos que vivimos' target=\"_blank\" style=\"border-radius:50px; border-width:1px; \" >LEER MAS<\/a>\n<\/div>\n    \n<\/div><div class=\"timetabs_item\" id=\"timetabs_item_69f0c6842e179\"><div class=\"item_time\">20:00<\/div><div class=\"item_img\"><img loading=\"lazy\" decoding=\"async\" src=\"https:\/\/lea-festival.com\/wp-content\/uploads\/2025\/05\/20.00_GR-268x268.jpg\" alt=\"\" width=\"134\" height=\"134\"><\/div><div class=\"content-wrapper\"><div class=\"item_title\">PRESENTACI\u00d3N LIBRO | \u201cTierras arrasadas\u201d, de Emiliano Monge, en traducci\u00f3n de Konstantinos Paleologos<\/div><div class=\"item_description\">Instituto Cervantes de Atenas - Terraza<br \/>\n* En espa\u00f1ol y griego<\/div><\/div><div id=\"genesisexpo_button_69f0c6842e6a2\" class=\"genesisexpo_module_button wgl_button wgl_button-m aleft\">\n\t<a href=\"https:\/\/lea-festival.com\/es\/%cf%80%ce%b1%cf%81%ce%bf%cf%85%cf%83%ce%b9%ce%b1%cf%83%ce%b7-%ce%b2%ce%b9%ce%b2%ce%bb%ce%b9%ce%bf%cf%85-%cf%81%ce%b7%ce%bc%ce%b1%ce%b3%ce%bc%ce%ad%ce%bd%ce%bf%ce%b9-%cf%84%cf%8c%cf%80%ce%bf%ce%b9\/\" title='PRESENTACI\u00d3N LIBRO | \u201cTierras arrasadas\u201d, de Emiliano Monge, en traducci\u00f3n de Konstantinos Paleologos' target=\"_blank\" style=\"border-radius:50px; border-width:1px; \" >LEER MAS<\/a>\n<\/div>\n    \n<\/div><div class=\"timetabs_item\" id=\"timetabs_item_69f0c6842e815\"><div class=\"item_time\">21:00<\/div><div class=\"item_img\"><img loading=\"lazy\" decoding=\"async\" src=\"https:\/\/lea-festival.com\/wp-content\/uploads\/2025\/05\/21.00_GR-268x268.jpg\" alt=\"\" width=\"134\" height=\"134\"><\/div><div class=\"content-wrapper\"><div class=\"item_title\">PRESENTACI\u00d3N LIBRO | \u00abPermagel\u00bb  y \u00abBoulder\u00bb de Eva Baltasar, en traducci\u00f3n de Evriviadis Sofos<\/div><div class=\"item_description\">Instituto Cervantes de Atenas - Terraza<br \/>\n* En catal\u00e1n y griego<\/div><\/div><div id=\"genesisexpo_button_69f0c6842eeb4\" class=\"genesisexpo_module_button wgl_button wgl_button-m aleft\">\n\t<a href=\"https:\/\/lea-festival.com\/es\/%cf%80%ce%b1%cf%81%ce%bf%cf%85%cf%83%ce%b9%ce%b1%cf%83%ce%b7-%ce%b2%ce%b9%ce%b2%ce%bb%ce%b9%ce%bf%cf%85-%cf%80%ce%ad%cf%81%ce%bc%ce%b1%cf%86%cf%81%ce%bf%cf%83%cf%84-%cf%84%ce%b7%cf%82-%ce%b5%cf%8d\/\" title='PRESENTACI\u00d3N LIBRO | \u00abPermagel\u00bb  y \u00abBoulder\u00bb de Eva Baltasar, en traducci\u00f3n de Evriviadis Sofos' target=\"_blank\" style=\"border-radius:50px; border-width:1px; \" >LEER MAS<\/a>\n<\/div>\n    \n<\/div><\/div><div class=\"timetab_container\" data-tab-id=\"tab-1684847904139-cc5e996b-29ae\"><div class=\"timetabs_item\" id=\"timetabs_item_69f0c6842f192\"><div class=\"item_time\">11:00-13:00<\/div><div class=\"item_img\"><img loading=\"lazy\" decoding=\"async\" src=\"https:\/\/lea-festival.com\/wp-content\/uploads\/2025\/05\/HP_11.00_GR-268x268.jpg\" alt=\"\" width=\"134\" height=\"134\"><\/div><div class=\"content-wrapper\"><div class=\"item_title\">TALLER DE HUMOR GR\u00c1FICO | C\u00f3mo convertirse en humorista gr\u00e1fico hoy<\/div><div class=\"item_description translation-block\">Home Project<br>\n\u00a1\u00danete a nosotros en este viaje de descubrimiento y risas!<br>\n* En espa\u00f1ol y griego<\/div><\/div><div id=\"genesisexpo_button_69f0c6842f76f\" class=\"genesisexpo_module_button wgl_button wgl_button-m aleft\">\n\t<a href=\"https:\/\/lea-festival.com\/es\/%ce%b5%cf%81%ce%b3%ce%b1%cf%83%cf%84%ce%b7%cf%81%ce%b9%ce%bf-%ce%b3%ce%b5%ce%bb%ce%bf%ce%b9%ce%bf%ce%b3%cf%81%ce%b1%cf%86%ce%b9%ce%b1%cf%82-%cf%80%cf%8e%cf%82-%ce%bd%ce%b1-%ce%b3%ce%af%ce%bd%ce%b5\/\" title='TALLER DE HUMOR GR\u00c1FICO | C\u00f3mo convertirse en humorista gr\u00e1fico hoy' target=\"_blank\" style=\"border-radius:50px; border-width:1px; \" >LEER MAS<\/a>\n<\/div>\n    \n<\/div><div class=\"timetabs_item\" id=\"timetabs_item_69f0c6842f8d4\"><div class=\"item_time\">17:00<\/div><div class=\"item_img\"><img loading=\"lazy\" decoding=\"async\" src=\"https:\/\/lea-festival.com\/wp-content\/uploads\/2025\/05\/17.00_GR-1-268x268.jpg\" alt=\"\" width=\"134\" height=\"134\"><\/div><div class=\"content-wrapper\"><div class=\"item_title\">CAFE ENTREVISTA | Entre versos y letras, conociendo a Eva Baltasar y Brenda Navarro<\/div><div class=\"item_description\">Instituto Cervantes de Atenas - Terraza<br \/>\n* En espa\u00f1ol<\/div><\/div><div id=\"genesisexpo_button_69f0c6842fe9f\" class=\"genesisexpo_module_button wgl_button wgl_button-m aleft\">\n\t<a href=\"https:\/\/lea-festival.com\/es\/%ce%ba%ce%b1%cf%86%ce%b5-%cf%83%cf%85%ce%bd%ce%b5%ce%bd%cf%84%ce%b5%cf%85%ce%be%ce%b7-%ce%b1%ce%bd%ce%ac%ce%bc%ce%b5%cf%83%ce%b1-%cf%83%ce%b5-%cf%83%cf%84%ce%af%cf%87%ce%bf%cf%85%cf%82-%ce%ba\/\" title='CAFE ENTREVISTA | Entre versos y letras, conociendo a Eva Baltasar y Brenda Navarro' target=\"_blank\" style=\"border-radius:50px; border-width:1px; \" >LEER MAS<\/a>\n<\/div>\n    \n<\/div><div class=\"timetabs_item\" id=\"timetabs_item_69f0c6843000c\"><div class=\"item_time\">18:00<\/div><div class=\"item_img\"><img loading=\"lazy\" decoding=\"async\" src=\"https:\/\/lea-festival.com\/wp-content\/uploads\/2025\/05\/18.00_GR-1-268x268.jpg\" alt=\"\" width=\"134\" height=\"134\"><\/div><div class=\"content-wrapper\"><div class=\"item_title\">INAUGURACI\u00d3N EXPOSICI\u00d3N |II Sal\u00f3n del Humor LEA: El libro como reflejo entre culturas<\/div><div class=\"item_description\">Instituto Cervantes de Atenas - Sala de Exposiciones<br \/>\n\u2022 En espa\u00f1ol y griego<br \/>\n\u2022 Fechas de la Exposici\u00f3n: Del 11 de junio al 27 de julio<\/div><\/div><div id=\"genesisexpo_button_69f0c684305b2\" class=\"genesisexpo_module_button wgl_button wgl_button-m aleft\">\n\t<a href=\"https:\/\/lea-festival.com\/es\/%ce%b5%ce%b3%ce%ba%ce%b1%ce%b9%ce%bd%ce%b9%ce%b1-%ce%b5%ce%ba%ce%b8%ce%b5%cf%83%ce%b7%cf%82-2%ce%b7-%ce%ad%ce%ba%ce%b8%ce%b5%cf%83%ce%b7-%ce%b3%ce%b5%ce%bb%ce%bf%ce%b9%ce%bf%ce%b3%cf%81%ce%b1%cf%86\/\" title='INAUGURACI\u00d3N EXPOSICI\u00d3N | II Sal\u00f3n del Humor LEA: El libro como reflejo entre culturas' target=\"_blank\" style=\"border-radius:50px; border-width:1px; \" >LEER MAS<\/a>\n<\/div>\n    \n<\/div><div class=\"timetabs_item\" id=\"timetabs_item_69f0c6843071c\"><div class=\"item_time\">18:30<\/div><div class=\"item_img\"><img loading=\"lazy\" decoding=\"async\" src=\"https:\/\/lea-festival.com\/wp-content\/uploads\/2025\/06\/18.30_GR_POLYGLOT-268x268.jpg\" alt=\"\" width=\"134\" height=\"134\"><\/div><div class=\"content-wrapper\"><div class=\"item_title\">PRESENTACI\u00d3N DE LIBRO |\u201dMacondo-York\u201d de Iv\u00e1n Onatra<\/div><div class=\"item_description\">Polyglot Bookstore<br \/>\n\u2022 En espa\u00f1ol y griego<\/div><\/div><div id=\"genesisexpo_button_69f0c68430cb7\" class=\"genesisexpo_module_button wgl_button wgl_button-m aleft\">\n\t<a href=\"https:\/\/lea-festival.com\/es\/%cf%80%ce%b1%cf%81%ce%bf%cf%85%cf%83%ce%b9%ce%b1%cf%83%ce%b7-%ce%b2%ce%b9%ce%b2%ce%bb%ce%b9%ce%bf%cf%85-macondo-york-%cf%84%ce%bf%cf%85-%ce%b9%ce%b2%ce%ac%ce%bd-%ce%bf%ce%bd%ce%ac%cf%84%cf%81%ce%b1\/\" title='PRESENTACI\u00d3N DE LIBRO |\u201dMacondo-York\u201d de Iv\u00e1n Onatra' target=\"_blank\" style=\"border-radius:50px; border-width:1px; \" >LEER MAS<\/a>\n<\/div>\n    \n<\/div><div class=\"timetabs_item\" id=\"timetabs_item_69f0c68430e24\"><div class=\"item_time\">19:00<\/div><div class=\"item_img\"><img loading=\"lazy\" decoding=\"async\" src=\"https:\/\/lea-festival.com\/wp-content\/uploads\/2025\/05\/19.00_GR-1-268x268.jpg\" alt=\"\" width=\"134\" height=\"134\"><\/div><div class=\"content-wrapper\"><div class=\"item_title\">PRESENTACION DE LIBRO |\u201dAjuar Funerario\u201d de Fernando Iwasaki en traducci\u00f3n de Nancy Angeli<\/div><div class=\"item_description\">Instituto Cervantes de Atenas - Terraza<br \/>\n\u2022 En espa\u00f1ol y griego<\/div><\/div><div id=\"genesisexpo_button_69f0c68431399\" class=\"genesisexpo_module_button wgl_button wgl_button-m aleft\">\n\t<a href=\"https:\/\/lea-festival.com\/es\/%cf%80%ce%b1%cf%81%ce%bf%cf%85%cf%83%ce%b9%ce%b1%cf%83%ce%b7-%ce%b2%ce%b9%ce%b2%ce%bb%ce%b9%ce%bf%cf%85-%ce%b5%cf%80%ce%b9%ce%ba%ce%ae%ce%b4%ce%b5%ce%b9%ce%b1-%cf%80%cf%81%ce%bf%ce%af%ce%ba%ce%b1\/\" title='PRESENTACION DE LIBRO |\u201dAjuar Funerario\u201d de Fernando Iwasaki en traducci\u00f3n de Nancy Angeli' target=\"_blank\" style=\"border-radius:50px; border-width:1px; \" >LEER MAS<\/a>\n<\/div>\n    \n<\/div><div class=\"timetabs_item\" id=\"timetabs_item_69f0c684314fe\"><div class=\"item_time\">20:00<\/div><div class=\"item_img\"><img loading=\"lazy\" decoding=\"async\" src=\"https:\/\/lea-festival.com\/wp-content\/uploads\/2025\/05\/20.00_GR-1-268x268.jpg\" alt=\"\" width=\"134\" height=\"134\"><\/div><div class=\"content-wrapper\"><div class=\"item_title\">PRESENTACI\u00d3N DE LIBRO |\u201dCeniza en la boca\u201d de Brenda Navarro en traducci\u00f3n de Aspas\u00eda Kamp\u00edli<\/div><div class=\"item_description\">Instituto Cervantes de Atenas - Terraza<br \/>\n\u2022 En espa\u00f1ol y griego<\/div><\/div><div id=\"genesisexpo_button_69f0c68431d8d\" class=\"genesisexpo_module_button wgl_button wgl_button-m aleft\">\n\t<a href=\"https:\/\/lea-festival.com\/es\/%cf%80%ce%b1%cf%81%ce%bf%cf%85%cf%83%ce%b9%ce%b1%cf%83%ce%b7-%ce%b2%ce%b9%ce%b2%ce%bb%ce%b9%ce%bf%cf%85-%cf%83%cf%84%ce%ac%cf%87%cf%84%ce%b7-%cf%83%cf%84%ce%bf-%cf%83%cf%84%cf%8c%ce%bc%ce%b1-%cf%84\/\" title='PRESENTACI\u00d3N DE LIBRO |\u201dCeniza en la boca\u201d de Brenda Navarro en traducci\u00f3n de Aspas\u00eda Kamp\u00edli' target=\"_blank\" style=\"border-radius:50px; border-width:1px; \" >LEER MAS<\/a>\n<\/div>\n    \n<\/div><div class=\"timetabs_item\" id=\"timetabs_item_69f0c68431fcd\"><div class=\"item_time\">21:00<\/div><div class=\"item_img\"><img loading=\"lazy\" decoding=\"async\" src=\"https:\/\/lea-festival.com\/wp-content\/uploads\/2025\/05\/21.00_GR-1-268x268.jpg\" alt=\"\" width=\"134\" height=\"134\"><\/div><div class=\"content-wrapper\"><div class=\"item_title\">MESA REDONDA | De identidad y literatura, con Eva Baltasar y Fernando Iwasaki y Theodoros Grigoriadis.<\/div><div class=\"item_description\">Instituto Cervantes de Atenas - Terraza<br \/>\n\u2022 En espa\u00f1ol y griego<\/div><\/div><div id=\"genesisexpo_button_69f0c684326ad\" class=\"genesisexpo_module_button wgl_button wgl_button-m aleft\">\n\t<a href=\"https:\/\/lea-festival.com\/es\/%cf%83%cf%84%cf%81%ce%bf%ce%b3%ce%b3%cf%85%ce%bb%ce%bf-%cf%84%cf%81%ce%b1%cf%80%ce%b5%ce%b6%ce%b9-%cf%80%ce%b5%cf%81%ce%af-%cf%84%ce%b1%cf%85%cf%84%cf%8c%cf%84%ce%b7%cf%84%ce%b1%cf%82-%ce%ba\/\" title='MESA REDONDA | De identidad y literatura, con Eva Baltasar y Fernando Iwasaki y Theodoros Grigoriadis.' target=\"_blank\" style=\"border-radius:50px; border-width:1px; \" >LEER MAS<\/a>\n<\/div>\n    \n<\/div><\/div><div class=\"timetab_container\" data-tab-id=\"tab-1684918493551-495b5903-83d1\"><div class=\"timetabs_item\" id=\"timetabs_item_69f0c68432a07\"><div class=\"item_time\">10:00-12:00<\/div><div class=\"item_img\"><img loading=\"lazy\" decoding=\"async\" src=\"https:\/\/lea-festival.com\/wp-content\/uploads\/2025\/05\/10.00_GR-268x268.jpg\" alt=\"\" width=\"134\" height=\"134\"><\/div><div class=\"content-wrapper\"><div class=\"item_title\">TALLER DE TRADUCCI\u00d3N INVERSA| Encuentro con el escritor griego Yannis Palav\u00f3s<\/div><div class=\"item_description\">Biblioteca de la Universidad Abierta, Calle Gravi\u00e1s 4-6, Exarjia, tercer piso<\/div><\/div><div id=\"genesisexpo_button_69f0c68432ff0\" class=\"genesisexpo_module_button wgl_button wgl_button-m aleft\">\n\t<a href=\"https:\/\/lea-festival.com\/es\/%ce%b5%cf%81%ce%b3%ce%b1%cf%83%cf%84%ce%b7%cf%81%ce%b9%ce%bf-%ce%b1%ce%bd%cf%84%ce%b9%cf%83%cf%84%cf%81%ce%bf%cf%86%ce%b7%cf%82-%ce%bc%ce%b5%cf%84%ce%b1%cf%86%cf%81%ce%b1%cf%83%ce%b7%cf%82-%cf%83\/\" title='TALLER DE TRADUCCI\u00d3N INVERSA| Encuentro con el escritor griego Yannis Palav\u00f3s' target=\"_blank\" style=\"border-radius:50px; border-width:1px; \" >LEER MAS<\/a>\n<\/div>\n    \n<\/div><div class=\"timetabs_item\" id=\"timetabs_item_69f0c684331ac\"><div class=\"item_time\">12:00<\/div><div class=\"item_img\"><img loading=\"lazy\" decoding=\"async\" src=\"https:\/\/lea-festival.com\/wp-content\/uploads\/2025\/06\/12.00_gr-268x268.jpg\" alt=\"\" width=\"134\" height=\"134\"><\/div><div class=\"content-wrapper\"><div class=\"item_title\">CAF\u00c9 ENTREVISTA | \u201cPuentes literarios y culturales: Conociendo a la FIL Nueva York y al EICH de la FIL Guadalajara\u201d<\/div><div class=\"item_description\">Instituto Cervantes de Atenas - Terraza<br \/>\nEn espa\u00f1ol y griego<\/div><\/div><div id=\"genesisexpo_button_69f0c68433844\" class=\"genesisexpo_module_button wgl_button wgl_button-m aleft\">\n\t<a href=\"https:\/\/lea-festival.com\/es\/%ce%ba%ce%b1%cf%86%ce%b5-%cf%83%cf%85%ce%bd%ce%b5%ce%bd%cf%84%ce%b5%cf%85%ce%be%ce%b7-%ce%bb%ce%bf%ce%b3%ce%bf%cf%84%ce%b5%cf%87%ce%bd%ce%b9%ce%ba%ce%ad%cf%82-%ce%ba%ce%b1%ce%b9-%cf%80%ce%bf\/\" title='CAF\u00c9 ENTREVISTA | \u201cPuentes literarios y culturales: Conociendo a la FIL Nueva York y al EICH de la FIL Guadalajara\u201d' target=\"_blank\" style=\"border-radius:50px; border-width:1px; \" >LEER MAS<\/a>\n<\/div>\n    \n<\/div><div class=\"timetabs_item\" id=\"timetabs_item_69f0c68433a25\"><div class=\"item_time\">14:30<\/div><div class=\"item_img\"><img loading=\"lazy\" decoding=\"async\" src=\"https:\/\/lea-festival.com\/wp-content\/uploads\/2025\/06\/home_gr-268x268.jpg\" alt=\"\" width=\"134\" height=\"134\"><\/div><div class=\"content-wrapper\"><div class=\"item_title\">FUNCI\u00d3N FAMILIAR  | \"Cuentos entre mar y cordillera\u201d, por la compa\u00f1\u00eda La Matrioska<\/div><div class=\"item_description\">HOME PROJECT<br \/>\nEn espa\u00f1ol y griego<\/div><\/div><div id=\"genesisexpo_button_69f0c68433fde\" class=\"genesisexpo_module_button wgl_button wgl_button-m aleft\">\n\t<a href=\"https:\/\/lea-festival.com\/es\/%cf%80%ce%b1%cf%81%ce%b1%cf%83%cf%84%ce%b1%cf%83%ce%b7-%ce%b3%ce%b9%ce%b1-%ce%bf%ce%bb%ce%b7-%cf%84%ce%b7%ce%bd-%ce%bf%ce%b9%ce%ba%ce%bf%ce%b3%ce%b5%ce%bd%ce%b5%ce%b9%ce%b1-%ce%b9%cf%83%cf%84\/\" title='FUNCI\u00d3N FAMILIAR  | &quot;Cuentos entre mar y cordillera\u201d, por la compa\u00f1\u00eda La Matrioska' target=\"_blank\" style=\"border-radius:50px; border-width:1px; \" >LEER MAS<\/a>\n<\/div>\n    \n<\/div><div class=\"timetabs_item\" id=\"timetabs_item_69f0c6843415e\"><div class=\"item_time\">17:00<\/div><div class=\"item_img\"><img loading=\"lazy\" decoding=\"async\" src=\"https:\/\/lea-festival.com\/wp-content\/uploads\/2025\/05\/17.00_GR-2-268x268.jpg\" alt=\"\" width=\"134\" height=\"134\"><\/div><div class=\"content-wrapper\"><div class=\"item_title\">CAF\u00c9 ENTREVISTA | Conociendo a Emiliano Monge y Sergio del Molino<\/div><div class=\"item_description\">Instituto Cervantes de Atenas - Terraza<br \/>\nEn espa\u00f1ol<\/div><\/div><div id=\"genesisexpo_button_69f0c68434816\" class=\"genesisexpo_module_button wgl_button wgl_button-m aleft\">\n\t<a href=\"https:\/\/lea-festival.com\/es\/%ce%ba%ce%b1%cf%86%ce%b5-%cf%83%cf%85%ce%bd%ce%b5%ce%bd%cf%84%ce%b5%cf%85%ce%be%ce%b7-%ce%b3%ce%bd%cf%89%cf%81%ce%b9%ce%bc%ce%af%ce%b1-%ce%bc%ce%b5-%cf%84%ce%bf%ce%bd-%ce%b5%ce%bc%ce%b9%ce%bb%ce%b9\/\" title='CAF\u00c9 ENTREVISTA | Conociendo a Emiliano Monge y Sergio del Molino' target=\"_blank\" style=\"border-radius:50px; border-width:1px; \" >LEER MAS<\/a>\n<\/div>\n    \n<\/div><div class=\"timetabs_item\" id=\"timetabs_item_69f0c684349e6\"><div class=\"item_time\">18:00<\/div><div class=\"item_img\"><img loading=\"lazy\" decoding=\"async\" src=\"https:\/\/lea-festival.com\/wp-content\/uploads\/2025\/05\/18.00_GR-2-268x268.jpg\" alt=\"\" width=\"134\" height=\"134\"><\/div><div class=\"content-wrapper\"><div class=\"item_title\">MESA REDONDA |\u00bfPor qu\u00e9 contar cuentos en el siglo XXI?<\/div><div class=\"item_description\">Instituto Cervantes de Atenas - Terraza<br \/>\nEn espa\u00f1ol y griego.<\/div><\/div><div id=\"genesisexpo_button_69f0c68435199\" class=\"genesisexpo_module_button wgl_button wgl_button-m aleft\">\n\t<a href=\"https:\/\/lea-festival.com\/es\/%cf%83%cf%84%cf%81%ce%bf%ce%b3%ce%b3%cf%85%ce%bb%ce%bf-%cf%84%cf%81%ce%b1%cf%80%ce%b5%ce%b6%ce%b9-%ce%b3%ce%b9%ce%b1%cf%84%ce%af-%ce%bd%ce%b1-%ce%b1%cf%86%ce%b7%ce%b3%ce%bf%cf%8d%ce%bc%ce%b1\/\" title='MESA REDONDA |\u00bfPor qu\u00e9 contar cuentos en el siglo XXI?' target=\"_blank\" style=\"border-radius:50px; border-width:1px; \" >LEER MAS<\/a>\n<\/div>\n    \n<\/div><div class=\"timetabs_item\" id=\"timetabs_item_69f0c68435314\"><div class=\"item_time\">18:30<\/div><div class=\"item_img\"><img loading=\"lazy\" decoding=\"async\" src=\"https:\/\/lea-festival.com\/wp-content\/uploads\/2025\/06\/PASEO-LITERARIO_BRENDA_EMILIANO-268x268.jpg\" alt=\"\" width=\"134\" height=\"134\"><\/div><div class=\"content-wrapper\"><div class=\"item_title\">\u039b\u03bf\u03b3\u03bf\u03c4\u03b5\u03c7\u03bd\u03b9\u03ba\u03cc\u03c2 \u03a0\u03b5\u03c1\u03af\u03c0\u03b1\u03c4\u03bf\u03c2 | \u0397 \u039c\u03c0\u03c1\u03ad\u03bd\u03c4\u03b1 \u039d\u03b1\u03b2\u03ac\u03c1\u03bf \u03ba\u03b1\u03b9 \u03bf \u0395\u03bc\u03b9\u03bb\u03b9\u03ac\u03bd\u03bf \u039c\u03cc\u03bd\u03c7\u03b5 \u03c3\u03c5\u03bd\u03b1\u03bd\u03c4\u03bf\u03cd\u03bd \u03c4\u03bf\u03c5\u03c2 \u03b1\u03bd\u03b1\u03b3\u03bd\u03ce\u03c3\u03c4\u03b5\u03c2 \u03c4\u03bf\u03c5\u03c2<\/div><div class=\"item_description\">en Editorial Carnivora Zaimi 31-33<\/div><\/div><div id=\"genesisexpo_button_69f0c684358c7\" class=\"genesisexpo_module_button wgl_button wgl_button-m aleft\">\n\t<a href=\"https:\/\/lea-festival.com\/es\/%ce%bb%ce%bf%ce%b3%ce%bf%cf%84%ce%b5%cf%87%ce%bd%ce%b9%ce%ba%cf%8c%cf%82-%cf%80%ce%b5%cf%81%ce%af%cf%80%ce%b1%cf%84%ce%bf%cf%82-%ce%b7-%ce%bc%cf%80%cf%81%ce%ad%ce%bd%cf%84%ce%b1-%ce%bd%ce%b1%ce%b2\/\" title='\u039b\u03bf\u03b3\u03bf\u03c4\u03b5\u03c7\u03bd\u03b9\u03ba\u03cc\u03c2 \u03a0\u03b5\u03c1\u03af\u03c0\u03b1\u03c4\u03bf\u03c2 | \u0397 \u039c\u03c0\u03c1\u03ad\u03bd\u03c4\u03b1 \u039d\u03b1\u03b2\u03ac\u03c1\u03bf \u03ba\u03b1\u03b9 \u03bf \u0395\u03bc\u03b9\u03bb\u03b9\u03ac\u03bd\u03bf \u039c\u03cc\u03bd\u03c7\u03b5 \u03c3\u03c5\u03bd\u03b1\u03bd\u03c4\u03bf\u03cd\u03bd \u03c4\u03bf\u03c5\u03c2 \u03b1\u03bd\u03b1\u03b3\u03bd\u03ce\u03c3\u03c4\u03b5\u03c2 \u03c4\u03bf\u03c5\u03c2' target=\"_blank\" style=\"border-radius:50px; border-width:1px; \" >LEER MAS<\/a>\n<\/div>\n    \n<\/div><div class=\"timetabs_item\" id=\"timetabs_item_69f0c68435a3f\"><div class=\"item_time\">19:00<\/div><div class=\"item_img\"><img loading=\"lazy\" decoding=\"async\" src=\"https:\/\/lea-festival.com\/wp-content\/uploads\/2025\/05\/19.00_ES-1-268x268.jpg\" alt=\"\" width=\"134\" height=\"134\"><\/div><div class=\"content-wrapper\"><div class=\"item_title\">PRESENTACI\u00d3N DE LIBRO |\u201dLos Alemanes\u201d, de Sergio del Molino, en traducci\u00f3n de Mar\u00eda Paleologu<\/div><div class=\"item_description\">Instituto Cervantes de Atenas - Terraza<br \/>\nEn espa\u00f1ol y griego.<\/div><\/div><div id=\"genesisexpo_button_69f0c68436018\" class=\"genesisexpo_module_button wgl_button wgl_button-m aleft\">\n\t<a href=\"https:\/\/lea-festival.com\/es\/%cf%80%ce%b1%cf%81%ce%bf%cf%85%cf%83%ce%b9%ce%b1%cf%83%ce%b7-%ce%b2%ce%b9%ce%b2%ce%bb%ce%b9%ce%bf%cf%85-%ce%bf%ce%b9-%ce%b3%ce%b5%cf%81%ce%bc%ce%b1%ce%bd%ce%bf%ce%af-%cf%84%ce%bf%cf%85-%cf%83%ce%ad\/\" title='PRESENTACI\u00d3N DE LIBRO |\u201dLos Alemanes\u201d, de Sergio del Molino, en traducci\u00f3n de Mar\u00eda Paleologu' target=\"_blank\" style=\"border-radius:50px; border-width:1px; \" >LEER MAS<\/a>\n<\/div>\n    \n<\/div><div class=\"timetabs_item\" id=\"timetabs_item_69f0c68436197\"><div class=\"item_time\">20:00<\/div><div class=\"item_img\"><img loading=\"lazy\" decoding=\"async\" src=\"https:\/\/lea-festival.com\/wp-content\/uploads\/2025\/05\/20.00_GR-2-268x268.jpg\" alt=\"\" width=\"134\" height=\"134\"><\/div><div class=\"content-wrapper\"><div class=\"item_title\">PRESENTACI\u00d3N DE LIBRO  | \u201dLa traducci\u00f3n del mundo\u201d de Juan Gabriel V\u00e1squez en traducci\u00f3n de Ajileas Kiriakidis<\/div><div class=\"item_description\">Instituto Cervantes de Atenas - Terraza<br \/>\nEn espa\u00f1ol y griego.<\/div><\/div><div id=\"genesisexpo_button_69f0c684369b8\" class=\"genesisexpo_module_button wgl_button wgl_button-m aleft\">\n\t<a href=\"https:\/\/lea-festival.com\/es\/%cf%80%ce%b1%cf%81%ce%bf%cf%85%cf%83%ce%b9%ce%b1%cf%83%ce%b7-%ce%b2%ce%b9%ce%b2%ce%bb%ce%b9%ce%bf%cf%85-%ce%b7-%ce%bc%ce%b5%cf%84%ce%ac%cf%86%cf%81%ce%b1%cf%83%ce%b7-%cf%84%ce%bf%cf%85-%ce%ba%cf%8c\/\" title='PRESENTACI\u00d3N DE LIBRO  | \u201dLa traducci\u00f3n del mundo\u201d de Juan Gabriel V\u00e1squez en traducci\u00f3n de Ajileas Kiriakidis' target=\"_blank\" style=\"border-radius:50px; border-width:1px; \" >LEER MAS<\/a>\n<\/div>\n    \n<\/div><div class=\"timetabs_item\" id=\"timetabs_item_69f0c68436c08\"><div class=\"item_time\">21:00<\/div><div class=\"item_img\"><img loading=\"lazy\" decoding=\"async\" src=\"https:\/\/lea-festival.com\/wp-content\/uploads\/2025\/05\/21.00_GR-2-268x268.jpg\" alt=\"\" width=\"134\" height=\"134\"><\/div><div class=\"content-wrapper\"><div class=\"item_title\">MESA REDONDA | \u00abMigraci\u00f3n y literatura\u00bb<\/div><div class=\"item_description\">Instituto Cervantes de Atenas - Terraza<br \/>\nEn espa\u00f1ol y griego.<\/div><\/div><div id=\"genesisexpo_button_69f0c6843750a\" class=\"genesisexpo_module_button wgl_button wgl_button-m aleft\">\n\t<a href=\"https:\/\/lea-festival.com\/es\/%cf%83%cf%84%cf%81%ce%bf%ce%b3%ce%b3%cf%85%ce%bb%ce%bf-%cf%84%cf%81%ce%b1%cf%80%ce%b5%ce%b6%ce%b9-%ce%bc%ce%b5%cf%84%ce%b1%ce%bd%ce%ac%cf%83%cf%84%ce%b5%cf%85%cf%83%ce%b7-%ce%ba%ce%b1%ce%b9\/\" title='MESA REDONDA | \u00abMigraci\u00f3n y literatura\u00bb' target=\"_blank\" style=\"border-radius:50px; border-width:1px; \" >LEER MAS<\/a>\n<\/div>\n    \n<\/div><\/div><div class=\"timetab_container\" data-tab-id=\"tab-1684919554035-cbfd05e0-ef5b\"><div class=\"timetabs_item\" id=\"timetabs_item_69f0c6843793a\"><div class=\"item_time\">11:00<\/div><div class=\"item_img\"><img loading=\"lazy\" decoding=\"async\" src=\"https:\/\/lea-festival.com\/wp-content\/uploads\/2025\/05\/11.00_GR-polyglote-268x268.jpg\" alt=\"\" width=\"134\" height=\"134\"><\/div><div class=\"content-wrapper\"><div class=\"item_title\">\u039b\u0395\u03a3\u03a7\u0397 \u039b\u0395\u0391\u03bd\u03ac\u03b3\u03bd\u03c9\u03c3\u03b7\u03c2 | \u03a1\u03b7\u03bc\u03b1\u03b3\u03bc\u03ad\u03bd\u03bf\u03b9 \u03a4\u03cc\u03c0\u03bf\u03b9 \u03c4\u03bf\u03c5 \u0395\u03bc\u03b9\u03bb\u03b9\u03ac\u03bd\u03bf \u039c\u03cc\u03bd\u03c7\u03b5, \u03c3\u03b5 \u03bc\u03b5\u03c4\u03ac\u03c6\u03c1\u03b1\u03c3\u03b7 \u039a\u03c9\u03bd\u03c3\u03c4\u03b1\u03bd\u03c4\u03af\u03bd\u03bf\u03c5 \u03a0\u03b1\u03bb\u03b1\u03b9\u03bf\u03bb\u03cc\u03b3\u03bf\u03c5<\/div><div class=\"item_description\">Polyglot Bookstore<br \/>\nEn espa\u00f1ol y griego.<\/div><\/div><div id=\"genesisexpo_button_69f0c68438121\" class=\"genesisexpo_module_button wgl_button wgl_button-m aleft\">\n\t<a href=\"https:\/\/lea-festival.com\/es\/%ce%bb%ce%b5%cf%83%cf%87%ce%b7-%ce%bb%ce%b5%ce%b1%ce%bd%ce%ac%ce%b3%ce%bd%cf%89%cf%83%ce%b7%cf%82-%cf%81%ce%b7%ce%bc%ce%b1%ce%b3%ce%bc%ce%ad%ce%bd%ce%bf%ce%b9-%cf%84%cf%8c%cf%80%ce%bf%ce%b9-%cf%84\/\" title='CLUB DE LEActura | \u201cTierras arrasadas\u201d, de Emiliano Monge, en traducci\u00f3n de Konstantinos Paleologos' target=\"_blank\" style=\"border-radius:50px; border-width:1px; \" >LEER MAS<\/a>\n<\/div>\n    \n<\/div><div class=\"timetabs_item\" id=\"timetabs_item_69f0c6843832f\"><div class=\"item_time\">18:30<\/div><div class=\"item_img\"><img loading=\"lazy\" decoding=\"async\" src=\"https:\/\/lea-festival.com\/wp-content\/uploads\/2025\/05\/18.30_GR-268x268.jpg\" alt=\"\" width=\"134\" height=\"134\"><\/div><div class=\"content-wrapper\"><div class=\"item_title\">ACTO OFICIAL | Apertura del XVI\u0399 Festival LEA<\/div><div class=\"item_description\">Museo de la Acr\u00f3polis -Anfiteatro Demetrios Pantermal\u00eds<br \/>\n* Entrega del V Premio LEA de Traducci\u00f3n Literaria<br \/>\n* Proyecto \u201cPuentes Literarios: voces griegas en Iberoam\u00e9rica\u201d<br \/>\n* MESA REDONDA | El rol de la literatura en el mundo que vivimos<br \/>\nEn espa\u00f1ol y griego.<\/div><\/div><div id=\"genesisexpo_button_69f0c68438aae\" class=\"genesisexpo_module_button wgl_button wgl_button-m aleft\">\n\t<a href=\"https:\/\/lea-festival.com\/es\/%ce%b5%cf%80%ce%b9%cf%83%ce%b7%ce%bc%ce%b7-%cf%84%ce%b5%ce%bb%ce%b5%cf%84%ce%b7-%ce%ad%ce%bd%ce%b1%cf%81%ce%be%ce%b7-%cf%84%ce%bf%cf%85-17%ce%bf%cf%85-%cf%86%ce%b5%cf%83%cf%84%ce%b9%ce%b2%ce%ac\/\" title='ACTO OFICIAL | Apertura del XVI\u0399 Festival LEA' target=\"_blank\" style=\"border-radius:50px; border-width:1px; \" >LEER MAS<\/a>\n<\/div>\n    \n<\/div><\/div><div class=\"timetab_container\" data-tab-id=\"tab-1748262651305-e78c32a7-cb24\"><div class=\"timetabs_item\" id=\"timetabs_item_69f0c68438e92\"><div class=\"item_time\">11:00-13:00<\/div><div class=\"item_img\"><img loading=\"lazy\" decoding=\"async\" src=\"https:\/\/lea-festival.com\/wp-content\/uploads\/2025\/05\/11.00_GR-2-268x268.jpg\" alt=\"\" width=\"134\" height=\"134\"><\/div><div class=\"content-wrapper\"><div class=\"item_title\">TALLER DE LECTURA|  \u201cLa literatura como herramienta de inclusi\u00f3n y formaci\u00f3n de valores en la primera infancia\u201d, con la profesora Mercedes Fern\u00e1ndez de Rodr\u00edguez.<\/div><div class=\"item_description\">Librer\u00eda Polyglot Bookstore<br \/>\nActividad para padres e hijos.<br \/>\nEntrada gratuita hasta completar aforo.<br \/>\nEn espa\u00f1ol y griego.<\/div><\/div><div id=\"genesisexpo_button_69f0c68439629\" class=\"genesisexpo_module_button wgl_button wgl_button-m aleft\">\n\t<a href=\"https:\/\/lea-festival.com\/es\/%ce%b5%cf%81%ce%b3%ce%b1%cf%83%cf%84%ce%b7%cf%81%ce%b9%ce%bf-%ce%b1%ce%bd%ce%b1%ce%b3%ce%bd%cf%89%cf%83%ce%b7%cf%82-%ce%b7-%ce%bb%ce%bf%ce%b3%ce%bf%cf%84%ce%b5%cf%87%ce%bd%ce%af%ce%b1-%cf%89\/\" title='TALLER DE LECTURA|  \u201cLa literatura como herramienta de inclusi\u00f3n y formaci\u00f3n de valores en la primera infancia\u201d, con la profesora Mercedes Fern\u00e1ndez de Rodr\u00edguez.' target=\"_blank\" style=\"border-radius:50px; border-width:1px; \" >LEER MAS<\/a>\n<\/div>\n    \n<\/div><div class=\"timetabs_item\" id=\"timetabs_item_69f0c68439844\"><div class=\"item_time\">14:00<\/div><div class=\"item_img\"><img loading=\"lazy\" decoding=\"async\" src=\"https:\/\/lea-festival.com\/wp-content\/uploads\/2025\/06\/14.00_GR-268x268.jpg\" alt=\"\" width=\"134\" height=\"134\"><\/div><div class=\"content-wrapper\"><div class=\"item_title\">MESA REDONDA | \u201cEl rol de la literatura en el mundo que vivimos\u201d<\/div><div class=\"item_description\">Librer\u00eda Konstantinidis<br \/>\nEn espa\u00f1ol y griego.<\/div><\/div><div id=\"genesisexpo_button_69f0c6843a1a1\" class=\"genesisexpo_module_button wgl_button wgl_button-m aleft\">\n\t<a href=\"https:\/\/lea-festival.com\/es\/%cf%83%cf%84%cf%81%ce%bf%ce%b3%ce%b3%cf%85%ce%bb%ce%bf-%cf%84%cf%81%ce%b1%cf%80%ce%b5%ce%b6%ce%b9-%cf%83%cf%84%ce%b7-%ce%b8%ce%b5%cf%83%cf%83%ce%b1%ce%bb%ce%bf%ce%bd%ce%af%ce%ba%ce%b7-%ce%bf\/\" title='MESA REDONDA en Tesal\u00f3nica | \u201cEl rol de la literatura en el mundo que vivimos\u201d' target=\"_blank\" style=\"border-radius:50px; border-width:1px; \" >LEER MAS<\/a>\n<\/div>\n    \n<\/div><div class=\"timetabs_item\" id=\"timetabs_item_69f0c6843a412\"><div class=\"item_time\">20:00<\/div><div class=\"item_img\"><img loading=\"lazy\" decoding=\"async\" src=\"https:\/\/lea-festival.com\/wp-content\/uploads\/2025\/05\/20.00_GR-4-268x268.jpg\" alt=\"\" width=\"134\" height=\"134\"><\/div><div class=\"content-wrapper\"><div class=\"item_title\">MESA REDONDA en PATRAS | \u201cDe identidad y literatura\u201d, con Eva Baltasar y Fernando Iwasaki.<\/div><div class=\"item_description\">Teatro Epikentro<br \/>\nEn espa\u00f1ol y griego.<\/div><\/div><div id=\"genesisexpo_button_69f0c6843af88\" class=\"genesisexpo_module_button wgl_button wgl_button-m aleft\">\n\t<a href=\"https:\/\/lea-festival.com\/es\/%cf%83%cf%84%cf%81%ce%bf%ce%b3%ce%b3%cf%85%ce%bb%ce%bf-%cf%84%cf%81%ce%b1%cf%80%ce%b5%ce%b6%ce%b9-%cf%83%cf%84%ce%b7%ce%bd-%cf%80%ce%ac%cf%84%cf%81%ce%b1-%cf%80%ce%b5%cf%81%ce%af-%cf%84%ce%b1\/\" title='MESA REDONDA en PATRAS | \u201cDe identidad y literatura\u201d, con Eva Baltasar y Fernando Iwasaki.' target=\"_blank\" style=\"border-radius:50px; border-width:1px; \" >LEER MAS<\/a>\n<\/div>\n    \n<\/div><div class=\"timetabs_item\" id=\"timetabs_item_69f0c6843b1b7\"><div class=\"item_time\">20:00<\/div><div class=\"item_img\"><img loading=\"lazy\" decoding=\"async\" src=\"https:\/\/lea-festival.com\/wp-content\/uploads\/2025\/05\/\u03bb\u03b5\u03c5\u03ba\u03b1\u03b4\u03b1-20.00_GR-268x268.jpg\" alt=\"\" width=\"134\" height=\"134\"><\/div><div class=\"content-wrapper\"><div class=\"item_title\">\u03a0\u0391\u039d\u0395\u039b \u03c3\u03c4\u03b7 \u039b\u03b5\u03c5\u03ba\u03ac\u03b4\u03b1 | \u00ab\u039c\u03b5\u03c4\u03b1\u03bd\u03ac\u03c3\u03c4\u03b5\u03c5\u03c3\u03b7 \u03ba\u03b1\u03b9 \u039b\u03bf\u03b3\u03bf\u03c4\u03b5\u03c7\u03bd\u03af\u03b1\u00bb<\/div><div class=\"item_description\">Vinoteca La Queser\u00eda, Lefkada<br \/>\nEn espa\u00f1ol y griego.<\/div><\/div><div id=\"genesisexpo_button_69f0c6843bc14\" class=\"genesisexpo_module_button wgl_button wgl_button-m aleft\">\n\t<a href=\"https:\/\/lea-festival.com\/es\/%cf%83%cf%85%ce%b6%ce%b7%cf%84%ce%b7%cf%83%ce%b7-%cf%83%cf%84%ce%b7-%ce%bb%ce%b5%cf%85%ce%ba%ce%ac%ce%b4%ce%b1-%ce%bc%ce%b5%cf%84%ce%b1%ce%bd%ce%ac%cf%83%cf%84%ce%b5%cf%85%cf%83%ce%b7-%ce%ba\/\" title='PANEL en LEFKADA | \u201cMigraci\u00f3n y literatura\u201d' target=\"_blank\" style=\"border-radius:50px; border-width:1px; \" >LEER MAS<\/a>\n<\/div>\n    \n<\/div><\/div><div class=\"timetab_container\" data-tab-id=\"tab-1748264584822-3b01b57c-b404\"><div class=\"timetabs_item\" id=\"timetabs_item_69f0c6843c056\"><div class=\"item_time\">18:00<\/div><div class=\"item_img\"><img loading=\"lazy\" decoding=\"async\" src=\"https:\/\/lea-festival.com\/wp-content\/uploads\/2025\/05\/18.00_GR-3-268x268.jpg\" alt=\"\" width=\"134\" height=\"134\"><\/div><div class=\"content-wrapper\"><div class=\"item_title\">MESA REDONDA| Grecia en el mundo hispano y el mundo hispano en Grecia.<\/div><div class=\"item_description\">Anfiteatro \"Alkis Argyriadis\u201d,  edificio central de la Universidad Nacional y Kapodistr\u00edaca\nde Atenas.<br \/>\nEn espa\u00f1ol y griego.<\/div><\/div><div id=\"genesisexpo_button_69f0c6843c7f9\" class=\"genesisexpo_module_button wgl_button wgl_button-m aleft\">\n\t<a href=\"https:\/\/lea-festival.com\/es\/%cf%83%cf%84%cf%81%ce%bf%ce%b3%ce%b3%cf%85%ce%bb%ce%bf-%cf%84%cf%81%ce%b1%cf%80%ce%b5%ce%b6%ce%b9-%ce%b7-%ce%b5%ce%bb%ce%bb%ce%ac%ce%b4%ce%b1-%cf%83%cf%84%ce%bf%ce%bd-%ce%b9%cf%83%cf%80%ce%b1\/\" title='MESA REDONDA | Grecia en el mundo hispano y el mundo hispano en Grecia.' target=\"_blank\" style=\"border-radius:50px; border-width:1px; \" >LEER MAS<\/a>\n<\/div>\n    \n<\/div><div class=\"timetabs_item\" id=\"timetabs_item_69f0c6843ca24\"><div class=\"item_time\">19:00<\/div><div class=\"item_img\"><img loading=\"lazy\" decoding=\"async\" src=\"https:\/\/lea-festival.com\/wp-content\/uploads\/2025\/05\/19.00_GR-5-268x268.jpg\" alt=\"\" width=\"134\" height=\"134\"><\/div><div class=\"content-wrapper\"><div class=\"item_title\">MESA REDONDA | Voces latinoamericanas<\/div><div class=\"item_description\">Anfiteatro \"Alkis Argyriadis\u201d,  edificio central de la Universidad Nacional y Kapodistr\u00edaca\nde Atenas.<br \/>\nEn espa\u00f1ol y griego.<\/div><\/div><div id=\"genesisexpo_button_69f0c6843d108\" class=\"genesisexpo_module_button wgl_button wgl_button-m aleft\">\n\t<a href=\"https:\/\/lea-festival.com\/es\/%cf%83%cf%84%cf%81%ce%bf%ce%b3%ce%b3%cf%85%ce%bb%ce%bf-%cf%84%cf%81%ce%b1%cf%80%ce%b5%ce%b6%ce%b9-%cf%86%cf%89%ce%bd%ce%ad%cf%82-%ce%b1%cf%80%cf%8c-%cf%84%ce%b7-%ce%bb%ce%b1%cf%84%ce%b9%ce%bd\/\" title='MESA REDONDA | Voces latinoamericanas' target=\"_blank\" style=\"border-radius:50px; border-width:1px; \" >LEER MAS<\/a>\n<\/div>\n    \n<\/div><div class=\"timetabs_item\" id=\"timetabs_item_69f0c6843d311\"><div class=\"item_time\">19:00<\/div><div class=\"item_img\"><img loading=\"lazy\" decoding=\"async\" src=\"https:\/\/lea-festival.com\/wp-content\/uploads\/2025\/06\/PASEO-LITERARIO_PACO-268x268.jpg\" alt=\"\" width=\"134\" height=\"134\"><\/div><div class=\"content-wrapper\"><div class=\"item_title\">Paseo Literario y Firma de Libros l Paco Ignacio Taibo II se encuentra con sus lectores<\/div><div class=\"item_description\">\u03c3\u03c4\u03bf \u03a3\u039a\u03a1\u0399\u03a0 \u03c3\u03c4\u03b7 \u0394\u03b7\u03bc\u03bf\u03c4\u03b9\u03ba\u03ae \u0391\u03b3\u03bf\u03c1\u03ac \u039a\u03c5\u03c8\u03ad\u03bb\u03b7\u03c2<\/div><\/div><div id=\"genesisexpo_button_69f0c6843d973\" class=\"genesisexpo_module_button wgl_button wgl_button-m aleft\">\n\t<a href=\"https:\/\/lea-festival.com\/es\/%ce%bb%ce%bf%ce%b3%ce%bf%cf%84%ce%b5%cf%87%ce%bd%ce%b9%ce%ba%cf%8c%cf%82-%cf%80%ce%b5%cf%81%ce%af%cf%80%ce%b1%cf%84%ce%bf%cf%82-%ce%bf-%cf%80%ce%ac%ce%ba%ce%bf-%ce%b9%ce%b3%ce%bd%ce%ac%cf%83%ce%b9\/\" title='Paseo Literario y Firma de Libros l Paco Ignacio Taibo II se encuentra con sus lectores' target=\"_blank\" style=\"border-radius:50px; border-width:1px; \" >LEER MAS<\/a>\n<\/div>\n    \n<\/div><div class=\"timetabs_item\" id=\"timetabs_item_69f0c6843db74\"><div class=\"item_time\">20:00<\/div><div class=\"item_img\"><img loading=\"lazy\" decoding=\"async\" src=\"https:\/\/lea-festival.com\/wp-content\/uploads\/2025\/05\/20.00_GR-5-268x268.jpg\" alt=\"\" width=\"134\" height=\"134\"><\/div><div class=\"content-wrapper\"><div class=\"item_title\">PRESENTACI\u00d3N DE LIBRO |\u201dEl Pasado perfecto\u201d, de Leonardo Padura, en traducci\u00f3n de Kostas Athanas\u00edou.<\/div><div class=\"item_description\">Anfiteatro \"Alkis Argyriadis\u201d,  edificio central de la Universidad Nacional y Kapodistr\u00edaca\nde Atenas.<br \/>\nEn espa\u00f1ol y griego.<\/div><\/div><div id=\"genesisexpo_button_69f0c6843e215\" class=\"genesisexpo_module_button wgl_button wgl_button-m aleft\">\n\t<a href=\"https:\/\/lea-festival.com\/es\/%cf%80%ce%b1%cf%81%ce%bf%cf%85%cf%83%ce%b9%ce%b1%cf%83%ce%b7-%ce%b2%ce%b9%ce%b2%ce%bb%ce%b9%ce%bf%cf%85-%cf%84%ce%ad%ce%bb%ce%b5%ce%b9%ce%bf-%cf%80%ce%b1%cf%81%ce%b5%ce%bb%ce%b8%cf%8c%ce%bd-%cf%84\/\" title='PRESENTACI\u00d3N DE LIBRO |\u201dEl Pasado perfecto\u201d, de Leonardo Padura, en traducci\u00f3n de Kostas Athanas\u00edou.' target=\"_blank\" style=\"border-radius:50px; border-width:1px; \" >LEER MAS<\/a>\n<\/div>\n    \n<\/div><\/div><div class=\"timetab_container\" data-tab-id=\"tab-1748265358950-ef00c480-e28a\"><div class=\"timetabs_item\" id=\"timetabs_item_69f0c6843e621\"><div class=\"item_time\">18:00<\/div><div class=\"item_img\"><img loading=\"lazy\" decoding=\"async\" src=\"https:\/\/lea-festival.com\/wp-content\/uploads\/2025\/05\/18.00_IC_GR-268x268.jpg\" alt=\"\" width=\"134\" height=\"134\"><\/div><div class=\"content-wrapper\"><div class=\"item_title\">MESA REDONDA| Relatos de Caf\u00e9, de Colombia a Grecia<\/div><div class=\"item_description\">Instituto Cervantes de Atenas - Terraza<br \/>\nEn espa\u00f1ol y griego.<\/div><\/div><div id=\"genesisexpo_button_69f0c6843ee66\" class=\"genesisexpo_module_button wgl_button wgl_button-m aleft\">\n\t<a href=\"https:\/\/lea-festival.com\/es\/%cf%83%cf%84%cf%81%ce%bf%ce%b3%ce%b3%cf%85%ce%bbo-%cf%84%cf%81%ce%b1%cf%80%ce%b5%ce%b6%ce%b9-%ce%b9%cf%83%cf%84%ce%bf%cf%81%ce%af%ce%b5%cf%82-%ce%ba%ce%b1%cf%86%ce%ad-%ce%b1%cf%80%cf%8c-%cf%84\/\" title='MESA REDONDA| Relatos de Caf\u00e9, de Colombia a Grecia' target=\"_blank\" style=\"border-radius:50px; border-width:1px; \" >LEER MAS<\/a>\n<\/div>\n    \n<\/div><div class=\"timetabs_item\" id=\"timetabs_item_69f0c6843f0b6\"><div class=\"item_time\">18:00<\/div><div class=\"item_img\"><img loading=\"lazy\" decoding=\"async\" src=\"https:\/\/lea-festival.com\/wp-content\/uploads\/2025\/05\/18.00_U_GR-268x268.jpg\" alt=\"\" width=\"134\" height=\"134\"><\/div><div class=\"content-wrapper\"><div class=\"item_title\">MESA REDONDA| Grecia y la lusofon\u00eda<\/div><div class=\"item_description\">\u0391\u03bc\u03c6\u03b9\u03b8\u03ad\u03b1\u03c4\u03c1\u03bf \u00ab\u0386\u03bb\u03ba\u03b7\u03c2 \u0391\u03c1\u03b3\u03c5\u03c1\u03b9\u03ac\u03b4\u03b7\u03c2\u00bb, \u03ba\u03b5\u03bd\u03c4\u03c1\u03b9\u03ba\u03cc \u03ba\u03c4\u03af\u03c1\u03b9\u03bf \u0395\u03b8\u03bd\u03b9\u03ba\u03bf\u03cd \u03ba\u03b1\u03b9 \u039a\u03b1\u03c0\u03bf\u03b4\u03b9\u03c3\u03c4\u03c1\u03b9\u03b1\u03ba\u03bf\u03cd \u03a0\u03b1\u03bd\u03b5\u03c0\u03b9\u03c3\u03c4\u03b7\u03bc\u03af\u03bf\u03c5 \u0391\u03b8\u03b7\u03bd\u03ce\u03bd.<br \/>\n\u03a3\u03c4\u03b1 \u03c0\u03bf\u03c1\u03c4\u03bf\u03b3\u03b1\u03bb\u03b9\u03ba\u03ac \u03ba\u03b1\u03b9 \u03c3\u03c4\u03b1 \u03b5\u03bb\u03bb\u03b7\u03bd\u03b9\u03ba\u03ac.<\/div><\/div><div id=\"genesisexpo_button_69f0c6843f7fa\" class=\"genesisexpo_module_button wgl_button wgl_button-m aleft\">\n\t<a href=\"https:\/\/lea-festival.com\/es\/%cf%83%cf%84%cf%81%ce%bf%ce%b3%ce%b3%cf%85%ce%bbo-%cf%84%cf%81%ce%b1%cf%80%ce%b5%ce%b6i-%ce%b5%ce%bb%ce%bb%ce%ac%ce%b4%ce%b1-%ce%ba%ce%b1%ce%b9-%cf%80%ce%bf%cf%81%cf%84%ce%bf%ce%b3%ce%b1%ce%bb\/\" title='MESA REDONDA| Grecia y la lusofon\u00eda' target=\"_blank\" style=\"border-radius:50px; border-width:1px; \" >LEER MAS<\/a>\n<\/div>\n    \n<\/div><div class=\"timetabs_item\" id=\"timetabs_item_69f0c6843fa2b\"><div class=\"item_time\">19:00<\/div><div class=\"item_img\"><img loading=\"lazy\" decoding=\"async\" src=\"https:\/\/lea-festival.com\/wp-content\/uploads\/2025\/05\/19.00_GR-7-268x268.jpg\" alt=\"\" width=\"134\" height=\"134\"><\/div><div class=\"content-wrapper\"><div class=\"item_title\">PRESENTACI\u00d3N DE LIBRO | \u201cBetib\u00fa\u201d, de Claudia Pi\u00f1eiro, en traducci\u00f3n de Aspas\u00eda Kampili<\/div><div class=\"item_description\">Anfiteatro \"Alkis Argyriadis\u201d,  edificio central de la Universidad Nacional y Kapodistr\u00edaca\nde Atenas.<br \/>\nEn espa\u00f1ol y griego.<\/div><\/div><div id=\"genesisexpo_button_69f0c6844010d\" class=\"genesisexpo_module_button wgl_button wgl_button-m aleft\">\n\t<a href=\"https:\/\/lea-festival.com\/es\/%cf%80%ce%b1%cf%81%ce%bf%cf%85%cf%83%ce%b9%ce%b1%cf%83%ce%b7-%ce%b2%ce%b9%ce%b2%ce%bb%ce%b9%ce%bf%cf%85-%ce%bc%cf%80%ce%ad%cf%84%ce%b9-%ce%bc%cf%80%ce%bf%cf%85-%cf%84%ce%b7%cf%82-%ce%ba%ce%bb%ce%b1\/\" title='PRESENTACI\u00d3N DE LIBRO | \u201cBetib\u00fa\u201d, de Claudia Pi\u00f1eiro, en traducci\u00f3n de Aspas\u00eda Kampili' target=\"_blank\" style=\"border-radius:50px; border-width:1px; \" >LEER MAS<\/a>\n<\/div>\n    \n<\/div><div class=\"timetabs_item\" id=\"timetabs_item_69f0c68440319\"><div class=\"item_time\">19.30<\/div><div class=\"item_img\"><img loading=\"lazy\" decoding=\"async\" src=\"https:\/\/lea-festival.com\/wp-content\/uploads\/2025\/05\/19.30_gr-1-268x268.jpg\" alt=\"\" width=\"134\" height=\"134\"><\/div><div class=\"content-wrapper\"><div class=\"item_title\">MESA REDONDA| Del libro al gui\u00f3n de series, los retos de las plataformas digitales<\/div><div class=\"item_description\">Instituto Cervantes de Atenas - Terraza<br \/>\nEn espa\u00f1ol y griego.<\/div><\/div><div id=\"genesisexpo_button_69f0c68440a39\" class=\"genesisexpo_module_button wgl_button wgl_button-m aleft\">\n\t<a href=\"https:\/\/lea-festival.com\/es\/%cf%83%cf%84%cf%81%ce%bf%ce%b3%ce%b3%cf%85%ce%bb%ce%bf-%cf%84%cf%81%ce%b1%cf%80%ce%b5%ce%b6%ce%b9-%ce%b1%cf%80%cf%8c-%cf%84%ce%bf-%ce%b2%ce%b9%ce%b2%ce%bb%ce%af%ce%bf-%cf%83%cf%84%ce%bf-%cf%83\/\" title='MESA REDONDA| Del libro al gui\u00f3n de series, los retos de las plataformas digitales' target=\"_blank\" style=\"border-radius:50px; border-width:1px; \" >LEER MAS<\/a>\n<\/div>\n    \n<\/div><div class=\"timetabs_item\" id=\"timetabs_item_69f0c68440c4f\"><div class=\"item_time\">19.30<\/div><div class=\"item_img\"><img loading=\"lazy\" decoding=\"async\" src=\"https:\/\/lea-festival.com\/wp-content\/uploads\/2025\/06\/19.30_gr_exp-268x268.jpg\" alt=\"\" width=\"134\" height=\"134\"><\/div><div class=\"content-wrapper\"><div class=\"item_title\">INAUGURACI\u00d3N DE EXPOSICI\u00d3N | \u201cHomenaje a Gabriel Garc\u00eda M\u00e1rquez, Latin pop portraits\u201d de Julia Guerrero<\/div><div class=\"item_description\">Fundaci\u00f3n Michael Kakogiannis<br \/>\nDuraci\u00f3n: del 17 al 24 de junio 2025<\/div><\/div><div id=\"genesisexpo_button_69f0c68441357\" class=\"genesisexpo_module_button wgl_button wgl_button-m aleft\">\n\t<a href=\"https:\/\/lea-festival.com\/es\/%ce%b5%ce%b3%ce%ba%ce%b1%ce%b9%ce%bd%ce%b9%ce%b1-%ce%b5%ce%ba%ce%b8%ce%b5%cf%83%ce%b7%cf%82-%ce%b1%cf%86%ce%b9%ce%ad%cf%81%cf%89%ce%bc%ce%b1-%cf%83%cf%84%ce%bf%ce%bd-%ce%b3%ce%ba%ce%b1%ce%bc\/\" title='INAUGURACI\u00d3N DE EXPOSICI\u00d3N | \u201cHomenaje a Gabriel Garc\u00eda M\u00e1rquez, Latin pop portraits\u201d de Julia Guerrero' target=\"_blank\" style=\"border-radius:50px; border-width:1px; \" >LEER MAS<\/a>\n<\/div>\n    \n<\/div><div class=\"timetabs_item\" id=\"timetabs_item_69f0c6844155f\"><div class=\"item_time\">20:00<\/div><div class=\"item_img\"><img loading=\"lazy\" decoding=\"async\" src=\"https:\/\/lea-festival.com\/wp-content\/uploads\/2025\/05\/20.00_U_GR-268x268.jpg\" alt=\"\" width=\"134\" height=\"134\"><\/div><div class=\"content-wrapper\"><div class=\"item_title\">PANEL | Encuentro con Paco Ignacio Taibo II<\/div><div class=\"item_description\">\u0391\u03bc\u03c6\u03b9\u03b8\u03ad\u03b1\u03c4\u03c1\u03bf \u00ab\u0386\u03bb\u03ba\u03b7\u03c2 \u0391\u03c1\u03b3\u03c5\u03c1\u03b9\u03ac\u03b4\u03b7\u03c2\u00bb, \u03ba\u03b5\u03bd\u03c4\u03c1\u03b9\u03ba\u03cc \u03ba\u03c4\u03af\u03c1\u03b9\u03bf \u0395\u03b8\u03bd\u03b9\u03ba\u03bf\u03cd \u03ba\u03b1\u03b9 \u039a\u03b1\u03c0\u03bf\u03b4\u03b9\u03c3\u03c4\u03c1\u03b9\u03b1\u03ba\u03bf\u03cd \u03a0\u03b1\u03bd\u03b5\u03c0\u03b9\u03c3\u03c4\u03b7\u03bc\u03af\u03bf\u03c5 \u0391\u03b8\u03b7\u03bd\u03ce\u03bd.<br \/>\nEn espa\u00f1ol y griego.<\/div><\/div><div id=\"genesisexpo_button_69f0c68441ac9\" class=\"genesisexpo_module_button wgl_button wgl_button-m aleft\">\n\t<a href=\"https:\/\/lea-festival.com\/es\/%cf%80%ce%b1%ce%bd%ce%b5%ce%bb-%cf%83%cf%85%ce%bd%ce%ac%ce%bd%cf%84%ce%b7%cf%83%ce%b7-%ce%bc%ce%b5-%cf%84%ce%bf%ce%bd-%cf%80%ce%ac%ce%ba%ce%bf-%ce%b9%ce%b3%ce%bd%ce%ac%cf%83%ce%b9%ce%bf-%cf%84%ce%ac\/\" title='PANEL | Encuentro con Paco Ignacio Taibo II' target=\"_blank\" style=\"border-radius:50px; border-width:1px; \" >LEER MAS<\/a>\n<\/div>\n    \n<\/div><div class=\"timetabs_item\" id=\"timetabs_item_69f0c68441c4e\"><div class=\"item_time\">20.30<\/div><div class=\"item_img\"><img loading=\"lazy\" decoding=\"async\" src=\"https:\/\/lea-festival.com\/wp-content\/uploads\/2025\/05\/20.30_GR-1-268x268.jpg\" alt=\"\" width=\"134\" height=\"134\"><\/div><div class=\"content-wrapper\"><div class=\"item_title\">PROYECCION DE PELICULA| \u201cVientos de La Habana\u201d, 105 min (2016)<\/div><div class=\"item_description\">Instituto Cervantes de Atenas - Terraza<br \/>\nEn espa\u00f1ol con subt\u00edtulos en griego<\/div><\/div><div id=\"genesisexpo_button_69f0c68442132\" class=\"genesisexpo_module_button wgl_button wgl_button-m aleft\">\n\t<a href=\"https:\/\/lea-festival.com\/es\/%cf%80%cf%81%ce%bf%ce%b2%ce%bf%ce%bb%ce%b7-%cf%84%ce%b1%ce%b9%ce%bd%ce%b9%ce%b1%cf%82-paisaje-de-otono-%cf%86%ce%b8%ce%b9%ce%bd%ce%bf%cf%80%cf%89%cf%81%ce%b9%ce%bd%cf%8c\/\" title='PROYECCION DE PELICULA| \u201cVientos de La Habana\u201d, 105 min (2016)' target=\"_blank\" style=\"border-radius:50px; border-width:1px; \" >LEER MAS<\/a>\n<\/div>\n    \n<\/div><\/div><div class=\"timetab_container\" data-tab-id=\"tab-1748266830974-480266b4-7e11\"><div class=\"timetabs_item\" id=\"timetabs_item_69f0c68442434\"><div class=\"item_time\">17:00<\/div><div class=\"item_img\"><img loading=\"lazy\" decoding=\"async\" src=\"https:\/\/lea-festival.com\/wp-content\/uploads\/2025\/06\/PASEO-LITERARIO_FILIPA_JOSE-268x268.jpg\" alt=\"\" width=\"134\" height=\"134\"><\/div><div class=\"content-wrapper\"><div class=\"item_title\">Paseo Literario y Firma de Libros l Filipa Leal y Jos\u00e9 Luis Peixoto se encuentran con sus lectores<\/div><div class=\"item_description\">en la Editorial Vakxikon, Patision 14, Stoa Fexi<\/div><\/div><div id=\"genesisexpo_button_69f0c68442968\" class=\"genesisexpo_module_button wgl_button wgl_button-m aleft\">\n\t<a href=\"https:\/\/lea-festival.com\/es\/%ce%bb%ce%bf%ce%b3%ce%bf%cf%84%ce%b5%cf%87%ce%bd%ce%b9%ce%ba%cf%8c%cf%82-%cf%80%ce%b5%cf%81%ce%af%cf%80%ce%b1%cf%84%ce%bf%cf%82-%ce%b7-%cf%86%ce%b9%ce%bb%ce%af%cf%80%ce%b1-%ce%bb%ce%b5%ce%ac%ce%bb\/\" title='Paseo Literario y Firma de Libros l Filipa Leal y Jos\u00e9 Luis Peixoto se encuentran con sus lectores' target=\"_blank\" style=\"border-radius:50px; border-width:1px; \" >LEER MAS<\/a>\n<\/div>\n    \n<\/div><div class=\"timetabs_item\" id=\"timetabs_item_69f0c68442ae2\"><div class=\"item_time\">18:00<\/div><div class=\"item_img\"><img loading=\"lazy\" decoding=\"async\" src=\"https:\/\/lea-festival.com\/wp-content\/uploads\/2025\/06\/18.00_GR-1-268x268.jpg\" alt=\"\" width=\"134\" height=\"134\"><\/div><div class=\"content-wrapper\"><div class=\"item_title\">CAF\u00c9 ENTREVISTA | El universo de Fernando Aramburu<\/div><div class=\"item_description\">Instituto Cervantes de Atenas - Terraza<br \/>\nEn espa\u00f1ol y griego<\/div><\/div><div id=\"genesisexpo_button_69f0c684430d0\" class=\"genesisexpo_module_button wgl_button wgl_button-m aleft\">\n\t<a href=\"https:\/\/lea-festival.com\/es\/%ce%ba%ce%b1%cf%86%ce%b5-%cf%83%cf%85%ce%bd%ce%b5%ce%bd%cf%84%ce%b5%cf%85%ce%be%ce%b7-%cf%84%ce%bf-%cf%83%cf%8d%ce%bc%cf%80%ce%b1%ce%bd-%cf%84%ce%bf%cf%85-%cf%86%ce%b5%cf%81%ce%bd%ce%ac%ce%bd%cf%84\/\" title='CAF\u00c9 ENTREVISTA | El universo de Fernando Aramburu' target=\"_blank\" style=\"border-radius:50px; border-width:1px; \" >LEER MAS<\/a>\n<\/div>\n    \n<\/div><div class=\"timetabs_item\" id=\"timetabs_item_69f0c68443250\"><div class=\"item_time\">18:00<\/div><div class=\"item_img\"><img loading=\"lazy\" decoding=\"async\" src=\"https:\/\/lea-festival.com\/wp-content\/uploads\/2025\/06\/PASEO-LITERARIO_CLAUDIA-268x268.jpg\" alt=\"\" width=\"134\" height=\"134\"><\/div><div class=\"content-wrapper\"><div class=\"item_title\">Paseo Literario y Firma de Libros l Claudia Pi\u00f1eiro se encuentra con sus lectores<\/div><div class=\"item_description\">en Editorial Carnivora Zaimi 31-33<\/div><\/div><div id=\"genesisexpo_button_69f0c68443752\" class=\"genesisexpo_module_button wgl_button wgl_button-m aleft\">\n\t<a href=\"https:\/\/lea-festival.com\/es\/%ce%bb%ce%bf%ce%b3%ce%bf%cf%84%ce%b5%cf%87%ce%bd%ce%b9%ce%ba%cf%8c%cf%82-%cf%80%ce%b5%cf%81%ce%af%cf%80%ce%b1%cf%84%ce%bf%cf%82-%ce%b7-%ce%ba%ce%bb%ce%b1%ce%bf%cf%8d%ce%b4%ce%b9%ce%b1-%cf%80%ce%b9\/\" title='Paseo Literario y Firma de Libros l Claudia Pi\u00f1eiro se encuentra con sus lectores' target=\"_blank\" style=\"border-radius:50px; border-width:1px; \" >LEER MAS<\/a>\n<\/div>\n    \n<\/div><div class=\"timetabs_item\" id=\"timetabs_item_69f0c684438c3\"><div class=\"item_time\">19:00<\/div><div class=\"item_img\"><img loading=\"lazy\" decoding=\"async\" src=\"https:\/\/lea-festival.com\/wp-content\/uploads\/2025\/05\/19.00_gr-1-1-268x268.jpg\" alt=\"\" width=\"134\" height=\"134\"><\/div><div class=\"content-wrapper\"><div class=\"item_title\">MESA REDONDA | Algoritmos y palabras: Entre humanos y m\u00e1quinas, el futuro del libro<\/div><div class=\"item_description translation-block\"><b>Instituto Cervantes de Atenas \u2013 <\/b><b>Terraza<\/b><\/div><\/div><div id=\"genesisexpo_button_69f0c68443d9c\" class=\"genesisexpo_module_button wgl_button wgl_button-m aleft\">\n\t<a href=\"https:\/\/lea-festival.com\/es\/%cf%83%cf%84%cf%81%ce%bf%ce%b3%ce%b3%cf%85%ce%bb%ce%bf-%cf%84%cf%81%ce%b1%cf%80%ce%b5%ce%b6%ce%b9-%ce%b1%ce%bb%ce%b3%cf%8c%cf%81%ce%b9%ce%b8%ce%bc%ce%bf%ce%b9-%ce%ba%ce%b1%ce%b9-%ce%bb%ce%ad%ce%be\/\" title='MESA REDONDA | Algoritmos y palabras: Entre humanos y m\u00e1quinas, el futuro del libro' target=\"_blank\" style=\"border-radius:50px; border-width:1px; \" >LEER MAS<\/a>\n<\/div>\n    \n<\/div><div class=\"timetabs_item\" id=\"timetabs_item_69f0c68443f01\"><div class=\"item_time\">19:00<\/div><div class=\"item_img\"><img loading=\"lazy\" decoding=\"async\" src=\"https:\/\/lea-festival.com\/wp-content\/uploads\/2025\/06\/19.00_polyglot_gr-268x268.jpg\" alt=\"\" width=\"134\" height=\"134\"><\/div><div class=\"content-wrapper\"><div class=\"item_title\">PRESENTACI\u00d3N DE LIBRO| \u201cA estrada para Firop\u00f3tamos\u201d, de Filipa Leal, en traducci\u00f3n de Zoi Karambekiou<\/div><div class=\"item_description\">Polyglot Bookstore<\/div><\/div><div id=\"genesisexpo_button_69f0c6844440b\" class=\"genesisexpo_module_button wgl_button wgl_button-m aleft\">\n\t<a href=\"https:\/\/lea-festival.com\/es\/%cf%80%ce%b1%cf%81%ce%bf%cf%85%cf%83%ce%b9%ce%b1%cf%83%ce%b7-%ce%b2%ce%b9%ce%b2%ce%bb%ce%b9%ce%bf%cf%85-%ce%bf-%ce%b4%cf%81%cf%8c%ce%bc%ce%bf%cf%82-%ce%b3%ce%b9%ce%b1-%cf%84%ce%bf%ce%bd-%cf%86%cf%85\/\" title='PRESENTACI\u00d3N DE LIBRO| \u201cA estrada para Firop\u00f3tamos\u201d, de Filipa Leal, en traducci\u00f3n de Zoi Karambekiou' target=\"_blank\" style=\"border-radius:50px; border-width:1px; \" >LEER MAS<\/a>\n<\/div>\n    \n<\/div><div class=\"timetabs_item\" id=\"timetabs_item_69f0c68444578\"><div class=\"item_time\">20:00<\/div><div class=\"item_img\"><img loading=\"lazy\" decoding=\"async\" src=\"https:\/\/lea-festival.com\/wp-content\/uploads\/2025\/05\/20.00_GR-6-268x268.jpg\" alt=\"\" width=\"134\" height=\"134\"><\/div><div class=\"content-wrapper\"><div class=\"item_title\">SESI\u00d3N DE CUENTOS I \u201cMitos de mi Tierra\u201d Por Alejandra Hurtado.\nRelatos ancestrales del Sur del Mundo<\/div><div class=\"item_description\">Instituto Cervantes de Atenas - Terraza<br \/>\nEn espa\u00f1ol<\/div><\/div><div id=\"genesisexpo_button_69f0c68444a69\" class=\"genesisexpo_module_button wgl_button wgl_button-m aleft\">\n\t<a href=\"https:\/\/lea-festival.com\/es\/%cf%83%cf%85%ce%bd%ce%b1%ce%bd%cf%84%ce%b7%cf%83%ce%b7-%ce%b1%cf%86%ce%b7%ce%b3%ce%b7%cf%83%ce%b7%cf%82-%ce%b9%cf%83%cf%84%ce%bf%cf%81%ce%b9%cf%89%ce%bd-%ce%b9-%ce%bc%cf%8d%ce%b8%ce%bf%ce%b9\/\" title='SESI\u00d3N DE CUENTOS I \u201cMitos de mi Tierra\u201d Por Alejandra Hurtado.Relatos ancestrales del Sur del Mundo' target=\"_blank\" style=\"border-radius:50px; border-width:1px; \" >LEER MAS<\/a>\n<\/div>\n    \n<\/div><div class=\"timetabs_item\" id=\"timetabs_item_69f0c68444bd9\"><div class=\"item_time\">20:30<\/div><div class=\"item_img\"><img loading=\"lazy\" decoding=\"async\" src=\"https:\/\/lea-festival.com\/wp-content\/uploads\/2025\/05\/20.30_TP_GR-1-268x268.jpg\" alt=\"\" width=\"134\" height=\"134\"><\/div><div class=\"content-wrapper\"><div class=\"item_title\">MESA REDONDA | La novela negra como espejo de la realidad<\/div><div class=\"item_description\">Goethe-Institut Athen, \u039f\u03bc\u03ae\u03c1\u03bf\u03c5 14-16, \u0391\u03b8\u03ae\u03bd\u03b1<br \/>\nEn espa\u00f1ol<\/div><\/div><div id=\"genesisexpo_button_69f0c684450a0\" class=\"genesisexpo_module_button wgl_button wgl_button-m aleft\">\n\t<a href=\"https:\/\/lea-festival.com\/es\/%cf%83%cf%84%cf%81%ce%bf%ce%b3%ce%b3%cf%85%ce%bb%ce%bf-%cf%84%cf%81%ce%b1%cf%80%ce%b5%ce%b6%ce%b9-%cf%84%ce%bf-%ce%bd%ce%bf%cf%85%ce%ac%cf%81-%ce%bc%cf%85%ce%b8%ce%b9%cf%83%cf%84%cf%8c%cf%81%ce%b7\/\" title='MESA REDONDA | La novela negra como espejo de la realidad' target=\"_blank\" style=\"border-radius:50px; border-width:1px; \" >LEER MAS<\/a>\n<\/div>\n    \n<\/div><div class=\"timetabs_item\" id=\"timetabs_item_69f0c6844520d\"><div class=\"item_time\">21:00<\/div><div class=\"item_img\"><img loading=\"lazy\" decoding=\"async\" src=\"https:\/\/lea-festival.com\/wp-content\/uploads\/2025\/06\/21.00_gr-new-268x268.jpg\" alt=\"\" width=\"134\" height=\"134\"><\/div><div class=\"content-wrapper\"><div class=\"item_title\">PROYECCI\u00d3N DE PEL\u00cdCULA - HOMENAJE  I \u201cPantale\u00f3n y las visitadoras\u201d dirigida por Francisco Lombardi, basada en el libro hom\u00f3nimo de Mario Vargas Llosa<\/div><div class=\"item_description\">Instituto Cervantes de Atenas - Terraza<br \/>\nEn espa\u00f1ol con subt\u00edtulos en griego<\/div><\/div><div id=\"genesisexpo_button_69f0c68445702\" class=\"genesisexpo_module_button wgl_button wgl_button-m aleft\">\n\t<a href=\"https:\/\/lea-festival.com\/es\/%cf%80%cf%81%ce%bf%ce%b2%ce%bf%ce%bb%ce%b7-%cf%84%ce%b1%ce%b9%ce%bd%ce%b9%ce%b1%cf%82-%ce%b1%cf%86%ce%b9%ce%b5%cf%81%cf%89%ce%bc%ce%b1-i-%ce%bf-%cf%80%ce%b1%ce%bd%cf%84%ce%b1%ce%bb%ce%b5%cf%8c\/\" title='\u03a0\u03a1\u039f\u0392\u039f\u039b\u0397 \u03a4\u0391\u0399\u039d\u0399\u0391\u03a3 \u2013 \u0391\u03a6\u0399\u0395\u03a1\u03a9\u039c\u0391 I \u00ab\u039f \u03a0\u03b1\u03bd\u03c4\u03b1\u03bb\u03b5\u03cc\u03bd \u03ba\u03b1\u03b9 \u03bf\u03b9 \u03b5\u03c0\u03b9\u03c3\u03ba\u03ad\u03c0\u03c4\u03c1\u03b9\u03b5\u03c2\u00bb \u03c3\u03b5 \u03c3\u03ba\u03b7\u03bd\u03bf\u03b8\u03b5\u03c3\u03af\u03b1 \u03a6\u03c1\u03b1\u03bd\u03c3\u03af\u03c3\u03ba\u03bf \u039b\u03bf\u03bc\u03c0\u03ac\u03c1\u03bd\u03c4\u03b9, \u03b2\u03b1\u03c3\u03b9\u03c3\u03bc\u03ad\u03bd\u03bf \u03c3\u03c4\u03bf \u03bf\u03bc\u03ce\u03bd\u03c5\u03bc\u03bf \u03b2\u03b9\u03b2\u03bb\u03af\u03bf \u03c4\u03bf\u03c5 \u039c\u03ac\u03c1\u03b9\u03bf \u0392\u03ac\u03c1\u03b3\u03ba\u03b1\u03c2 \u039b\u03b9\u03cc\u03c3\u03b1' target=\"_blank\" style=\"border-radius:50px; border-width:1px; \" >LEER MAS<\/a>\n<\/div>\n    \n<\/div><\/div><div class=\"timetab_container\" data-tab-id=\"tab-1748268042424-bdda7930-d694\"><div class=\"timetabs_item\" id=\"timetabs_item_69f0c684459fb\"><div class=\"item_time\">16:00<\/div><div class=\"item_img\"><img loading=\"lazy\" decoding=\"async\" src=\"https:\/\/lea-festival.com\/wp-content\/uploads\/2025\/06\/16.00_gr-268x268.jpg\" alt=\"\" width=\"134\" height=\"134\"><\/div><div class=\"content-wrapper\"><div class=\"item_title\">SESI\u00d3N DE CUENTOS | \u201cCuentos que trae el viento\u201d con Alejandra Hurtado<\/div><div class=\"item_description\">Instituto Cervantes de Atenas - Terraza<\/div><\/div><div id=\"genesisexpo_button_69f0c68445efc\" class=\"genesisexpo_module_button wgl_button wgl_button-m aleft\">\n\t<a href=\"https:\/\/lea-festival.com\/es\/%cf%83%cf%85%ce%bd%ce%b1%ce%bd%cf%84%ce%b7%cf%83%ce%b7-%ce%b1%cf%86%ce%b7%ce%b3%ce%b7%cf%83%ce%b7%cf%82-%ce%b9%cf%83%cf%84%ce%bf%cf%81%ce%b9%cf%89%ce%bd-%ce%b9%cf%83%cf%84%ce%bf%cf%81%ce%af\/\" title='SESI\u00d3N DE CUENTOS | \u201cCuentos que trae el viento\u201d con Alejandra Hurtado' target=\"_blank\" style=\"border-radius:50px; border-width:1px; \" >LEER MAS<\/a>\n<\/div>\n    \n<\/div><div class=\"timetabs_item\" id=\"timetabs_item_69f0c68446061\"><div class=\"item_time\">18:00<\/div><div class=\"item_img\"><img loading=\"lazy\" decoding=\"async\" src=\"https:\/\/lea-festival.com\/wp-content\/uploads\/2025\/05\/18.00_GR-4-268x268.jpg\" alt=\"\" width=\"134\" height=\"134\"><\/div><div class=\"content-wrapper\"><div class=\"item_title\">CAF\u00c9 ENTREVISTA | Voces desde los m\u00e1rgenes<\/div><div class=\"item_description\">Instituto Cervantes de Atenas - Terraza<br \/>\nEn espa\u00f1ol, portugu\u00e9s y griego<\/div><\/div><div id=\"genesisexpo_button_69f0c68446598\" class=\"genesisexpo_module_button wgl_button wgl_button-m aleft\">\n\t<a href=\"https:\/\/lea-festival.com\/es\/%ce%ba%ce%b1%cf%86%ce%b5-%cf%83%cf%85%ce%bd%ce%b5%ce%bd%cf%84%ce%b5%cf%85%ce%be%ce%b7-%cf%86%cf%89%ce%bd%ce%ad%cf%82-%ce%b1%cf%80%cf%8c-%cf%84%ce%bf-%cf%80%ce%b5%cf%81%ce%b9%ce%b8%cf%8e%cf%81%ce%b9\/\" title='CAF\u00c9 ENTREVISTA | Voces desde los m\u00e1rgenes' target=\"_blank\" style=\"border-radius:50px; border-width:1px; \" >LEER MAS<\/a>\n<\/div>\n    \n<\/div><div class=\"timetabs_item\" id=\"timetabs_item_69f0c684466fd\"><div class=\"item_time\">19:00<\/div><div class=\"item_img\"><img loading=\"lazy\" decoding=\"async\" src=\"https:\/\/lea-festival.com\/wp-content\/uploads\/2025\/06\/19.30_polyglot_gr-268x268.jpg\" alt=\"\" width=\"134\" height=\"134\"><\/div><div class=\"content-wrapper\"><div class=\"item_title\">PRESENTACI\u00d3N DE LIBRO | \u201cTe me moriste\u201d, de Jos\u00e9 Luis Peixoto en traducci\u00f3n de Zoi Karambekiou<\/div><div class=\"item_description\">Polyglot Bookstore<\/div><\/div><div id=\"genesisexpo_button_69f0c68446bd1\" class=\"genesisexpo_module_button wgl_button wgl_button-m aleft\">\n\t<a href=\"https:\/\/lea-festival.com\/es\/%cf%80%ce%b1%cf%81%ce%bf%cf%85%cf%83%ce%b9%ce%b1%cf%83%ce%b7-%ce%b2%ce%b9%ce%b2%ce%bb%ce%b9%ce%bf%cf%85-%ce%bc%ce%bf%cf%85-%cf%80%ce%ad%ce%b8%ce%b1%ce%bd%ce%b5%cf%82-%cf%84%ce%bf%cf%85-%ce%b6%ce%bf-2\/\" title='PRESENTACI\u00d3N DE LIBRO | \u201cTe me moriste\u201d, de Jos\u00e9 Luis Peixoto en traducci\u00f3n de Zoi Karambekiou' target=\"_blank\" style=\"border-radius:50px; border-width:1px; \" >LEER MAS<\/a>\n<\/div>\n    \n<\/div><div class=\"timetabs_item\" id=\"timetabs_item_69f0c68446d35\"><div class=\"item_time\">19:00<\/div><div class=\"item_img\"><img loading=\"lazy\" decoding=\"async\" src=\"https:\/\/lea-festival.com\/wp-content\/uploads\/2025\/06\/19.00_gr-2-1-268x268.jpg\" alt=\"\" width=\"134\" height=\"134\"><\/div><div class=\"content-wrapper\"><div class=\"item_title\">PRESENTACI\u00d3N DE LIBRO| \u201cError 404\u201d de Esther Paniagua en traducci\u00f3n de Dimitra Papavasiliou<\/div><div class=\"item_description translation-block\"><b>Instituto Cervantes de Atenas \u2013 <\/b><b>Terraza<\/b><\/div><\/div><div id=\"genesisexpo_button_69f0c684471e9\" class=\"genesisexpo_module_button wgl_button wgl_button-m aleft\">\n\t<a href=\"https:\/\/lea-festival.com\/es\/%cf%80%ce%b1%cf%81%ce%bf%cf%85%cf%83%ce%b9%ce%b1%cf%83%ce%b7-%ce%b2%ce%b9%ce%b2%ce%bb%ce%b9%ce%bf%cf%85-error-404-%ce%ad%cf%84%ce%bf%ce%b9%ce%bc%ce%bf%ce%b9-%ce%b3%ce%b9%ce%b1-%ce%ad%ce%bd%ce%b1\/\" title='PRESENTACI\u00d3N DE LIBRO| \u201cError 404\u201d de Esther Paniagua en traducci\u00f3n de Dimitra Papavasiliou' target=\"_blank\" style=\"border-radius:50px; border-width:1px; \" >LEER MAS<\/a>\n<\/div>\n    \n<\/div><div class=\"timetabs_item\" id=\"timetabs_item_69f0c68447360\"><div class=\"item_time\">19:30<\/div><div class=\"item_img\"><img loading=\"lazy\" decoding=\"async\" src=\"https:\/\/lea-festival.com\/wp-content\/uploads\/2025\/05\/1906_19.30_ES.jpg19.30_GR-268x268.jpg\" alt=\"\" width=\"134\" height=\"134\"><\/div><div class=\"content-wrapper\"><div class=\"item_title\">PANEL en Nicosia | \u201cEntre la memoria y la ficci\u00f3n: el universo de Leonardo Padura\u201d.<\/div><div class=\"item_description\">Centro del Libro SOLONION, Nicosia<br \/>\nEn espa\u00f1ol y griego<\/div><\/div><div id=\"genesisexpo_button_69f0c68454f46\" class=\"genesisexpo_module_button wgl_button wgl_button-m aleft\">\n\t<a href=\"https:\/\/lea-festival.com\/es\/%cf%83%cf%85%ce%b6%ce%b7%cf%84%ce%b7%cf%83%ce%b7-%cf%83%cf%84%ce%b7-%ce%bb%ce%b5%cf%85%ce%ba%cf%89%cf%83%ce%af%ce%b1-%ce%b1%ce%bd%ce%ac%ce%bc%ce%b5%cf%83%ce%b1-%cf%83%cf%84%ce%b7-%ce%bc%ce%bd\/\" title='PANEL en Nicosia | \u201cEntre la memoria y la ficci\u00f3n: el universo de Leonardo Padura\u201d.' target=\"_blank\" style=\"border-radius:50px; border-width:1px; \" >LEER MAS<\/a>\n<\/div>\n    \n<\/div><div class=\"timetabs_item\" id=\"timetabs_item_69f0c6845510a\"><div class=\"item_time\">20:00<\/div><div class=\"item_img\"><img loading=\"lazy\" decoding=\"async\" src=\"https:\/\/lea-festival.com\/wp-content\/uploads\/2025\/06\/20.00_gr-3-268x268.jpg\" alt=\"\" width=\"134\" height=\"134\"><\/div><div class=\"content-wrapper\"><div class=\"item_title\">PRESENTACI\u00d3N DE LIBRO | \u201cFenotipos\u201d, de Paulo Scott, en traducci\u00f3n de Athina Psilia<\/div><div class=\"item_description translation-block\"><b>Instituto Cervantes de Atenas \u2013 <\/b><b>Terraza<\/b><\/div><\/div><div id=\"genesisexpo_button_69f0c68455830\" class=\"genesisexpo_module_button wgl_button wgl_button-m aleft\">\n\t<a href=\"https:\/\/lea-festival.com\/es\/%cf%80%ce%b1%cf%81%ce%bf%cf%85%cf%83%ce%b9%ce%b1%cf%83%ce%b7-%ce%b2%ce%b9%ce%b2%ce%bb%ce%b9%ce%bf%cf%85-%cf%86%ce%b1%ce%b9%ce%bd%cf%8c%cf%84%cf%85%cf%80%ce%bf%ce%b9-%cf%84%ce%bf%cf%85-%cf%80%ce%ac\/\" title='PRESENTACI\u00d3N DE LIBRO | \u201cFenotipos\u201d, de Paulo Scott, en traducci\u00f3n de Athina Psilia' target=\"_blank\" style=\"border-radius:50px; border-width:1px; \" >LEER MAS<\/a>\n<\/div>\n    \n<\/div><div class=\"timetabs_item\" id=\"timetabs_item_69f0c68455a23\"><div class=\"item_time\">20:00<\/div><div class=\"item_img\"><img loading=\"lazy\" decoding=\"async\" src=\"https:\/\/lea-festival.com\/wp-content\/uploads\/2025\/06\/20.00_TES_GR-1-268x268.jpg\" alt=\"\" width=\"134\" height=\"134\"><\/div><div class=\"content-wrapper\"><div class=\"item_title\">MESA REDONDA en Tesal\u00f3nica | \u201cFicciones con memoria\u201d con Fernando Aramburu (Espa\u00f1a) y Claudia Pi\u00f1eiro (Argentina)<\/div><div class=\"item_description\">Centro de Congresos \u201cIoannis Vellidis\u201d, Avenida Stratou 3, Tesal\u00f3nica<br \/>\nEn espa\u00f1ol y griego<\/div><\/div><div id=\"genesisexpo_button_69f0c68455fc3\" class=\"genesisexpo_module_button wgl_button wgl_button-m aleft\">\n\t<a href=\"https:\/\/lea-festival.com\/es\/%cf%83%cf%84%cf%81%ce%bf%ce%b3%ce%b3%cf%85%ce%bb%ce%bf-%cf%84%cf%81%ce%b1%cf%80%ce%b5%ce%b6%ce%b9-%cf%83%cf%84%ce%b7-%ce%b8%ce%b5%cf%83%cf%83%ce%b1%ce%bb%ce%bf%ce%bd%ce%af%ce%ba%ce%b7-%ce%bc\/\" title='MESA REDONDA en Tesal\u00f3nica | \u201cFicciones con memoria\u201d con Fernando Aramburu (Espa\u00f1a) y Claudia Pi\u00f1eiro (Argentina)' target=\"_blank\" style=\"border-radius:50px; border-width:1px; \" >LEER MAS<\/a>\n<\/div>\n    \n<\/div><div class=\"timetabs_item\" id=\"timetabs_item_69f0c6845614e\"><div class=\"item_time\">21:00<\/div><div class=\"item_img\"><img loading=\"lazy\" decoding=\"async\" src=\"https:\/\/lea-festival.com\/wp-content\/uploads\/2025\/06\/21.00_GR-2-1-268x268.jpg\" alt=\"\" width=\"134\" height=\"134\"><\/div><div class=\"content-wrapper\"><div class=\"item_title\">VELADA DE POESIA | La poes\u00eda como reflejo entre culturas y testigo de memorias<\/div><div class=\"item_description translation-block\"><b>Instituto Cervantes de Atenas \u2013 <\/b><b>Terraza<\/b><\/div><\/div><div id=\"genesisexpo_button_69f0c684566ba\" class=\"genesisexpo_module_button wgl_button wgl_button-m aleft\">\n\t<a href=\"https:\/\/lea-festival.com\/es\/%cf%80%ce%bf%ce%b9%ce%b7%cf%84%ce%b9%ce%ba%ce%b7-%ce%b2%cf%81%ce%b1%ce%b4%ce%b9%ce%b1-%ce%b7-%cf%80%ce%bf%ce%af%ce%b7%cf%83%ce%b7-%cf%89%cf%82-%ce%b1%ce%bd%cf%84%ce%b1%ce%bd%ce%ac%ce%ba%ce%bb\/\" title='VELADA DE POESIA | La poes\u00eda como reflejo entre culturas y testigo de memorias' target=\"_blank\" style=\"border-radius:50px; border-width:1px; \" >LEER MAS<\/a>\n<\/div>\n    \n<\/div><div class=\"timetabs_item\" id=\"timetabs_item_69f0c68456847\"><div class=\"item_time\">22:30<\/div><div class=\"item_img\"><img loading=\"lazy\" decoding=\"async\" src=\"https:\/\/lea-festival.com\/wp-content\/uploads\/2025\/06\/22.30_gr-268x268.jpg\" alt=\"\" width=\"134\" height=\"134\"><\/div><div class=\"content-wrapper\"><div class=\"item_title\">PRESENTACI\u00d3N MUSICAL | \u201dRecorrido musical por Per\u00fa y Am\u00e9rica Latina\u201d con Martha Morele\u00f3n y el Cuarteto Latinoamericano<\/div><div class=\"item_description\">Salero Wine Restaurant, Valtetsiou 51<\/div><\/div><div id=\"genesisexpo_button_69f0c68456d80\" class=\"genesisexpo_module_button wgl_button wgl_button-m aleft\">\n\t<a href=\"https:\/\/lea-festival.com\/es\/%ce%bc%ce%bf%cf%85%cf%83%ce%b9%ce%ba%ce%b7-%cf%80%ce%b1%cf%81%ce%b1%cf%83%cf%84%ce%b1%cf%83%ce%b7-%ce%bc%ce%bf%cf%85%cf%83%ce%b9%ce%ba%ce%ae-%cf%80%ce%b5%cf%81%ce%b9%cf%80%ce%bb%ce%ac%ce%bd\/\" title='PRESENTACI\u00d3N MUSICAL | \u201dRecorrido musical por Per\u00fa y Am\u00e9rica Latina\u201d con Martha Morele\u00f3n y el Cuarteto Latinoamericano' target=\"_blank\" style=\"border-radius:50px; border-width:1px; \" >LEER MAS<\/a>\n<\/div>\n    \n<\/div><\/div><div class=\"timetab_container\" data-tab-id=\"tab-1748268429981-b3f8a31c-5684\"><div class=\"timetabs_item\" id=\"timetabs_item_69f0c68457078\"><div class=\"item_time\">10:00<\/div><div class=\"item_img\"><img loading=\"lazy\" decoding=\"async\" src=\"https:\/\/lea-festival.com\/wp-content\/uploads\/2025\/06\/10.00_U-GR-1-268x268.jpg\" alt=\"\" width=\"134\" height=\"134\"><\/div><div class=\"content-wrapper\"><div class=\"item_title\">TALLER DE TRADUCCI\u00d3N | Encuentro con la poeta colombiana Andrea Cote<\/div><div class=\"item_description\">Biblioteca de la Universidad Abierta, Calle Gravi\u00e1s 4-6, Exarjia, tercer piso<\/div><\/div><div id=\"genesisexpo_button_69f0c6845754d\" class=\"genesisexpo_module_button wgl_button wgl_button-m aleft\">\n\t<a href=\"https:\/\/lea-festival.com\/es\/%ce%b5%cf%81%ce%b3%ce%b1%cf%83%cf%84%ce%b7%cf%81%ce%b9%ce%bf-%ce%bc%ce%b5%cf%84%ce%b1%cf%86%cf%81%ce%b1%cf%83%ce%b7%cf%82-%cf%83%cf%85%ce%bd%ce%ac%ce%bd%cf%84%ce%b7%cf%83%ce%b7-%ce%bc%ce%b5-%cf%84\/\" title='TALLER DE TRADUCCI\u00d3N | Encuentro con la poeta colombiana Andrea Cote' target=\"_blank\" style=\"border-radius:50px; border-width:1px; \" >LEER MAS<\/a>\n<\/div>\n    \n<\/div><div class=\"timetabs_item\" id=\"timetabs_item_69f0c684576b3\"><div class=\"item_time\">13:00<\/div><div class=\"item_img\"><img loading=\"lazy\" decoding=\"async\" src=\"https:\/\/lea-festival.com\/wp-content\/uploads\/2025\/06\/13.00_U-GR-1-268x268.jpg\" alt=\"\" width=\"134\" height=\"134\"><\/div><div class=\"content-wrapper\"><div class=\"item_title\">TALLER DE TRADUCCI\u00d3N | Encuentro con el poeta nicarag\u00fcense-espa\u00f1ol William Gonz\u00e1lez<\/div><div class=\"item_description\">Biblioteca de la Universidad Abierta, Calle Gravi\u00e1s 4-6, Exarjia, tercer piso<\/div><\/div><div id=\"genesisexpo_button_69f0c68457ba2\" class=\"genesisexpo_module_button wgl_button wgl_button-m aleft\">\n\t<a href=\"https:\/\/lea-festival.com\/es\/%ce%b5%cf%81%ce%b3%ce%b1%cf%83%cf%84%ce%b7%cf%81%ce%b9%ce%bf-%ce%bc%ce%b5%cf%84%ce%b1%cf%86%cf%81%ce%b1%cf%83%ce%b7%cf%82-%cf%83%cf%85%ce%bd%ce%ac%ce%bd%cf%84%ce%b7%cf%83%ce%b7-%ce%bc%ce%b5-%cf%84-2\/\" title='TALLER DE TRADUCCI\u00d3N | Encuentro con el poeta nicarag\u00fcense-espa\u00f1ol William Gonz\u00e1lez' target=\"_blank\" style=\"border-radius:50px; border-width:1px; \" >LEER MAS<\/a>\n<\/div>\n    \n<\/div><div class=\"timetabs_item\" id=\"timetabs_item_69f0c68457d30\"><div class=\"item_time\">18:00<\/div><div class=\"item_img\"><img loading=\"lazy\" decoding=\"async\" src=\"https:\/\/lea-festival.com\/wp-content\/uploads\/2025\/06\/18.00_GR-2-268x268.jpg\" alt=\"\" width=\"134\" height=\"134\"><\/div><div class=\"content-wrapper\"><div class=\"item_title\">MESA REDONDA |Cultura para todos:  accesibilidad, inclusi\u00f3n y sostenibilidad en festivales<\/div><div class=\"item_description\">Instituto Cervantes de Atenas - Terraza<br \/>\nEn espa\u00f1ol y griego<\/div><\/div><div id=\"genesisexpo_button_69f0c68458226\" class=\"genesisexpo_module_button wgl_button wgl_button-m aleft\">\n\t<a href=\"https:\/\/lea-festival.com\/es\/%cf%83%cf%84%cf%81%ce%bf%ce%b3%ce%b3%cf%85%ce%bb%ce%bf-%cf%84%cf%81%ce%b1%cf%80%ce%b5%ce%b6%ce%b9-%cf%80%ce%bf%ce%bb%ce%b9%cf%84%ce%b9%cf%83%ce%bc%cf%8c%cf%82-%ce%b3%ce%b9%ce%b1-%cf%8c%ce%bb\/\" title='MESA REDONDA |Cultura para todos:  accesibilidad, inclusi\u00f3n y sostenibilidad en festivales' target=\"_blank\" style=\"border-radius:50px; border-width:1px; \" >LEER MAS<\/a>\n<\/div>\n    \n<\/div><div class=\"timetabs_item\" id=\"timetabs_item_69f0c684583cd\"><div class=\"item_time\">19:00<\/div><div class=\"item_img\"><img loading=\"lazy\" decoding=\"async\" src=\"https:\/\/lea-festival.com\/wp-content\/uploads\/2025\/06\/19.00_gr-2-268x268.jpg\" alt=\"\" width=\"134\" height=\"134\"><\/div><div class=\"content-wrapper\"><div class=\"item_title\">MESA REDONDA | El impacto invisible: c\u00f3mo los festivales transforman ciudades.<\/div><div class=\"item_description translation-block\"><b>Instituto Cervantes de Atenas \u2013 <\/b><b>Terraza<\/b><\/div><\/div><div id=\"genesisexpo_button_69f0c684588eb\" class=\"genesisexpo_module_button wgl_button wgl_button-m aleft\">\n\t<a href=\"https:\/\/lea-festival.com\/es\/%cf%83%cf%84%cf%81%ce%bf%ce%b3%ce%b3%cf%85%ce%bb%ce%bf-%cf%84%cf%81%ce%b1%cf%80%ce%b5%ce%b6%ce%b9-%ce%b7-%ce%b1%ce%b8%ce%ad%ce%b1%cf%84%ce%b7-%ce%b5%cf%80%ce%af%ce%b4%cf%81%ce%b1%cf%83%ce%b7\/\" title='MESA REDONDA | El impacto invisible: c\u00f3mo los festivales transforman ciudades.' target=\"_blank\" style=\"border-radius:50px; border-width:1px; \" >LEER MAS<\/a>\n<\/div>\n    \n<\/div><div class=\"timetabs_item\" id=\"timetabs_item_69f0c68458a4d\"><div class=\"item_time\">19.30<\/div><div class=\"item_img\"><img loading=\"lazy\" decoding=\"async\" src=\"https:\/\/lea-festival.com\/wp-content\/uploads\/2025\/06\/19.30_P_GR-1-268x268.jpg\" alt=\"\" width=\"134\" height=\"134\"><\/div><div class=\"content-wrapper\"><div class=\"item_title\">PRESENTACI\u00d3N DE LIBRO| \u00abEl jard\u00edn de lo incontable\u00bb de Beatriz Saavedra en traducci\u00f3n de Ifigenia Doumi y Nikos Pratsinis<\/div><div class=\"item_description\">Librer\u00eda Polyglot Bookstore<br \/>\nEn espa\u00f1ol y griego<\/div><\/div><div id=\"genesisexpo_button_69f0c68458f7c\" class=\"genesisexpo_module_button wgl_button wgl_button-m aleft\">\n\t<a href=\"https:\/\/lea-festival.com\/es\/%cf%80%ce%b1%cf%81%ce%bf%cf%85%cf%83%ce%b9%ce%b1%cf%83%ce%b7-%ce%b2%ce%b9%ce%b2%ce%bb%ce%b9%ce%bf%cf%85-%ce%bf-%ce%ba%ce%ae%cf%80%ce%bf%cf%82-%cf%84%ce%bf%cf%85-%ce%b1%cf%80%cf%81%ce%bf%cf%83\/\" title='PRESENTACI\u00d3N DE LIBRO| \u00abEl jard\u00edn de lo incontable\u00bb de Beatriz Saavedra en traducci\u00f3n de Ifigenia Doumi y Nikos Pratsinis' target=\"_blank\" style=\"border-radius:50px; border-width:1px; \" >LEER MAS<\/a>\n<\/div>\n    \n<\/div><div class=\"timetabs_item\" id=\"timetabs_item_69f0c684590d7\"><div class=\"item_time\">19:30<\/div><div class=\"item_img\"><img loading=\"lazy\" decoding=\"async\" src=\"https:\/\/lea-festival.com\/wp-content\/uploads\/2025\/06\/CH_20.06_GR-268x268.jpg\" alt=\"\" width=\"134\" height=\"134\"><\/div><div class=\"content-wrapper\"><div class=\"item_title\">PANEL en Nicosia | \u201cDel libro al gui\u00f3n de series, los retos de las plataformas digitales\u201d<\/div><div class=\"item_description\">Librer\u00eda \"TO ERMA\" de Nicosia<\/div><\/div><div id=\"genesisexpo_button_69f0c68459669\" class=\"genesisexpo_module_button wgl_button wgl_button-m aleft\">\n\t<a href=\"https:\/\/lea-festival.com\/es\/%cf%83%cf%85%ce%b6%ce%b7%cf%84%ce%b7%cf%83%ce%b7-%cf%83%cf%84%ce%b7-%ce%bb%ce%b5%cf%85%ce%ba%cf%89%cf%83%ce%af%ce%b1-%ce%b1%cf%80%cf%8c-%cf%84%ce%bf-%ce%b2%ce%b9%ce%b2%ce%bb%ce%af%ce%bf-%cf%83\/\" title='\u03a3\u03a5\u0396\u0397\u03a4\u0397\u03a3\u0397 \u03c3\u03c4\u03b7 \u039b\u03b5\u03c5\u03ba\u03c9\u03c3\u03af\u03b1 | \u00ab\u0391\u03c0\u03cc \u03c4\u03bf \u03b2\u03b9\u03b2\u03bb\u03af\u03bf \u03c3\u03c4\u03bf \u03c3\u03b5\u03bd\u03ac\u03c1\u03b9\u03bf \u03c4\u03b7\u03bb\u03b5\u03bf\u03c0\u03c4\u03b9\u03ba\u03ae\u03c2 \u03c3\u03b5\u03b9\u03c1\u03ac\u03c2: \u03bf\u03b9 \u03c0\u03c1\u03bf\u03ba\u03bb\u03ae\u03c3\u03b5\u03b9\u03c2 \u03c4\u03c9\u03bd \u03c8\u03b7\u03c6\u03b9\u03b1\u03ba\u03ce\u03bd \u03c0\u03bb\u03b1\u03c4\u03c6\u03bf\u03c1\u03bc\u03ce\u03bd\u00bb' target=\"_blank\" style=\"border-radius:50px; border-width:1px; \" >LEER MAS<\/a>\n<\/div>\n    \n<\/div><div class=\"timetabs_item\" id=\"timetabs_item_69f0c68459852\"><div class=\"item_time\">19:30<\/div><div class=\"item_img\"><img loading=\"lazy\" decoding=\"async\" src=\"https:\/\/lea-festival.com\/wp-content\/uploads\/2025\/05\/19.30_GR-5-268x268.jpg\" alt=\"\" width=\"134\" height=\"134\"><\/div><div class=\"content-wrapper\"><div class=\"item_title\">PROYECCION DE PELICULA en Nicosia | \u201cVientos de La Habana\u201d, 105 min (2016)<\/div><div class=\"item_description\">Librer\u00eda \"TO ERMA\" de Nicosia<\/div><\/div><div id=\"genesisexpo_button_69f0c68459e73\" class=\"genesisexpo_module_button wgl_button wgl_button-m aleft\">\n\t<a href=\"https:\/\/lea-festival.com\/es\/%cf%80%cf%81%ce%bf%ce%b2%ce%bf%ce%bb%ce%b7-%cf%84%ce%b1%ce%b9%ce%bd%ce%b9%ce%b1%cf%82-%cf%83%cf%84%ce%b7-%ce%bb%ce%b5%cf%85%ce%ba%cf%89%cf%83%ce%af%ce%b1-paisaje-de-otono\/\" title='\u03a0\u03a1\u039f\u0392\u039f\u039b\u0397 \u03a4\u0391\u0399\u039d\u0399\u0391\u03a3 \u03c3\u03c4\u03b7 \u039b\u03b5\u03c5\u03ba\u03c9\u03c3\u03af\u03b1 | \u201cPaisaje de Oto\u00f1o\u201d (\u00ab\u03a6\u03b8\u03b9\u03bd\u03bf\u03c0\u03c9\u03c1\u03b9\u03bd\u03cc \u03a4\u03bf\u03c0\u03af\u03bf\u00bb), 87 \u03bb\u03b5\u03c0\u03c4\u03ac' target=\"_blank\" style=\"border-radius:50px; border-width:1px; \" >LEER MAS<\/a>\n<\/div>\n    \n<\/div><div class=\"timetabs_item\" id=\"timetabs_item_69f0c6845a061\"><div class=\"item_time\">19:30<\/div><div class=\"item_img\"><img loading=\"lazy\" decoding=\"async\" src=\"https:\/\/lea-festival.com\/wp-content\/uploads\/2025\/06\/19.30_gr-3-1-268x268.jpg\" alt=\"\" width=\"134\" height=\"134\"><\/div><div class=\"content-wrapper\"><div class=\"item_title\">PANEL Y PRESENTACI\u00d3N DE LIBRO  en Tesal\u00f3nica |  \u201cError 404: \u00bfPreparados para un mundo sin internet?\u201d  de Esther Paniagua en traducci\u00f3n de Dimitra Papavasiliou<\/div><div class=\"item_description\">Librer\u00eda Konstantinidis<\/div><\/div><div id=\"genesisexpo_button_69f0c6845a654\" class=\"genesisexpo_module_button wgl_button wgl_button-m aleft\">\n\t<a href=\"https:\/\/lea-festival.com\/es\/%cf%80%ce%b1%ce%bd%ce%b5%ce%bb-%cf%83%cf%84%ce%b7-%ce%b8%ce%b5%cf%83%cf%83%ce%b1%ce%bb%ce%bf%ce%bd%ce%af%ce%ba%ce%b7-%ce%b1%ce%bb%ce%b3%cf%8c%cf%81%ce%b9%ce%b8%ce%bc%ce%bf%ce%b9-%ce%ba%ce%b1%ce%b9\/\" title='PANEL en Tesal\u00f3nica |  Algoritmos y palabras: Entre humanos y m\u00e1quinas, el futuro del libro' target=\"_blank\" style=\"border-radius:50px; border-width:1px; \" >LEER MAS<\/a>\n<\/div>\n    \n<\/div><div class=\"timetabs_item\" id=\"timetabs_item_69f0c6845a820\"><div class=\"item_time\">20:00<\/div><div class=\"item_img\"><img loading=\"lazy\" decoding=\"async\" src=\"https:\/\/lea-festival.com\/wp-content\/uploads\/2025\/06\/20.00_GR-2-268x268.jpg\" alt=\"\" width=\"134\" height=\"134\"><\/div><div class=\"content-wrapper\"><div class=\"item_title\">HOMENAJE A MARIO VARGAS LLOSA Y  PRESENTACI\u00d3N DE LIBRO | La aventura griega de \u201cLe dedico mi silencio\u201d de Mario Vargas Llosa<\/div><div class=\"item_description\">Instituto Cervantes de Atenas - Terraza<br \/>\nEn griego y espa\u00f1ol.<\/div><\/div><div id=\"genesisexpo_button_69f0c6845ad9f\" class=\"genesisexpo_module_button wgl_button wgl_button-m aleft\">\n\t<a href=\"https:\/\/lea-festival.com\/es\/%ce%b1%cf%86%ce%b9%ce%b5%cf%81%cf%89%ce%bc%ce%b1-%cf%83%cf%84%ce%bf%ce%bd-%ce%bc%ce%b1%cf%81%ce%b9%ce%bf-%ce%b2%ce%b1%cf%81%ce%b3%ce%ba%ce%b1%cf%82-%ce%bb%ce%b9%ce%bf%cf%83%ce%b1-%ce%ba%ce%b1%ce%b9\/\" title='HOMENAJE A MARIO VARGAS LLOSA Y  PRESENTACI\u00d3N DE LIBRO | La aventura griega de \u201cLe dedico mi silencio\u201d de Mario Vargas Llosa' target=\"_blank\" style=\"border-radius:50px; border-width:1px; \" >LEER MAS<\/a>\n<\/div>\n    \n<\/div><div class=\"timetabs_item\" id=\"timetabs_item_69f0c6845af0b\"><div class=\"item_time\">21:00<\/div><div class=\"item_img\"><img loading=\"lazy\" decoding=\"async\" src=\"https:\/\/lea-festival.com\/wp-content\/uploads\/2025\/06\/21.00_GR-3-268x268.jpg\" alt=\"\" width=\"134\" height=\"134\"><\/div><div class=\"content-wrapper\"><div class=\"item_title\">PRESENTACI\u00d3N DE LIBRO | \u201cEl Ni\u00f1o\u201d de Fernando Aramburu en traducci\u00f3n de Titina Sperelaki<\/div><div class=\"item_description\">Instituto Cervantes de Atenas - Terraza<br \/>\nEn griego y espa\u00f1ol.<\/div><\/div><div id=\"genesisexpo_button_69f0c6845b40a\" class=\"genesisexpo_module_button wgl_button wgl_button-m aleft\">\n\t<a href=\"https:\/\/lea-festival.com\/es\/%cf%80%ce%b1%cf%81%ce%bf%cf%85%cf%83%ce%b9%ce%b1%cf%83%ce%b7-%ce%b2%ce%b9%ce%b2%ce%bb%ce%b9%ce%bf%cf%85-%cf%84%ce%bf-%cf%80%ce%b1%ce%b9%ce%b4%ce%af-%cf%84%ce%bf%cf%85-%cf%86%ce%b5%cf%81%ce%bd%ce%ac\/\" title='PRESENTACI\u00d3N DE LIBRO | \u201cEl Ni\u00f1o\u201d de Fernando Aramburu en traducci\u00f3n de Titina Sperelaki' target=\"_blank\" style=\"border-radius:50px; border-width:1px; \" >LEER MAS<\/a>\n<\/div>\n    \n<\/div><div class=\"timetabs_item\" id=\"timetabs_item_69f0c6845b569\"><div class=\"item_time\">22:00<\/div><div class=\"item_img\"><img loading=\"lazy\" decoding=\"async\" src=\"https:\/\/lea-festival.com\/wp-content\/uploads\/2025\/06\/22.00_gr-1-268x268.jpg\" alt=\"\" width=\"134\" height=\"134\"><\/div><div class=\"content-wrapper\"><div class=\"item_title\">SESI\u00d3N DE CUENTACUENTOS | \u201cSe\u00f1oritas imposibles: Minificci\u00f3n hispanoamericana escrita por mujeres\u201d<\/div><div class=\"item_description\">Instituto Cervantes de Atenas - Terraza<br \/>\nEn griego<\/div><\/div><div id=\"genesisexpo_button_69f0c6845ba20\" class=\"genesisexpo_module_button wgl_button wgl_button-m aleft\">\n\t<a href=\"https:\/\/lea-festival.com\/es\/%cf%80%ce%b1%cf%81%ce%b1%cf%83%cf%84%ce%b1%cf%83%ce%b7-%ce%b1%cf%86%ce%b7%ce%b3%ce%b7%cf%83%ce%b7%cf%82-%ce%bc%ce%b9%ce%ba%cf%81%ce%bf%ce%b4%ce%b9%ce%b7%ce%b3%ce%b7%ce%bc%ce%b1%cf%84%cf%89%ce%bd\/\" title='SESI\u00d3N DE CUENTACUENTOS | \u201cSe\u00f1oritas imposibles: Minificci\u00f3n hispanoamericana escrita por mujeres\u201d' target=\"_blank\" style=\"border-radius:50px; border-width:1px; \" >LEER MAS<\/a>\n<\/div>\n    \n<\/div><\/div><div class=\"timetab_container\" data-tab-id=\"tab-1748270420138-eb48cd96-5843\"><div class=\"timetabs_item\" id=\"timetabs_item_69f0c6845bd00\"><div class=\"item_time\">19:00<\/div><div class=\"item_img\"><img loading=\"lazy\" decoding=\"async\" src=\"https:\/\/lea-festival.com\/wp-content\/uploads\/2025\/06\/19.00_gr-5-268x268.jpg\" alt=\"\" width=\"134\" height=\"134\"><\/div><div class=\"content-wrapper\"><div class=\"item_title\">PRESENTACI\u00d3N DE REVISTA | Tribuna abierta de estudios hispano-helenos<\/div><div class=\"item_description translation-block\">Fundaci\u00f3n Mar\u00eda Tsakos, Edificio \"Macedonia\"<br>\nEn griego<\/div><\/div><div id=\"genesisexpo_button_69f0c6845c1cb\" class=\"genesisexpo_module_button wgl_button wgl_button-m aleft\">\n\t<a href=\"https:\/\/lea-festival.com\/es\/%cf%80%ce%b1%cf%81%ce%bf%cf%85%cf%83%ce%b9%ce%b1%cf%83%ce%b7-%cf%80%ce%b5%cf%81%ce%b9%ce%bf%ce%b4%ce%b9%ce%ba%ce%bf%cf%85-tribuna-abierta-de-estudios-hispano-helenos\/\" title='PRESENTACI\u00d3N DE REVISTA | Tribuna abierta de estudios hispano-helenos' target=\"_blank\" style=\"border-radius:50px; border-width:1px; \" >LEER MAS<\/a>\n<\/div>\n    \n<\/div><div class=\"timetabs_item\" id=\"timetabs_item_69f0c6845c334\"><div class=\"item_time\">19:30<\/div><div class=\"item_img\"><img loading=\"lazy\" decoding=\"async\" src=\"https:\/\/lea-festival.com\/wp-content\/uploads\/2025\/06\/19.30_gr-1-268x268.jpg\" alt=\"\" width=\"134\" height=\"134\"><\/div><div class=\"content-wrapper\"><div class=\"item_title\">PRESENTACI\u00d3N DE LIBROS | \u201cDel Sol a Tucidides\u201d Poemas de Konstantinos Katagas en traducci\u00f3n de Pedro Olalla y Poemario \u201cCrepusculario\u201d de Pablo Neruda en traducci\u00f3n de Pedro Vicu\u00f1a<\/div><div class=\"item_description translation-block\">Fundaci\u00f3n Mar\u00eda Tsakos, Edificio \"Macedonia\"<br>\nEn griego y espa\u00f1ol.<\/div><\/div><div id=\"genesisexpo_button_69f0c6845c859\" class=\"genesisexpo_module_button wgl_button wgl_button-m aleft\">\n\t<a href=\"https:\/\/lea-festival.com\/es\/%cf%80%ce%b1%cf%81%ce%bf%cf%85%cf%83%ce%b9%ce%b1%cf%83%ce%b7-%ce%b2%ce%b9%ce%b2%ce%bb%ce%b9%cf%89%ce%bd-%ce%b1%cf%80%cf%8c-%cf%84%ce%bf%ce%bd-%ce%ae%ce%bb%ce%b9%ce%bf-%cf%89%cf%82-%cf%84%ce%bf%ce%bd\/\" title='PRESENTACI\u00d3N DE LIBROS | \u201cDel Sol a Tucidides\u201d Poemas de Konstantinos Katagas en traducci\u00f3n de Pedro Olalla y Poemario \u201cCrepusculario\u201d de Pablo Neruda en traducci\u00f3n de Pedro Vicu\u00f1a' target=\"_blank\" style=\"border-radius:50px; border-width:1px; \" >LEER MAS<\/a>\n<\/div>\n    \n<\/div><\/div><div class=\"timetab_container\" data-tab-id=\"tab-1748879874190-d90786af-0d2f\"><div class=\"timetabs_item\" id=\"timetabs_item_69f0c6845cb10\"><div class=\"item_time\">20:00<\/div><div class=\"item_img\"><img loading=\"lazy\" decoding=\"async\" src=\"https:\/\/lea-festival.com\/wp-content\/uploads\/2025\/06\/20.00_gr-1-1-268x268.jpg\" alt=\"\" width=\"134\" height=\"134\"><\/div><div class=\"content-wrapper\"><div class=\"item_title\">OBRA DE TEATRO | \u201cDo\u00f1a Gram\u00e1tica\u201d (1942), VV.AA. (Pedro Salinas, Joaqu\u00edn Casalduero, Enrique D\u00edez-Canedo). Direcci\u00f3n: Eduardo Lucena.<\/div><div class=\"item_description\">Teatro Apo Mijan\u00eds (Pano Skini)<br \/>\n*En espa\u00f1ol<\/div><\/div><div id=\"genesisexpo_button_69f0c6845d050\" class=\"genesisexpo_module_button wgl_button wgl_button-m aleft\">\n\t<a href=\"https:\/\/lea-festival.com\/es\/%ce%b8%ce%b5%ce%b1%cf%84%cf%81%ce%b9%ce%ba%ce%b7-%cf%80%ce%b1%cf%81%ce%b1%cf%83%cf%84%ce%b1%cf%83%ce%b7-dona-gramatica-%ce%b7-%ce%ba%cf%85%cf%81%ce%ac-%ce%b3%cf%81%ce%b1\/\" title='OBRA DE TEATRO | \u201cDo\u00f1a Gram\u00e1tica\u201d (1942), VV.AA. (Pedro Salinas, Joaqu\u00edn Casalduero, Enrique D\u00edez-Canedo). Direcci\u00f3n: Eduardo Lucena.' target=\"_blank\" style=\"border-radius:50px; border-width:1px; \" >LEER MAS<\/a>\n<\/div>\n    \n<\/div><\/div><\/div><\/div><\/div><\/div><\/div><\/div><div class=\"vc_row wpb_row vc_row-fluid\"><div class=\"wpb_column vc_column_container vc_col-sm-12\"><div class=\"vc_column-inner\"><div class=\"wpb_wrapper\"><div id=\"genesisexpo_button_69f0c6845d8b4\" class=\"genesisexpo_module_button wgl_button wgl_button-xl wgl_button-full wgl_button-inline wgl_button-icon_right acenter\">\n\t<a href=\"https:\/\/livevoice.io\/listen\/072769\" target=\"_blank\" style=\"border-radius:50px; border-width:1px; font-family:Montserrat Alternates;font-weight:700;font-style:normal\" >unirse al evento en vivo<i class=\"wgl_button-icon fas fa-assistive-listening-systems\" ><\/i><\/a>\n<\/div>\n    \n<div  class=\"genesisexpo_module_message_box type_info closable\"><div class=\"message_icon_wrap\"><i class=\"message_icon\"><\/i><\/div><div class=\"message_content\"><h4 class=\"message_title\" >Traducci\u00f3n simult\u00e1nea<\/h4><div class=\"message_text\" >Para seguir la traducci\u00f3n simult\u00e1nea, debe tener\ninstalada la aplicaci\u00f3n LiveVoice en su tel\u00e9fono\nm\u00f3vil y disponer de auriculares. Si tiene un tel\u00e9fono Android, puede encontrar la aplicaci\u00f3n en\nPlay Store. Si tiene iPhone, puede encontrar la aplicaci\u00f3n en Apple Store. Desc\u00e1rguela e inst\u00e1lela. A continuaci\u00f3n, p\u00f3ngase los auriculares e introduzca a la aplicaci\u00f3n el c\u00f3digo que le pide para conectarse con la actividad en concreto. Los c\u00f3digos de cada actividad est\u00e1n colgados en la entrada.<\/div><\/div><span class=\"message_close_button\"><\/span><\/div>  \n<\/div><\/div><\/div><\/div>\n<\/div>","protected":false},"excerpt":{"rendered":"\u039a\u03b1\u03c4\u03b5\u03b2\u03ac\u03c3\u03c4\u03b5 \u03c4\u03bf \u03c0\u03c1\u03cc\u03b3\u03c1\u03b1\u03bc\u03bc\u03b1 \u03c3\u03c4\u03b1 \u03b5\u03bb\u03bb\u03b7\u03bd\u03b9\u03ba\u03ac \u03c3\u03b5 pdf \u039a\u03b1\u03c4\u03b5\u03b2\u03ac\u03c3\u03c4\u03b5 \u03c4\u03bf \u03c0\u03c1\u03cc\u03b3\u03c1\u03b1\u03bc\u03bc\u03b1 \u03c3\u03c4\u03b1 \u03b9\u03c3\u03c0\u03b1\u03bd\u03b9\u03ba\u03ac \u03c3\u03b5 pdf 10.06\u03a4\u03c1\u03af\u03c4\u03b7 10 \u0399\u03bf\u03c5\u03bd\u03af\u03bf\u03c511.06\u03a4\u03b5\u03c4\u03ac\u03c1\u03c4\u03b7 11 \u0399\u03bf\u03c5\u03bd\u03af\u03bf\u03c512.06\u03a0\u03ad\u03bc\u03c0\u03c4\u03b7 12 \u0399\u03bf\u03c5\u03bd\u03af\u03bf\u03c513.06\u03a0\u03b1\u03c1\u03b1\u03c3\u03ba\u03b5\u03c5\u03ae 13 \u0399\u03bf\u03c5\u03bd\u03af\u03bf\u03c514.06\u03a3\u03ac\u03b2\u03b2\u03b1\u03c4\u03bf 14 \u0399\u03bf\u03c5\u03bd\u03af\u03bf\u03c516.06\u0394\u03b5\u03c5\u03c4\u03ad\u03c1\u03b1 16 \u0399\u03bf\u03c5\u03bd\u03af\u03bf\u03c517.06\u03a4\u03c1\u03af\u03c4\u03b7 17 \u0399\u03bf\u03c5\u03bd\u03af\u03bf\u03c518.06\u03a4\u03b5\u03c4\u03ac\u03c1\u03c4\u03b7 18 \u0399\u03bf\u03c5\u03bd\u03af\u03bf\u03c519.06\u03a0\u03ad\u03bc\u03c0\u03c4\u03b7 19 \u0399\u03bf\u03c5\u03bd\u03af\u03bf\u03c520.06\u03a0\u03b1\u03c1\u03b1\u03c3\u03ba\u03b5\u03c5\u03ae 20 \u0399\u03bf\u03c5\u03bd\u03af\u03bf\u03c521.06\u03a3\u03ac\u03b2\u03b2\u03b1\u03c4\u03bf 21 \u0399\u03bf\u03c5\u03bd\u03af\u03bf\u03c522.06\u039a\u03c5\u03c1\u03b9\u03b1\u03ba\u03ae 22 \u0399\u03bf\u03c5\u03bd\u03af\u03bf\u03c518:00\u03a0\u0391\u03a1\u0391\u03a3\u03a4\u0391\u03a3\u0397 \u0393\u0399\u0391 \u039f\u039b\u0397 \u03a4\u0397\u039d \u039f\u0399\u039a\u039f\u0393\u0395\u039d\u0395\u0399\u0391 | \u00ab\u0399\u03c3\u03c4\u03bf\u03c1\u03af\u03b5\u03c2 \u03b1\u03bd\u03ac\u03bc\u03b5\u03c3\u03b1 \u03c3\u03c4\u03b7 \u03b8\u03ac\u03bb\u03b1\u03c3\u03c3\u03b1 \u03ba\u03b1\u03b9 \u03c4\u03b7\u03bd \u03ba\u03bf\u03c1\u03b4\u03b9\u03bb\u03b9\u03ad\u03c1\u03b1\u00bb \u03b1\u03c0\u03cc \u03c4\u03b7\u03bd \u03bf\u03bc\u03ac\u03b4\u03b1 La [...]","protected":false},"author":9,"featured_media":0,"parent":0,"menu_order":0,"comment_status":"closed","ping_status":"closed","template":"","meta":{"footnotes":""},"class_list":["post-5401","page","type-page","status-publish","hentry"],"_links":{"self":[{"href":"https:\/\/lea-festival.com\/es\/wp-json\/wp\/v2\/pages\/5401","targetHints":{"allow":["GET"]}}],"collection":[{"href":"https:\/\/lea-festival.com\/es\/wp-json\/wp\/v2\/pages"}],"about":[{"href":"https:\/\/lea-festival.com\/es\/wp-json\/wp\/v2\/types\/page"}],"author":[{"embeddable":true,"href":"https:\/\/lea-festival.com\/es\/wp-json\/wp\/v2\/users\/9"}],"replies":[{"embeddable":true,"href":"https:\/\/lea-festival.com\/es\/wp-json\/wp\/v2\/comments?post=5401"}],"version-history":[{"count":97,"href":"https:\/\/lea-festival.com\/es\/wp-json\/wp\/v2\/pages\/5401\/revisions"}],"predecessor-version":[{"id":6083,"href":"https:\/\/lea-festival.com\/es\/wp-json\/wp\/v2\/pages\/5401\/revisions\/6083"}],"wp:attachment":[{"href":"https:\/\/lea-festival.com\/es\/wp-json\/wp\/v2\/media?parent=5401"}],"curies":[{"name":"wp","href":"https:\/\/api.w.org\/{rel}","templated":true}]}}